{"id":19000,"date":"2022-01-17T10:07:43","date_gmt":"2022-01-17T09:07:43","guid":{"rendered":"https:\/\/www.idisantiago.es\/grupo-de-investigacion\/c044-neuroenvejecimiento\/"},"modified":"2025-10-17T13:09:37","modified_gmt":"2025-10-17T11:09:37","slug":"c044-neuroenvejecimiento","status":"publish","type":"project","link":"https:\/\/www.idisantiago.es\/en\/grupo-de-investigacion\/c044-neuroenvejecimiento\/","title":{"rendered":"C044 &#8211; Neuroaging"},"content":{"rendered":"<p>[et_pb_section fb_built=&#8221;1&#8243; _builder_version=&#8221;4.16&#8243; _module_preset=&#8221;default&#8221; custom_padding=&#8221;0px||||false|false&#8221; da_disable_devices=&#8221;off|off|off&#8221; global_colors_info=&#8221;{}&#8221; da_is_popup=&#8221;off&#8221; da_exit_intent=&#8221;off&#8221; da_has_close=&#8221;on&#8221; da_alt_close=&#8221;off&#8221; da_dark_close=&#8221;off&#8221; da_not_modal=&#8221;on&#8221; da_is_singular=&#8221;off&#8221; da_with_loader=&#8221;off&#8221; da_has_shadow=&#8221;on&#8221;][et_pb_row _builder_version=&#8221;4.16&#8243; _module_preset=&#8221;default&#8221; width=&#8221;100%&#8221; custom_padding=&#8221;0px||||false|false&#8221; locked=&#8221;on&#8221; collapsed=&#8221;on&#8221; global_colors_info=&#8221;{}&#8221;][et_pb_column type=&#8221;4_4&#8243; _builder_version=&#8221;4.16&#8243; _module_preset=&#8221;default&#8221; global_colors_info=&#8221;{}&#8221;][et_pb_text _builder_version=&#8221;4.16&#8243; _module_preset=&#8221;default&#8221; global_colors_info=&#8221;{}&#8221;]<\/p>\n<p>\u00c1REA: <a href=\"https:\/\/www.idisantiago.es\/en\/research-areas-2\/a004-neurociencias\/\">NEUROCIENCIAS<\/a><\/p>\n<p>[\/et_pb_text][\/et_pb_column][\/et_pb_row][et_pb_row column_structure=&#8221;2_3,1_3&#8243; _builder_version=&#8221;4.16&#8243; _module_preset=&#8221;default&#8221; width=&#8221;100%&#8221; global_colors_info=&#8221;{}&#8221;][et_pb_column type=&#8221;2_3&#8243; _builder_version=&#8221;4.16&#8243; _module_preset=&#8221;default&#8221; global_colors_info=&#8221;{}&#8221;][et_pb_image src=&#8221;https:\/\/www.idisantiago.es\/wp-content\/uploads\/2022\/10\/Tomas-Sobrino.jpg&#8221; title_text=&#8221;Tomas Sobrino&#8221; disabled_on=&#8221;on|on|on&#8221; _builder_version=&#8221;4.18.0&#8243; _module_preset=&#8221;default&#8221; disabled=&#8221;on&#8221; global_colors_info=&#8221;{}&#8221;][\/et_pb_image][et_pb_toggle title=&#8221;Objectives and lines of research&#8221; disabled_on=&#8221;off|off|off&#8221; admin_label=&#8221;Objetivos y l\u00edneas de investigaci\u00f3n&#8221; _builder_version=&#8221;4.19.4&#8243; _module_preset=&#8221;default&#8221; body_font=&#8221;|300|||||||&#8221; global_colors_info=&#8221;{}&#8221;]<\/p>\n<h3>Lines of research<\/h3>\n<p>The Neuroaging Group presents 3 main lines of research:<\/p>\n<p><strong>1. Early Diagnosis and Therapy of Alzheimer&#8217;s Disease and other dementias (main line)<\/strong><br \/>Currently, Alzheimer&#8217;s disease is the leading cause of dementia and disability in people older than 64 years. In Europe there are some 7.5 million people affected by some type of dementia, and considering the increase in the aging of the population and the survival rate, it is estimated that by 2050 these values \u200b\u200bwill grow exponentially, making the impact of dementia more pronounced. disease in healthcare systems. Currently there is no effective treatment to reverse the course of Alzheimer&#8217;s disease, and the detection of the disease in its early stages is still a great challenge for modern medicine. Today, the diagnosis of this disease takes place when a large neuronal loss has already occurred (recent estimates indicate a value close to 70%). Because of this, a lot of effort is being devoted to the development of new, more effective tools. The proposed scientific activity constitutes a response to the need for an early diagnosis. Being able to diagnose the disease earlier and therefore delaying its onset is estimated to represent a saving of 50% in the total costs associated with this disease.<br \/>Specifically, this line of research aims to develop nanoplatforms, neuroimaging, and in vitro tests for the diagnosis and therapy of Alzheimer&#8217;s Disease (AD) and other dementias.<\/p>\n<p><strong>2. Biomarkers and regenerative therapy in neurological diseases associated with aging (secondary line)<\/strong><br \/>In addition to dementia, stroke is another neurological pathology associated with aging and is the leading cause of morbidity and mortality in Europe. Currently there is no effective pharmacological treatment for intracerebral hemorrhage and pharmacological or mechanical reperfusion emerges as an effective therapy for acute ischemic stroke, but such treatment reaches less than 10% of patients. Due to this, it is necessary to identify new biomarkers to improve the management of these patients, as well as to develop new therapies. One section of the proposed scientific activity aims to identify biomarkers in ischemic and hemorrhagic stroke, as well as the development of cell therapy and regenerative medicine (through in vivo reprogramming) as therapeutic options for stroke and dementia.<\/p>\n<p><strong>3. Neurobiology underlying neurological diseases associated with aging<\/strong><br \/>Finally, every disease is associated with molecular mechanisms. It is vitally important to identify these mechanisms that may constitute new therapeutic targets in prevalent neurological diseases associated with aging such as dementia and cerebrovascular disease. The proposed scientific activity presents a line of secondary research focused on the identification of molecular mechanisms, in patients as well as preclinical models, underlying these pathologies and their subsequent testing as biomarkers or therapeutic targets.<\/p>\n<p>[\/et_pb_toggle][et_pb_toggle title=&#8221;Research team&#8221; admin_label=&#8221;Equipo investigador&#8221; _builder_version=&#8221;4.21.0&#8243; _module_preset=&#8221;default&#8221; body_font=&#8221;|300|||||||&#8221; hover_enabled=&#8221;0&#8243; global_colors_info=&#8221;{}&#8221; sticky_enabled=&#8221;0&#8243;]<\/p>\n<table style=\"width: 100%; border-collapse: collapse; border-style: hidden;\" border=\"0\">\n<tbody>\n<tr>\n<td style=\"width: 50%;\"><strong>Leader<\/strong><br \/>Sobrino Moreiras, Tom\u00e1s<\/p>\n<p>&nbsp;<\/p>\n<p>&nbsp;<\/p>\n<p><strong>Members<\/strong><br \/>Aldrey V\u00e1zquez, Jos\u00e9 Manuel<br \/>Aramburu N\u00fa\u00f1ez, Marta<br \/>Camino Casti\u00f1eiras, Antonio Javier<br \/>Castro Mosquera, M\u00f3nica<br \/>Chaves Gonz\u00e1lez, Carlos Antonio<br \/>Debasa Mouce, Manuel<br \/>Garc\u00eda de Soto, Jes\u00fas<br \/>Leira Feij\u00f3o, Yago<br \/>L\u00f3pez Reguera, Eduardo<br \/>Ouro Villasante, Alberto<br \/>P\u00edas Peleteiro, Juan Manuel<br \/>Pouso Diz, J\u00e9ssica Mar\u00eda<br \/>Rodr\u00edguez Arrizabalaga, Mari\u00f1a<br \/>Romaus Sanjurjo, Daniel<\/p>\n<p>&nbsp;<\/p>\n<p><strong>External Collaborator Staff<\/strong><br \/>Custodia Malvido, Ant\u00eda<\/p>\n<\/td>\n<td style=\"width: 50%;\">\u00a0<\/td>\n<\/tr>\n<\/tbody>\n<\/table>\n<p>[\/et_pb_toggle][et_pb_toggle title=&#8221;Projects&#8221; disabled_on=&#8221;off|off|off&#8221; admin_label=&#8221;Proyectos (cambiar s\u00f3 codigo IDIS)&#8221; _builder_version=&#8221;4.19.4&#8243; _module_preset=&#8221;default&#8221; body_font=&#8221;|300|||||||&#8221; locked=&#8221;off&#8221; global_colors_info=&#8221;{}&#8221;]<\/p>\n<strong>APTADEGRAD. A novel, first-in-its-kind, aptamer-based LYTACs to address the unmet clinical need of diabetic wounds<\/strong><br \/>C\u00f3digo del proyecto: HORIZON-EIC-2022-PATHFINDEROPEN-01-01<br \/>Entidad financiadora: EU<br \/>Duraci\u00f3n: 2022-2027<br \/>Cuant\u00eda: 2999362<br \/>Investigador\/a principal: <a href=\"\"><\/a> <br \/><\/p>\n<p><strong>Desarrollo de una nueva terapia basada en degradadores de prote\u00ednas para el tratamiento de pie diab\u00e9tico<\/strong><br \/>C\u00f3digo del proyecto: CPP2022-009871<br \/>Entidad financiadora: Ministerio de Ciencia e Innovaci\u00f3n<br \/>Duraci\u00f3n: 2023-2026<br \/>Cuant\u00eda: 1474407<br \/>Investigador\/a principal: <a href=\"\"><\/a> <br \/><\/p>\n<p><strong>neuroATLANTIC: An Atlantic innovation platform on diagnosis and treatment of neurological diseases and aging<\/strong><br \/>C\u00f3digo del proyecto: EAPA_791\/2018<br \/>Entidad financiadora: EU<br \/>Duraci\u00f3n: 2019-2022<br \/>Cuant\u00eda: 1768663 \u20ac<br \/>Investigador\/a principal: <a href=\"\"><\/a> <br \/><\/p>\n<p><strong>NeuroSphinAlz. Disfunci\u00f3n endotelial y esfingol\u00edpidos como potenciales biomarcadores diagn\u00f3sticos y terap\u00e9uticos tempranos de la Enfermedad de Alzheimer<\/strong><br \/>C\u00f3digo del proyecto: PI22\/00938<br \/>Entidad financiadora: ISCIII<br \/>Duraci\u00f3n: 2023-2025<br \/>Cuant\u00eda: 268620<br \/>Investigador\/a principal: <a href=\"\"><\/a> <br \/><\/p>\n<p><strong>Promoting active Ageing: functional Nanostructures for Alzheimer\u2019s Disease at ultra-early stages<\/strong><br \/>Entidad financiadora: UE<br \/>Duraci\u00f3n: 2016-2022<br \/>Cuant\u00eda: 7775972 \u20ac<br \/>Investigador\/a principal: <a href=\"\"><\/a> <br \/><\/p>\n<p><strong>Taupat\u00edas: Desarrollo de nuevas soluciones diagn\u00f3sticas y terap\u00e9uticas para diferentes demencias relacionadas con la prote\u00edna Tau<\/strong><br \/>C\u00f3digo del proyecto: RTC2019-007373-1<br \/>Entidad financiadora: Ministerio de Ciencia e Innovaci\u00f3n<br \/>Duraci\u00f3n: 2020-2025<br \/>Cuant\u00eda: 2463102,45 \u20ac<br \/>Investigador\/a principal: <a href=\"\"><\/a> <br \/><\/p>\n<p><strong>Translational approach to elucidate endothelial dysfunction as a key factor of the etiopathogenesis of Alzheimer&#8217;s Disease: from lab bench to clinic bedside<\/strong><br \/>C\u00f3digo del proyecto: RTI2018-102165-B-I00<br \/>Entidad financiadora: Ministerio de Ciencia e Innovaci\u00f3n<br \/>Duraci\u00f3n: 2019-2022<br \/>Cuant\u00eda: 108796 \u20ac<br \/>Investigador\/a principal: <a href=\"\"><\/a> <br \/><\/p>\n<p>\n<p>[\/et_pb_toggle][et_pb_toggle title=&#8221;Publications&#8221; disabled_on=&#8221;off|off|off&#8221; admin_label=&#8221;Publicaciones&#8221; _builder_version=&#8221;4.19.4&#8243; _module_preset=&#8221;default&#8221; body_font=&#8221;|300|||||||&#8221; global_colors_info=&#8221;{}&#8221;]<\/p>\n<ul>\n<li>Fernandez-Lozano C, Hervella P, Mato-Abad V, Rodr\u00edguez-Y\u00e1\u00f1ez M, Su\u00e1rez-Garaboa S, L\u00f3pez-Dequidt I, Estany-Gestal A, Sobrino T, Campos F, Castillo J, Rodr\u00edguez-Y\u00e1\u00f1ez S, Iglesias-Rey R. <strong>Random forest-based prediction of stroke outcome<\/strong>. <em>Sci Rep<\/em>. 2021 May 12;11(1):10071. <a href=\"https:\/\/www.nature.com\/articles\/s41598-021-89434-7\"><span style=\"color: #808000;\"><strong>doi: 10.1038\/s41598-021-89434-7.<\/strong><\/span><\/a><\/li>\n<li>Botelho J, Leira Y, Viana J, Machado V, Lyra P, Aldrey JM, P\u00edas-Peleteiro JM, Blanco J, Sobrino T, Mendes JJ. <strong>The Role of Inflammatory Diet and Vitamin D on the Link between Periodontitis and Cognitive Function: A Mediation Analysis in Older Adults. <\/strong><em>Nutrients<\/em>. 2021 Mar 12;13(3):924. <a href=\"https:\/\/www.mdpi.com\/2072-6643\/13\/3\/924\"><span style=\"color: #808000;\"><strong>doi: 10.3390\/nu13030924<\/strong><\/span><\/a>.<\/li>\n<li>da Silva-Candal A, L\u00f3pez-Dequidt I, Rodriguez-Ya\u00f1ez M, \u00c1vila-G\u00f3mez P, Pumar JM, Castillo J, Sobrino T, Campos F, Iglesias-Rey R, Hervella P. <strong>sTWEAK is a marker of early haematoma growth and leukoaraiosis in intracerebral haemorrhage, <\/strong><em>Stroke Vasc Neurol.<\/em> 2021\u00a0Dec;6(4):528-535. <strong><span style=\"color: #808000;\"><a style=\"color: #808000;\" href=\"https:\/\/svn.bmj.com\/content\/6\/4\/528.long\">doi: 10.1136\/svn-2020-000684<\/a><\/span><\/strong>.<\/li>\n<li>Carrera C, C\u00e1rcel-M\u00e1rquez J, Cullell N, Torres-\u00c1guila N, Mui\u00f1o E, Castillo J, Sobrino T, Campos F, Rodr\u00edguez-Castro E, Llucia-Carol L, Mill\u00e1n M, Mu\u00f1oz-Narbona L, L\u00f3pez-Cancio E, Bustamante A, Rib\u00f3 M, \u00c1lvarez-Sab\u00edn J, Jim\u00e9nez-Conde J, Roquer J, Giralt-Steinhauer E, Soriano-T\u00e1rraga C, Mola-Caminal M, Vives-Bauza C, Navarro RD, Tur S, Obach V, Arenillas JF, Segura T, Serrano-Heras G, Mart\u00ed-F\u00e0bregas J, Delgado-Mederos R, Freijo-Guerrero MM, Moniche F, Cabezas JA, Castellanos M, Gallego-Fabrega C, Gonz\u00e1lez-Sanchez J, Krupinsky J, Strbian D, Tatlisumak T, Thijs V, Lemmens R, Slowik A, Pera J, Kittner S, Cole J, Heitsch L, Iba\u00f1ez L, Cruchaga C, Lee JM, Montaner J, Fern\u00e1ndez-Cadenas I; International Stroke Genetic Consortium and the Spanish Stroke Genetic Consortium. <strong>Single nucleotide variations in ZBTB46 are associated with post-thrombolytic parenchymal haematoma,<\/strong> <em>Brain<\/em>. 2021 Sep 4;144(8):2416-2426. <a href=\"https:\/\/academic.oup.com\/brain\/article\/144\/8\/2416\/6173393\"><span style=\"color: #808000;\"><strong>doi: 10.1093\/brain\/awab090<\/strong><\/span><\/a>.<\/li>\n<li>\u00c1vila-G\u00f3mez P, Vieites-Prado A, Dopico-L\u00f3pez A, Bashir S, Fern\u00e1ndez-Susavila H, Gubern C, P\u00e9rez-Mato M, Correa-Paz C, Iglesias-Rey R, Sobrino T, Bustamante A, Wellmann S, Montaner J, Serena J, Castillo J, Hervella P, Campos F. <strong>Cold stress protein RBM3 responds to hypothermia and is associated with good stroke outcome. <\/strong><em>Brain Commun.<\/em> 2020 Jun 4;2(2):fcaa078. <strong><span style=\"color: #808000;\"><a style=\"color: #808000;\" href=\"https:\/\/academic.oup.com\/braincomms\/article\/2\/2\/fcaa078\/5851422\">doi: 10.1093\/braincomms\/fcaa078<\/a><\/span><\/strong>. eCollection 2020.<\/li>\n<li>Leira Y, Dom\u00ednguez C, Ameijeira P, L\u00f3pez-Arias E, \u00c1vila-G\u00f3mez P, P\u00e9rez-Mato M, Sobrino T, Campos F, Blanco J, Leira R. <strong>Mild systemic inflammation enhances response to OnabotulinumtoxinA in chronic migraineurs. <\/strong><em>Sci Rep<\/em>. 2021 Jan 13;11(1):1092. <a href=\"https:\/\/www.nature.com\/articles\/s41598-020-80283-4\"><span style=\"color: #808000;\"><strong>doi: 10.1038\/s41598-020-80283-4<\/strong><\/span><\/a>.<\/li>\n<li>Heitsch L, Ibanez L, Carrera C, Binkley MM, Strbian D, Tatlisumak T, Bustamante A, Rib\u00f3 M, Molina C, D\u00e1valos A, L\u00f3pez-Cancio E, Mu\u00f1oz-Narbona L, Soriano-T\u00e1rraga C, Giralt-Steinhauer E, Obach V, Slowik A, Pera J, Lapicka-Bodzioch K, Derbisz J, Sobrino T, Castillo J, Campos F, Rodr\u00edguez-Castro E, Arias-Rivas S, Segura T, Serrano-Heras G, Vives-Bauza C, D\u00edaz-Navarro R, Tur S, Jimenez C, Mart\u00ed-F\u00e0bregas J, Delgado-Mederos R, Arenillas J, Krupinski J, Cullell N, Torres-Aguila NP, Mui\u00f1o E, C\u00e1rcel-M\u00e1rquez J, Moniche F, Cabezas JA, Ford AL, Dhar R, Roquer J, Khatri P, Jim\u00e9nez-Conde J, Fernandez-Cadenas I, Montaner J, Rosand J, Cruchaga C, Lee JM; International Stroke Genetics Consortium.<strong> Early Neurological Change After Ischemic Stroke Is Associated With 90-Day Outcome<\/strong>. <em>Stroke<\/em>. 2021 Jan;52(1):132-141. <a href=\"https:\/\/www.ahajournals.org\/doi\/10.1161\/STROKEAHA.119.028687\"><span style=\"color: #808000;\"><strong>doi: 10.1161\/STROKEAHA.119.028687<\/strong><\/span><\/a>.<\/li>\n<li>G\u00f3mez-Lado N, L\u00f3pez-Arias E, Iglesias-Rey R, D\u00edaz-Platas L, Med\u00edn-Aguerre S, Fern\u00e1ndez-Ferreiro A, Posado-Fern\u00e1ndez A, Garc\u00eda-Varela L, Rodr\u00edguez-P\u00e9rez M, Campos F, Del Pino P, Ruibal \u00c1, Pardo-Montero J, Castillo J, Aguiar P, Sobrino T. <strong>[18F]-FMISO PET\/MRI Imaging Shows Ischemic Tissue around Hematoma in Intracerebral Hemorrhage.<\/strong> <em>Mol Pharm.<\/em> 2020 Dec 7;17(12):4667-4675. <a href=\"https:\/\/pubs.acs.org\/doi\/10.1021\/acs.molpharmaceut.0c00932\"><span style=\"color: #808000;\"><strong>doi: 10.1021\/acs.molpharmaceut.0c00932<\/strong><\/span><\/a>.<\/li>\n<\/ul>\n<p>[\/et_pb_toggle][et_pb_toggle title=&#8221;Web del grupo&#8221; disabled_on=&#8221;on|on|on&#8221; admin_label=&#8221;Web del grupo&#8221; _builder_version=&#8221;4.16&#8243; _module_preset=&#8221;default&#8221; body_font=&#8221;|300|||||||&#8221; disabled=&#8221;on&#8221; global_colors_info=&#8221;{}&#8221;]<\/p>\n<p>https:\/\/<\/p>\n<p>[\/et_pb_toggle][\/et_pb_column][et_pb_column type=&#8221;1_3&#8243; _builder_version=&#8221;4.16&#8243; _module_preset=&#8221;default&#8221; global_colors_info=&#8221;{}&#8221;][et_pb_text admin_label=&#8221;Investigador\/a l\u00edder&#8221; _builder_version=&#8221;4.19.4&#8243; _module_preset=&#8221;default&#8221; text_text_color=&#8221;#FFFFFF&#8221; header_text_color=&#8221;#FFFFFF&#8221; header_2_text_align=&#8221;left&#8221; header_2_text_color=&#8221;#FFFFFF&#8221; background_color=&#8221;#10294c&#8221; custom_margin=&#8221;0px||||false|false&#8221; custom_padding=&#8221;6px||0px|6px|false|false&#8221; locked=&#8221;off&#8221; global_colors_info=&#8221;{}&#8221;]<\/p>\n<h2>Lead researcher<\/h2>\n<p>[\/et_pb_text][et_pb_text admin_label=&#8221;WP Team (cambiar s\u00f3 a ID pola do l\u00edder de equipo)&#8221; _builder_version=&#8221;4.16&#8243; _module_preset=&#8221;default&#8221; locked=&#8221;on&#8221; global_colors_info=&#8221;{}&#8221;]<\/p>\n<div class=\"sp-wp-team-pro-wrapper wp-team-pro-preloader\" >\n\n<div id=\"sptp-10834\" class=\"sp-team-pro sptp-section sptp-new_page pagination_normal sptp-even\" >\n\n\t<div class=\"sp-team-pro-page-loading-image\"><\/div>\n\t<div class=\"sptp-grid\">\n\t\t<div class=\"sptp-row  \">\n\t\t\t\t\t<div class=\"sp-team-pro-item sptp-col-lg-1 sptp-col-md-1 sptp-col-sm-1 sptp-col-xs-1\"\n\t\t\t data-member=\"18822\">\n\t\t\t\t<div class=\"sptp-member  border-bg-around-member sptp-square\">\n\t<a class=\"sptp-member-avatar \"  href=https:\/\/www.idisantiago.es\/en\/team\/tomas-sobrino-moreiras\/ target=_blank >\n\t<div class=\"sptp-member-avatar-img-area\" data-id=\"18822\">\n\t\t<div class=\"sptp-member-avatar-img sptp-square sptp-icon-on-image none \">\n\t\t\t<div class=\"sptp-overflow-h\">\n\t\t\t\t\t\t\t\t\t<div class=\"sptp-icon text-center\">\n\t\t\t\t\t<i class=\"fa fa-plus\"><\/i>\t\t\t\t\t<\/div>\n\t\t\t\t\t\t\t\t<img loading=\"lazy\" decoding=\"async\" class=\"sptp_default_img\" srcset=\"https:\/\/www.idisantiago.es\/wp-content\/uploads\/2022\/10\/Tomas-Sobrino-320x320.jpg\" src=\"https:\/\/www.idisantiago.es\/wp-content\/uploads\/2022\/10\/Tomas-Sobrino-320x320.jpg\" alt=\"Tom\u00e1s Sobrino Moreiras\" width=\"320\" height=\"320\">\n\t\t\t\t\t\t\t<\/div>\n\t\t<\/div>\n\t<\/div>\n<\/a>\n\t<div class=\"sptp-member-name \">\n\t\t<h2>\n\t\t\t\t\tTom\u00e1s Sobrino Moreiras\t\t\t\t<\/h2>\n\t<\/div>\n<div class=\"sptp-member-website\">\n<i class=\"fa fa-globe\"><\/i>\t<a href=\"https:\/\/orcid.org\/0000-0002-9760-8690\"  class=\"\" target=\"_blank\">\n\t\t<span>https:\/\/orcid.org\/0000-0002-9760-8690<\/span>\n\t<\/a>\n\t<\/div>\n<div class=\"sptp-read-more-button\">\n\t<a class=\"sptp-member-read-more-button\" href=\"https:\/\/www.idisantiago.es\/en\/team\/tomas-sobrino-moreiras\/\"> + INFO <\/a>\n<\/div>\n<\/div>\n\t\t\t\t<\/div>\n\t\t\t\t<\/div> <!-- end row -->\n\t<\/div> <!-- end grid -->\n\t\t\t<\/div>\n<\/div>\n\n<p>[\/et_pb_text][\/et_pb_column][\/et_pb_row][\/et_pb_section]<\/p>\n","protected":false},"excerpt":{"rendered":"<p>\u00c1REA: NEUROCIENCIASLines of research The Neuroaging Group presents 3 main lines of research: 1. Early Diagnosis and Therapy of Alzheimer&#8217;s Disease and other dementias (main line)Currently, Alzheimer&#8217;s disease is the [&hellip;]<\/p>\n","protected":false},"author":11,"featured_media":25463,"comment_status":"closed","ping_status":"closed","template":"","meta":{"_et_pb_use_builder":"on","_et_pb_old_content":"","_et_gb_content_width":"","inline_featured_image":false,"footnotes":""},"project_category":[510],"project_tag":[],"class_list":["post-19000","project","type-project","status-publish","has-post-thumbnail","hentry","project_category-neurociencias-en"],"publishpress_future_workflow_manual_trigger":{"enabledWorkflows":[]},"_links":{"self":[{"href":"https:\/\/www.idisantiago.es\/en\/wp-json\/wp\/v2\/project\/19000","targetHints":{"allow":["GET"]}}],"collection":[{"href":"https:\/\/www.idisantiago.es\/en\/wp-json\/wp\/v2\/project"}],"about":[{"href":"https:\/\/www.idisantiago.es\/en\/wp-json\/wp\/v2\/types\/project"}],"author":[{"embeddable":true,"href":"https:\/\/www.idisantiago.es\/en\/wp-json\/wp\/v2\/users\/11"}],"replies":[{"embeddable":true,"href":"https:\/\/www.idisantiago.es\/en\/wp-json\/wp\/v2\/comments?post=19000"}],"version-history":[{"count":30,"href":"https:\/\/www.idisantiago.es\/en\/wp-json\/wp\/v2\/project\/19000\/revisions"}],"predecessor-version":[{"id":42561,"href":"https:\/\/www.idisantiago.es\/en\/wp-json\/wp\/v2\/project\/19000\/revisions\/42561"}],"wp:featuredmedia":[{"embeddable":true,"href":"https:\/\/www.idisantiago.es\/en\/wp-json\/wp\/v2\/media\/25463"}],"wp:attachment":[{"href":"https:\/\/www.idisantiago.es\/en\/wp-json\/wp\/v2\/media?parent=19000"}],"wp:term":[{"taxonomy":"project_category","embeddable":true,"href":"https:\/\/www.idisantiago.es\/en\/wp-json\/wp\/v2\/project_category?post=19000"},{"taxonomy":"project_tag","embeddable":true,"href":"https:\/\/www.idisantiago.es\/en\/wp-json\/wp\/v2\/project_tag?post=19000"}],"curies":[{"name":"wp","href":"https:\/\/api.w.org\/{rel}","templated":true}]}}