{"id":19041,"date":"2022-01-14T11:37:48","date_gmt":"2022-01-14T10:37:48","guid":{"rendered":"https:\/\/www.idisantiago.es\/grupo-de-investigacion\/e043-fisica-medica-y-biomatematicas\/"},"modified":"2026-02-25T12:07:26","modified_gmt":"2026-02-25T11:07:26","slug":"e043-fisica-medica-y-biomatematicas","status":"publish","type":"project","link":"https:\/\/www.idisantiago.es\/en\/grupo-de-investigacion\/e043-fisica-medica-y-biomatematicas\/","title":{"rendered":"E043 &#8211; F\u00edsica M\u00e9dica y Biomatem\u00e1ticas"},"content":{"rendered":"<p>[et_pb_section fb_built=&#8221;1&#8243; _builder_version=&#8221;4.16&#8243; _module_preset=&#8221;default&#8221; custom_padding=&#8221;0px||||false|false&#8221; da_disable_devices=&#8221;off|off|off&#8221; global_colors_info=&#8221;{}&#8221; da_is_popup=&#8221;off&#8221; da_exit_intent=&#8221;off&#8221; da_has_close=&#8221;on&#8221; da_alt_close=&#8221;off&#8221; da_dark_close=&#8221;off&#8221; da_not_modal=&#8221;on&#8221; da_is_singular=&#8221;off&#8221; da_with_loader=&#8221;off&#8221; da_has_shadow=&#8221;on&#8221;][et_pb_row _builder_version=&#8221;4.16&#8243; _module_preset=&#8221;default&#8221; width=&#8221;100%&#8221; custom_padding=&#8221;0px||||false|false&#8221; locked=&#8221;on&#8221; collapsed=&#8221;on&#8221; global_colors_info=&#8221;{}&#8221;][et_pb_column type=&#8221;4_4&#8243; _builder_version=&#8221;4.16&#8243; _module_preset=&#8221;default&#8221; global_colors_info=&#8221;{}&#8221;][et_pb_text _builder_version=&#8221;4.16&#8243; _module_preset=&#8221;default&#8221; global_colors_info=&#8221;{}&#8221;]<\/p>\n<p>\u00c1REA: <a href=\"https:\/\/www.idisantiago.es\/en\/research-areas-2\/a001-oncologia\/\">ONCOLOG\u00cdA<\/a><\/p>\n<p>[\/et_pb_text][\/et_pb_column][\/et_pb_row][et_pb_row column_structure=&#8221;2_3,1_3&#8243; _builder_version=&#8221;4.16&#8243; _module_preset=&#8221;default&#8221; width=&#8221;100%&#8221; global_colors_info=&#8221;{}&#8221;][et_pb_column type=&#8221;2_3&#8243; _builder_version=&#8221;4.16&#8243; _module_preset=&#8221;default&#8221; global_colors_info=&#8221;{}&#8221;][et_pb_image src=&#8221;https:\/\/www.idisantiago.es\/wp-content\/uploads\/2021\/11\/grupo_investigacion.jpg&#8221; title_text=&#8221;Corporate portrait of office workers and employees&#8221; disabled_on=&#8221;on|on|on&#8221; _builder_version=&#8221;4.16&#8243; _module_preset=&#8221;default&#8221; disabled=&#8221;on&#8221; global_colors_info=&#8221;{}&#8221;][\/et_pb_image][et_pb_toggle title=&#8221;Objetivos y l\u00edneas de investigaci\u00f3n&#8221; admin_label=&#8221;Objetivos y l\u00edneas de investigaci\u00f3n&#8221; _builder_version=&#8221;4.16&#8243; _module_preset=&#8221;default&#8221; body_font=&#8221;|300|||||||&#8221; global_colors_info=&#8221;{}&#8221;]<\/p>\n<h3>Objetivos<\/h3>\n<p>El Grupo de F\u00edsica M\u00e9dica y Biomatem\u00e1ticas est\u00e1 interesado en m\u00faltiples aplicaciones de la f\u00edsica y las matem\u00e1ticas en biomedicina, especialmente en oncolog\u00eda y radioterapia. El papel que juega el modelado f\u00edsico\/matem\u00e1tico en la biomedicina est\u00e1 aumentando d\u00eda a d\u00eda, particularmente motivado por la gran cantidad de datos cl\u00ednicos que est\u00e1n disponibles en la actualidad. Esto permite desarrollar herramientas\/modelos de an\u00e1lisis m\u00e1s fiables. Los modelos pueden, por ejemplo, ayudar en la interpretaci\u00f3n de datos experimentales o desempe\u00f1ar un papel m\u00e1s ambicioso en el dise\u00f1o de nuevas estrategias terap\u00e9uticas.<br \/>La principal motivaci\u00f3n de nuestro grupo es contribuir al desarrollo de nuevas estrategias terap\u00e9uticas individualizadas, mediante el empleo de un enfoque multidisciplinario que involucre a investigadores con perfiles complementarios.<\/p>\n<h3>L\u00edneas de investigaci\u00f3n<\/h3>\n<ul>\n<li>Modelos tumorales in silico y respuesta a tratamiento.<\/li>\n<li>Modelado de la toxicidad en radioterapia.<\/li>\n<li>Efectos de da\u00f1o indirecto en SBRT y radioinmunoterapia.<\/li>\n<li>Modelos farmacocin\u00e9ticos.<\/li>\n<li>Dosimetr\u00eda en radioterapia metab\u00f3lica.<\/li>\n<li>Detectores de radiaci\u00f3n en radioterapia FLASH<\/li>\n<\/ul>\n<p>&nbsp;<\/p>\n<p>[\/et_pb_toggle][et_pb_toggle title=&#8221;Equipo investigador&#8221; admin_label=&#8221;Equipo investigador&#8221; _builder_version=&#8221;4.21.0&#8243; _module_preset=&#8221;default&#8221; body_font=&#8221;|300|||||||&#8221; hover_enabled=&#8221;0&#8243; global_colors_info=&#8221;{}&#8221; sticky_enabled=&#8221;0&#8243;]<\/p>\n<table style=\"width: 100%; border-collapse: collapse; border-style: hidden;\" border=\"0\">\n<tbody>\n<tr>\n<td style=\"width: 50%;\"><strong>L\u00edder<\/strong><br \/>Pardo Montero, Juan<\/p>\n<p>&nbsp;<\/p>\n<p><strong>Members<\/strong><br \/>Gago Arias, Mar\u00eda Araceli<br \/>Gonz\u00e1lez Kolmel, Eva<br \/>L\u00f3pez Pouso, \u00d3scar<br \/>Otero Casal, Pedro<\/p>\n<\/td>\n<td style=\"width: 50%;\">\u00a0<\/td>\n<\/tr>\n<\/tbody>\n<\/table>\n<p>[\/et_pb_toggle][et_pb_toggle title=&#8221;Proyectos&#8221; admin_label=&#8221;Proyectos (cambiar s\u00f3 codigo IDIS)&#8221; _builder_version=&#8221;4.16&#8243; _module_preset=&#8221;default&#8221; body_font=&#8221;|300|||||||&#8221; locked=&#8221;on&#8221; global_colors_info=&#8221;{}&#8221;]<\/p>\n\n<p>[\/et_pb_toggle][et_pb_toggle title=&#8221;Publicaciones&#8221; admin_label=&#8221;Publicaciones&#8221; _builder_version=&#8221;4.16&#8243; _module_preset=&#8221;default&#8221; body_font=&#8221;|300|||||||&#8221; global_colors_info=&#8221;{}&#8221;]<\/p>\n<ul>\n<li>Rodr\u00edguez-Barbeito P, D\u00edz-Botana P, Gago-Arias A &#8230;, Pardo-Montero J.<strong> A model of indirect cell death caused by tumor vascular damage after high-dose radiotherapy.<\/strong>\u00a0<em>Cancer Research<\/em> 2019;79(23):6044-53.2. <a href=\"https:\/\/doi.org\/10.1158\/0008-5472.can-19-0181\"><span style=\"color: #808000;\"><strong><span class=\"metadata-label\">doi:<\/span>\u00a010.1158\/0008-5472.CAN-19-0181<\/strong><\/span><\/a><\/li>\n<li>Neira S, Brualla-G\u00f3nzalez L, Prieto-Pena J, G\u00f3mez F, Pardo-Montero J. <strong>A kinetic model of diode detector response to pulsed radiation beams<\/strong>. <em>Physics in Medicine &amp; Biology<\/em> 2020;64 (20):205007.<span style=\"color: #808000;\"><strong> doi<span class=\"identifier doi\"><span class=\"id-label\">: <\/span><a class=\"id-link\" style=\"color: #808000;\" href=\"https:\/\/doi.org\/10.1088\/1361-6560\/ab4460\" target=\"_blank\" rel=\"noopener\" data-ga-category=\"full_text\" data-ga-action=\"DOI\">10.1088\/1361-6560\/ab4460<\/a><\/span><\/strong><\/span><\/li>\n<li>Neira S, Guiu-Souto J &#8230; Pardo-Montero J. <strong>Quantification of internal dosimetry in PET patients: individualized Monte Carlo vs generic phantom-based calculations.<\/strong> <em>Med Phys<\/em> 2020:47;4574-45884. <span style=\"color: #808000;\"><strong>doi:<span class=\"identifier doi\"><span class=\"id-label\">\u00a0<\/span><a class=\"id-link\" style=\"color: #808000;\" href=\"https:\/\/doi.org\/10.1002\/mp.14344\" target=\"_blank\" rel=\"noopener\" data-ga-category=\"full_text\" data-ga-action=\"DOI\">10.1002\/mp.14344<\/a><\/span><\/strong><\/span><\/li>\n<li>Parga-Pazos M, L\u00f3pez Pouso \u00d3, Fenwick JD, Pardo-Montero J. <strong>A mathematical model of dynamics of cell populations in squamous epithelium after irradiation<\/strong>,<em> International Journal of Radiation Biology<\/em> 2020;96:1165-1172. <strong><span style=\"color: #808000;\">doi: <span class=\"identifier doi\"><a class=\"id-link\" style=\"color: #808000;\" href=\"https:\/\/doi.org\/10.1080\/09553002.2020.1787540\" target=\"_blank\" rel=\"noopener\" data-ga-category=\"full_text\" data-ga-action=\"DOI\">10.1080\/09553002.2020.1787540<\/a><\/span><\/span><\/strong><\/li>\n<li>Gago-Arias A, Neira, S, Pombar M, G\u00f3mez-Caama\u00f1o A, Pardo-Montero J.<strong> Evaluation of indirect damage and damage saturation effects in dose-response curves of hypofractionated radiotherapy of early-stage NSCLC and brain metastases<\/strong>. <em>Radiotherapy and Oncology<\/em> 2021;161:1-8.<span style=\"color: #808000;\"><strong> doi: <a class=\"id-link\" style=\"color: #808000;\" href=\"https:\/\/doi.org\/10.1016\/j.radonc.2021.05.012\" target=\"_blank\" rel=\"noopener\" data-ga-category=\"full_text\" data-ga-action=\"DOI\">10.1016\/j.radonc.2021.05.012<\/a><\/strong><\/span><\/li>\n<li>Gago-Arias A, Neira S, Terragni F, Pardo-Montero J. <strong>A Mathematical Model of Thyroid Disease Response to Radiotherapy<\/strong>. <em>Mathematics<\/em> 2021;9(19);2365. <strong><span style=\"color: #808000;\"><a style=\"color: #808000;\" href=\"https:\/\/doi.org\/10.3390\/math9192365\">doi: 10.3390\/math9192365<\/a><\/span><\/strong><\/li>\n<li>Neira S, Gago-Arias A, G\u00f3nzalez-Crespo I, Guiu-Souto J, Pardo-Montero J.<strong> Development of a Compartmental Pharmacokinetic Model for Molecular Radiotherapy with 131I-CLR1404<\/strong>. <em>Pharmaceutics<\/em> 2021;13:1497. <span style=\"color: #808000;\"><strong>doi:\u00a0<a style=\"color: #808000;\" href=\"https:\/\/dx.doi.org\/10.3390%2Fpharmaceutics13091497\" target=\"_blank\" rel=\"noopener noreferrer\">10.3390\/pharmaceutics13091497<\/a><\/strong><\/span><\/li>\n<li>Neira S, Guiu-Souto J, \u2026 Pardo-Montero J.<strong> Quantification of internal dosimetry in PET patients II: Individualized Monte Carlo\u2010based dosimetry for [18F] fluorocholine PET.<\/strong> <em>Medical Physics<\/em> 2021;48 (9):5448-5458. <span style=\"color: #808000;\"><strong>doi<span class=\"identifier doi\"><span class=\"id-label\">: <\/span><a class=\"id-link\" style=\"color: #808000;\" href=\"https:\/\/doi.org\/10.1002\/mp.15090\" target=\"_blank\" rel=\"noopener\" data-ga-category=\"full_text\" data-ga-action=\"DOI\">10.1002\/mp.15090<\/a><\/span><\/strong><\/span><\/li>\n<\/ul>\n<p>[\/et_pb_toggle][et_pb_toggle title=&#8221;Web del grupo&#8221; disabled_on=&#8221;on|on|on&#8221; admin_label=&#8221;Web del grupo&#8221; _builder_version=&#8221;4.16&#8243; _module_preset=&#8221;default&#8221; body_font=&#8221;|300|||||||&#8221; disabled=&#8221;on&#8221; global_colors_info=&#8221;{}&#8221;]<\/p>\n<p>https:\/\/<\/p>\n<p>[\/et_pb_toggle][\/et_pb_column][et_pb_column type=&#8221;1_3&#8243; _builder_version=&#8221;4.16&#8243; _module_preset=&#8221;default&#8221; global_colors_info=&#8221;{}&#8221;][et_pb_text admin_label=&#8221;Investigador\/a l\u00edder&#8221; _builder_version=&#8221;4.16&#8243; _module_preset=&#8221;default&#8221; text_text_color=&#8221;#FFFFFF&#8221; header_text_color=&#8221;#FFFFFF&#8221; header_2_text_align=&#8221;left&#8221; header_2_text_color=&#8221;#FFFFFF&#8221; background_color=&#8221;#10294c&#8221; custom_margin=&#8221;0px||||false|false&#8221; custom_padding=&#8221;6px||0px|6px|false|false&#8221; locked=&#8221;on&#8221; global_colors_info=&#8221;{}&#8221;]<\/p>\n<h2>Investigador l\u00edder<\/h2>\n<p>[\/et_pb_text][et_pb_text admin_label=&#8221;WP Team (cambiar s\u00f3 a ID pola do l\u00edder de equipo)&#8221; _builder_version=&#8221;4.16&#8243; _module_preset=&#8221;default&#8221; locked=&#8221;on&#8221; global_colors_info=&#8221;{}&#8221;]<\/p>\n<div class=\"sp-wp-team-pro-wrapper wp-team-pro-preloader\" >\n\n<div id=\"sptp-10518\" class=\"sp-team-pro sptp-section sptp-new_page pagination_normal sptp-even\" >\n\n\t<div class=\"sp-team-pro-page-loading-image\"><\/div>\n\t<div class=\"sptp-grid\">\n\t\t<div class=\"sptp-row  \">\n\t\t\t\t\t<div class=\"sp-team-pro-item sptp-col-lg-1 sptp-col-md-1 sptp-col-sm-1 sptp-col-xs-1\"\n\t\t\t data-member=\"18857\">\n\t\t\t\t<div class=\"sptp-member  border-bg-around-member sptp-square\">\n\t<a class=\"sptp-member-avatar \"  href=https:\/\/www.idisantiago.es\/en\/team\/juan-pardo-montero\/ target=_blank >\n\t<div class=\"sptp-member-avatar-img-area\" data-id=\"18857\">\n\t\t<div class=\"sptp-member-avatar-img sptp-square sptp-icon-on-image none \">\n\t\t\t<div class=\"sptp-overflow-h\">\n\t\t\t\t\t\t\t\t\t<div class=\"sptp-icon text-center\">\n\t\t\t\t\t<i class=\"fa fa-plus\"><\/i>\t\t\t\t\t<\/div>\n\t\t\t\t\t\t\t\t<img loading=\"lazy\" decoding=\"async\" class=\"sptp_default_img\" srcset=\"https:\/\/www.idisantiago.es\/wp-content\/uploads\/2022\/02\/foto-320x320.jpeg\" src=\"https:\/\/www.idisantiago.es\/wp-content\/uploads\/2022\/02\/foto-320x320.jpeg\" alt=\"Juan Pardo Montero\" width=\"320\" height=\"320\">\n\t\t\t\t\t\t\t<\/div>\n\t\t<\/div>\n\t<\/div>\n<\/a>\n\t<div class=\"sptp-member-name \">\n\t\t<h2>\n\t\t\t\t\tJuan Pardo Montero\t\t\t\t<\/h2>\n\t<\/div>\n<div class=\"sptp-member-email\">\n\n<i class=\"fa fa-envelope\"><\/i>\t<a href=\"#0\"  class=\"\">\n\t\t<span>juan.pardo.montero@sergas.es<\/span>\n\t<\/a>\n\t<\/div>\n<div class=\"sptp-member-phone\">\n<i class=\"fa fa-phone\"><\/i>\t<a href=\"#0\"  class=\"\" >\n\t\t<span>(+34) 981 955 604<\/span>\n\t<\/a>\n\t<\/div>\n<div class=\"sptp-member-website\">\n<i class=\"fa fa-globe\"><\/i>\t<a href=\"https:\/\/orcid.org\/0000-0001-7990-3971\"  class=\"\" target=\"_blank\">\n\t\t<span>https:\/\/orcid.org\/0000-0001-7990-3971<\/span>\n\t<\/a>\n\t<\/div>\n<div class=\"sptp-read-more-button\">\n\t<a class=\"sptp-member-read-more-button\" href=\"https:\/\/www.idisantiago.es\/en\/team\/juan-pardo-montero\/\"> + INFO <\/a>\n<\/div>\n<\/div>\n\t\t\t\t<\/div>\n\t\t\t\t<\/div> <!-- end row -->\n\t<\/div> <!-- end grid -->\n\t\t\t<\/div>\n<\/div>\n\n<p>[\/et_pb_text][\/et_pb_column][\/et_pb_row][\/et_pb_section]<\/p>\n","protected":false},"excerpt":{"rendered":"<p>\u00c1REA: ONCOLOG\u00cdAObjetivos El Grupo de F\u00edsica M\u00e9dica y Biomatem\u00e1ticas est\u00e1 interesado en m\u00faltiples aplicaciones de la f\u00edsica y las matem\u00e1ticas en biomedicina, especialmente en oncolog\u00eda y radioterapia. El papel que [&hellip;]<\/p>\n","protected":false},"author":11,"featured_media":12106,"comment_status":"closed","ping_status":"closed","template":"","meta":{"_et_pb_use_builder":"on","_et_pb_old_content":"","_et_gb_content_width":"","inline_featured_image":false,"footnotes":""},"project_category":[512],"project_tag":[],"class_list":["post-19041","project","type-project","status-publish","has-post-thumbnail","hentry","project_category-oncologia-en"],"publishpress_future_workflow_manual_trigger":{"enabledWorkflows":[]},"_links":{"self":[{"href":"https:\/\/www.idisantiago.es\/en\/wp-json\/wp\/v2\/project\/19041","targetHints":{"allow":["GET"]}}],"collection":[{"href":"https:\/\/www.idisantiago.es\/en\/wp-json\/wp\/v2\/project"}],"about":[{"href":"https:\/\/www.idisantiago.es\/en\/wp-json\/wp\/v2\/types\/project"}],"author":[{"embeddable":true,"href":"https:\/\/www.idisantiago.es\/en\/wp-json\/wp\/v2\/users\/11"}],"replies":[{"embeddable":true,"href":"https:\/\/www.idisantiago.es\/en\/wp-json\/wp\/v2\/comments?post=19041"}],"version-history":[{"count":14,"href":"https:\/\/www.idisantiago.es\/en\/wp-json\/wp\/v2\/project\/19041\/revisions"}],"predecessor-version":[{"id":45199,"href":"https:\/\/www.idisantiago.es\/en\/wp-json\/wp\/v2\/project\/19041\/revisions\/45199"}],"wp:featuredmedia":[{"embeddable":true,"href":"https:\/\/www.idisantiago.es\/en\/wp-json\/wp\/v2\/media\/12106"}],"wp:attachment":[{"href":"https:\/\/www.idisantiago.es\/en\/wp-json\/wp\/v2\/media?parent=19041"}],"wp:term":[{"taxonomy":"project_category","embeddable":true,"href":"https:\/\/www.idisantiago.es\/en\/wp-json\/wp\/v2\/project_category?post=19041"},{"taxonomy":"project_tag","embeddable":true,"href":"https:\/\/www.idisantiago.es\/en\/wp-json\/wp\/v2\/project_tag?post=19041"}],"curies":[{"name":"wp","href":"https:\/\/api.w.org\/{rel}","templated":true}]}}