{"id":26800,"date":"2023-01-25T15:36:29","date_gmt":"2023-01-25T14:36:29","guid":{"rendered":"https:\/\/www.idisantiago.es\/?post_type=tribe_events&#038;p=26800"},"modified":"2023-01-25T15:36:29","modified_gmt":"2023-01-25T14:36:29","slug":"viii-simposio-de-biopsia-liquida","status":"publish","type":"tribe_events","link":"https:\/\/www.idisantiago.es\/en\/event\/viii-simposio-de-biopsia-liquida\/","title":{"rendered":"VIII Simposio de Biopsia L\u00edquida"},"content":{"rendered":"<p>Entre los d\u00edas 26 y 28 de enero se celebra en Santiago de Compostela el VIII Simposio de Biopsia L\u00edquida, con el objetivo de\u00a0compartir los conocimientos m\u00e1s recientes sobre las diferentes posibilidades de la biopsia l\u00edquida, as\u00ed como su utilidad cl\u00ednica, los avances en el conocimiento biol\u00f3gico y los continuos avances tecnol\u00f3gicos en este \u00e1mbito.<\/p>\n<p>Puedes descargar el programa completo <a href=\"https:\/\/www.idisantiago.es\/wp-content\/uploads\/2023\/01\/20230120_Programa-cientifico_VIII-Simposio-de-Biopsia-Liquida.pdf\">aqu\u00ed<\/a>.<\/p>\n","protected":false},"excerpt":{"rendered":"<p>Entre los d\u00edas 26 y 28 de enero se celebra en Santiago de Compostela el VIII Simposio de Biopsia L\u00edquida, con el objetivo de\u00a0compartir los conocimientos m\u00e1s recientes sobre las [&hellip;]<\/p>\n","protected":false},"author":12,"featured_media":26804,"template":"","meta":{"_et_pb_use_builder":"","_et_pb_old_content":"","_et_gb_content_width":"","inline_featured_image":false,"_tribe_events_status":"","_tribe_events_status_reason":"","footnotes":""},"tags":[],"tribe_events_cat":[535],"class_list":["post-26800","tribe_events","type-tribe_events","status-publish","has-post-thumbnail","hentry","tribe_events_cat-general","cat_general"],"publishpress_future_workflow_manual_trigger":{"enabledWorkflows":[]},"_links":{"self":[{"href":"https:\/\/www.idisantiago.es\/en\/wp-json\/wp\/v2\/tribe_events\/26800","targetHints":{"allow":["GET"]}}],"collection":[{"href":"https:\/\/www.idisantiago.es\/en\/wp-json\/wp\/v2\/tribe_events"}],"about":[{"href":"https:\/\/www.idisantiago.es\/en\/wp-json\/wp\/v2\/types\/tribe_events"}],"author":[{"embeddable":true,"href":"https:\/\/www.idisantiago.es\/en\/wp-json\/wp\/v2\/users\/12"}],"version-history":[{"count":2,"href":"https:\/\/www.idisantiago.es\/en\/wp-json\/wp\/v2\/tribe_events\/26800\/revisions"}],"predecessor-version":[{"id":26807,"href":"https:\/\/www.idisantiago.es\/en\/wp-json\/wp\/v2\/tribe_events\/26800\/revisions\/26807"}],"wp:featuredmedia":[{"embeddable":true,"href":"https:\/\/www.idisantiago.es\/en\/wp-json\/wp\/v2\/media\/26804"}],"wp:attachment":[{"href":"https:\/\/www.idisantiago.es\/en\/wp-json\/wp\/v2\/media?parent=26800"}],"wp:term":[{"taxonomy":"post_tag","embeddable":true,"href":"https:\/\/www.idisantiago.es\/en\/wp-json\/wp\/v2\/tags?post=26800"},{"taxonomy":"tribe_events_cat","embeddable":true,"href":"https:\/\/www.idisantiago.es\/en\/wp-json\/wp\/v2\/tribe_events_cat?post=26800"}],"curies":[{"name":"wp","href":"https:\/\/api.w.org\/{rel}","templated":true}]}}