{"id":16731,"date":"2022-03-16T16:18:56","date_gmt":"2022-03-16T15:18:56","guid":{"rendered":"https:\/\/www.idisantiago.es\/?page_id=16731"},"modified":"2022-03-22T16:01:18","modified_gmt":"2022-03-22T15:01:18","slug":"alianzas-estrategicas","status":"publish","type":"page","link":"https:\/\/www.idisantiago.es\/gl\/alianzas-estrategicas\/","title":{"rendered":"Alianzas estrat\u00e9xicas"},"content":{"rendered":"<p>[et_pb_section fb_built=&#8221;1&#8243; admin_label=&#8221;T\u00edtulo&#8221; _builder_version=&#8221;4.14.1&#8243; _module_preset=&#8221;default&#8221; custom_margin=&#8221;64px||0px||false|false&#8221; custom_padding=&#8221;0px||||false|false&#8221; da_disable_devices=&#8221;off|off|off&#8221; locked=&#8221;off&#8221; collapsed=&#8221;on&#8221; global_colors_info=&#8221;{}&#8221; da_is_popup=&#8221;off&#8221; da_exit_intent=&#8221;off&#8221; da_has_close=&#8221;on&#8221; da_alt_close=&#8221;off&#8221; da_dark_close=&#8221;off&#8221; da_not_modal=&#8221;on&#8221; da_is_singular=&#8221;off&#8221; da_with_loader=&#8221;off&#8221; da_has_shadow=&#8221;on&#8221;][et_pb_row _builder_version=&#8221;4.10.7&#8243; _module_preset=&#8221;default&#8221; width=&#8221;100%&#8221; custom_padding=&#8221;0px||||false|false&#8221; global_colors_info=&#8221;{}&#8221;][et_pb_column type=&#8221;4_4&#8243; _builder_version=&#8221;4.10.7&#8243; _module_preset=&#8221;default&#8221; global_colors_info=&#8221;{}&#8221;][et_pb_post_title meta=&#8221;off&#8221; featured_image=&#8221;off&#8221; _builder_version=&#8221;4.14.1&#8243; _module_preset=&#8221;default&#8221; global_colors_info=&#8221;{}&#8221;][\/et_pb_post_title][\/et_pb_column][\/et_pb_row][\/et_pb_section][et_pb_section fb_built=&#8221;1&#8243; _builder_version=&#8221;4.14.1&#8243; _module_preset=&#8221;default&#8221; da_disable_devices=&#8221;off|off|off&#8221; global_colors_info=&#8221;{}&#8221; da_is_popup=&#8221;off&#8221; da_exit_intent=&#8221;off&#8221; da_has_close=&#8221;on&#8221; da_alt_close=&#8221;off&#8221; da_dark_close=&#8221;off&#8221; da_not_modal=&#8221;on&#8221; da_is_singular=&#8221;off&#8221; da_with_loader=&#8221;off&#8221; da_has_shadow=&#8221;on&#8221;][et_pb_row _builder_version=&#8221;4.14.1&#8243; _module_preset=&#8221;default&#8221; collapsed=&#8221;off&#8221; global_colors_info=&#8221;{}&#8221;][et_pb_column type=&#8221;4_4&#8243; _builder_version=&#8221;4.14.1&#8243; _module_preset=&#8221;default&#8221; global_colors_info=&#8221;{}&#8221;][et_pb_text admin_label=&#8221;Redes ISCIII&#8221; _builder_version=&#8221;4.14.1&#8243; _module_preset=&#8221;default&#8221; text_font=&#8221;|300|||||||&#8221; global_colors_info=&#8221;{}&#8221;]<\/p>\n<h2>Redes do ISCIII<\/h2>\n<p>[\/et_pb_text][et_pb_text admin_label=&#8221;1.1 RICORS&#8221; _builder_version=&#8221;4.14.1&#8243; _module_preset=&#8221;default&#8221; text_font=&#8221;|300|||||||&#8221; hover_enabled=&#8221;0&#8243; global_colors_info=&#8221;{}&#8221; sticky_enabled=&#8221;0&#8243;]<\/p>\n<h3>RICORS- Redes de Investigaci\u00f3n Cooperativa Orientadas a Resultados en Sa\u00fade<\/h3>\n<p>Persoal IDIS con financiaci\u00f3n conseguida:[\/et_pb_text][\/et_pb_column][\/et_pb_row][et_pb_row column_structure=&#8221;1_2,1_2&#8243; _builder_version=&#8221;4.14.1&#8243; _module_preset=&#8221;default&#8221; collapsed=&#8221;off&#8221; global_colors_info=&#8221;{}&#8221;][et_pb_column type=&#8221;1_2&#8243; _builder_version=&#8221;4.14.1&#8243; _module_preset=&#8221;default&#8221; global_colors_info=&#8221;{}&#8221;][et_pb_text admin_label=&#8221;Texto&#8221; _builder_version=&#8221;4.14.9&#8243; _module_preset=&#8221;default&#8221; text_font=&#8221;|300|||||||&#8221; hover_enabled=&#8221;0&#8243; global_colors_info=&#8221;{}&#8221; sticky_enabled=&#8221;0&#8243;]<\/p>\n<ul>\n<li>1-<strong>Red de Investigaci\u00f3n en Atenci\u00f3n Primaria de Adicciones (RIAPAd)<\/strong> RD21\/0009\/0011-Javier Costas Costas<\/li>\n<li>2.-<strong>RICORS2040 (Kidney Disease)<\/strong> RD21\/0005\/0020-Miguel Garc\u00eda Gonz\u00e1lez<\/li>\n<li>3.- <strong>RICORS-ICTUS <\/strong>RD21\/0006\/0003- Francisco Campos<\/li>\n<li>4.- <strong>Primary Care Interventions to Prevent Maternal and Child Chronic Diseases of Perinatal and Developmental Origin <\/strong>RD21\/0012\/0021-Mar\u00eda Luz Couce Pico<\/li>\n<li>5.- <strong>Red de Inflamaci\u00f3n e Inmunopatolog\u00eda de \u00f3rganos y Sistemas. Enfermedades Inflamatorias <\/strong>RD21\/0002\/0003- Antonio Gonz\u00e1lez<\/li>\n<\/ul>\n<p>[\/et_pb_text][\/et_pb_column][et_pb_column type=&#8221;1_2&#8243; _builder_version=&#8221;4.14.1&#8243; _module_preset=&#8221;default&#8221; global_colors_info=&#8221;{}&#8221;][et_pb_text _builder_version=&#8221;4.14.9&#8243; _module_preset=&#8221;default&#8221; text_font=&#8221;|300|||||||&#8221; hover_enabled=&#8221;0&#8243; global_colors_info=&#8221;{}&#8221; sticky_enabled=&#8221;0&#8243;]<\/p>\n<ul>\n<li>6.- <strong>Primary Care Interventions to Prevent Maternal and Child Chronic Diseases of Perinatal and Developmental Origin<\/strong>\u00a0RD21\/0012\/0025-Antonio Rodr\u00edguez N\u00fa\u00f1ez<\/li>\n<li>7.- <strong>Red de Investigaci\u00f3n en Cronicidad, Atenci\u00f3n Primaria y Promoci\u00f3n de la Salud (RICAPPS)<\/strong> RD21\/0016\/0022-Francisco Gude<\/li>\n<li>8.- <strong>Terapias Avanzadas RICORS TERAV<\/strong> RD21\/0017\/0031- Jos\u00e9 Luis Labandeira<\/li>\n<\/ul>\n<p>[\/et_pb_text][\/et_pb_column][\/et_pb_row][et_pb_row admin_label=&#8221;Redes CIBER&#8221; _builder_version=&#8221;4.14.1&#8243; _module_preset=&#8221;default&#8221; custom_margin=&#8221;24px||||false|false&#8221; collapsed=&#8221;on&#8221; global_colors_info=&#8221;{}&#8221;][et_pb_column type=&#8221;4_4&#8243; _builder_version=&#8221;4.14.1&#8243; _module_preset=&#8221;default&#8221; global_colors_info=&#8221;{}&#8221;][et_pb_text admin_label=&#8221;1.2 Redes CIBER&#8221; _builder_version=&#8221;4.14.1&#8243; _module_preset=&#8221;default&#8221; global_colors_info=&#8221;{}&#8221;]<\/p>\n<h3>Redes de Investigaci\u00f3n Cooperativa CIBER<\/h3>\n<p>[\/et_pb_text][\/et_pb_column][\/et_pb_row][et_pb_row column_structure=&#8221;1_2,1_2&#8243; _builder_version=&#8221;4.14.8&#8243; _module_preset=&#8221;default&#8221; collapsed=&#8221;off&#8221; global_colors_info=&#8221;{}&#8221;][et_pb_column type=&#8221;1_2&#8243; _builder_version=&#8221;4.14.8&#8243; _module_preset=&#8221;default&#8221; global_colors_info=&#8221;{}&#8221;][et_pb_blurb url_new_window=&#8221;on&#8221; image=&#8221;https:\/\/www.idisantiago.es\/wp-content\/uploads\/2020\/03\/logo-cibercv-300&#215;58.png&#8221; admin_label=&#8221;CIBERCV&#8221; _builder_version=&#8221;4.14.8&#8243; _module_preset=&#8221;default&#8221; global_colors_info=&#8221;{}&#8221;][\/et_pb_blurb][et_pb_toggle title=&#8221;Ver&#8221; open_toggle_background_color=&#8221;RGBA(255,255,255,0)&#8221; closed_toggle_background_color=&#8221;RGBA(255,255,255,0)&#8221; module_class=&#8221;et-readmore-toggle&#8221; _builder_version=&#8221;4.14.9&#8243; _module_preset=&#8221;default&#8221; title_font=&#8221;|||on|||||&#8221; title_font_size=&#8221;16px&#8221; closed_title_font=&#8221;||||||||&#8221; body_font=&#8221;|300|||||||&#8221; custom_padding=&#8221;0px|0px|0px|0px|false|false&#8221; custom_css_main_element=&#8221;display:flex;||flex-direction: column;||align-items: flex-end;&#8221; custom_css_toggle_title=&#8221;order:2;||padding-right:25px !important;&#8221; custom_css_toggle_content=&#8221;order:1;||padding: 0px;&#8221; border_width_all=&#8221;0px&#8221; global_colors_info=&#8221;{}&#8221;]<\/p>\n<h5><a href=\"https:\/\/www.cibercv.es\/\">Redes Centro de Investigaci\u00f3n en Red en Enfermedades Cardiovasculares (CIBERCV)<\/a><\/h5>\n<p>O prop\u00f3sito do Centro de Investigaci\u00f3n en Rede en Enfermidades Cardiovasculares (CIBERCV) \u00e9 contribuir a reducir o impacto das enfermidades cardiovasculares no noso medio e xerar prosperidade, liderando a investigaci\u00f3n, a innovaci\u00f3n e a formaci\u00f3n nesta disciplina dentro do marco nacional e internacional.<\/p>\n<p>O Centro de Investigaci\u00f3n en Rede en Enfermidades Cardiovasculares (CIBERCV) aglutina a m\u00e1is de 480 cient\u00edficos pertencentes a 40 grupos de investigaci\u00f3n de excelencia distribu\u00eddos na pr\u00e1ctica totalidade do territorio nacional, cunha presenza moi forte do Sistema Nacional de Sa\u00fade, \u00e1 que se engaden os principais Institutos de Investigaci\u00f3n Sanitaria, Universidades e Centros de Investigaci\u00f3n.[\/et_pb_toggle][et_pb_code _builder_version=&#8221;4.14.8&#8243; _module_preset=&#8221;default&#8221; locked=&#8221;on&#8221; global_colors_info=&#8221;{}&#8221;]<script><!-- [et_pb_line_break_holder] -->(function($) {<!-- [et_pb_line_break_holder] -->    $(document).ready(function(){<!-- [et_pb_line_break_holder] -->        $('.et-readmore-toggle .et_pb_toggle_title').on('click', function(e) {<!-- [et_pb_line_break_holder] -->            if ($(e.target).closest('.et-readmore-toggle').hasClass('et_pb_toggle_open')) {<!-- [et_pb_line_break_holder] -->                $(this).text('Ver');<!-- [et_pb_line_break_holder] -->            } else {<!-- [et_pb_line_break_holder] -->                $(this).text('Pechar');<!-- [et_pb_line_break_holder] -->            }<!-- [et_pb_line_break_holder] -->        });<!-- [et_pb_line_break_holder] -->    });<!-- [et_pb_line_break_holder] -->})(jQuery);<!-- [et_pb_line_break_holder] --><!-- [et_pb_line_break_holder] --><\/script>[\/et_pb_code][\/et_pb_column][et_pb_column type=&#8221;1_2&#8243; _builder_version=&#8221;4.14.8&#8243; _module_preset=&#8221;default&#8221; global_colors_info=&#8221;{}&#8221;][et_pb_blurb url_new_window=&#8221;on&#8221; image=&#8221;https:\/\/www.idisantiago.es\/wp-content\/uploads\/2020\/03\/logo-ciberned-isciii-300&#215;45.png&#8221; admin_label=&#8221;CIBERNED&#8221; _builder_version=&#8221;4.14.8&#8243; _module_preset=&#8221;default&#8221; global_colors_info=&#8221;{}&#8221;][\/et_pb_blurb][et_pb_toggle title=&#8221;Ver&#8221; open_toggle_background_color=&#8221;RGBA(255,255,255,0)&#8221; closed_toggle_background_color=&#8221;RGBA(255,255,255,0)&#8221; module_class=&#8221;et-readmore-toggle&#8221; _builder_version=&#8221;4.14.9&#8243; _module_preset=&#8221;default&#8221; title_font=&#8221;|||on|||||&#8221; title_font_size=&#8221;15px&#8221; body_font=&#8221;|300|||||||&#8221; custom_padding=&#8221;0px|0px|0px|0px|false|false&#8221; custom_css_main_element=&#8221;display:flex;||flex-direction: column;||align-items: flex-end;&#8221; custom_css_toggle_title=&#8221;order:2;||padding-right:25px !important;&#8221; custom_css_toggle_content=&#8221;order:1;||padding: 0px;&#8221; border_width_all=&#8221;0px&#8221; global_colors_info=&#8221;{}&#8221;]<\/p>\n<h5><a href=\"https:\/\/www.ciberned.es\/\">Centro de Investigaci\u00f3n Biom\u00e9dica en Rede sobre Enfermedades Neurodexenerativas (CIBERNED)<\/a><\/h5>\n<p>A misi\u00f3n primordial de CIBERNED \u00e9 o fomento da investigaci\u00f3n cient\u00edfica e t\u00e9cnica de excelencia no \u00e1mbito da sa\u00fade, co obxectivo xeral de producir resultados r\u00e1pidamente trasladables \u00e1 pr\u00e1ctica cl\u00ednica mellorando a sa\u00fade e o benestar dos pacientes con enfermidades neurodexenerativas, as\u00ed como o das s\u00faas familias e coidadores, aportando a s\u00faa vez beneficios econ\u00f3micos e sociais.<\/p>\n<p>[\/et_pb_toggle][et_pb_code _builder_version=&#8221;4.14.8&#8243; _module_preset=&#8221;default&#8221; locked=&#8221;on&#8221; global_colors_info=&#8221;{}&#8221;]<script><!-- [et_pb_line_break_holder] -->(function($) {<!-- [et_pb_line_break_holder] -->    $(document).ready(function(){<!-- [et_pb_line_break_holder] -->        $('.et-readmore-toggle .et_pb_toggle_title').on('click', function(e) {<!-- [et_pb_line_break_holder] -->            if ($(e.target).closest('.et-readmore-toggle').hasClass('et_pb_toggle_open')) {<!-- [et_pb_line_break_holder] -->                $(this).text('Ver');<!-- [et_pb_line_break_holder] -->            } else {<!-- [et_pb_line_break_holder] -->                $(this).text('Pechar');<!-- [et_pb_line_break_holder] -->            }<!-- [et_pb_line_break_holder] -->        });<!-- [et_pb_line_break_holder] -->    });<!-- [et_pb_line_break_holder] -->})(jQuery);<!-- [et_pb_line_break_holder] --><!-- [et_pb_line_break_holder] --><\/script>[\/et_pb_code][\/et_pb_column][\/et_pb_row][et_pb_row column_structure=&#8221;1_2,1_2&#8243; _builder_version=&#8221;4.14.8&#8243; _module_preset=&#8221;default&#8221; collapsed=&#8221;on&#8221; global_colors_info=&#8221;{}&#8221;][et_pb_column type=&#8221;1_2&#8243; _builder_version=&#8221;4.14.8&#8243; _module_preset=&#8221;default&#8221; global_colors_info=&#8221;{}&#8221;][et_pb_blurb url_new_window=&#8221;on&#8221; image=&#8221;https:\/\/www.idisantiago.es\/wp-content\/uploads\/2022\/01\/logo-ciberer-300&#215;59.png&#8221; admin_label=&#8221;CIBERER&#8221; _builder_version=&#8221;4.14.9&#8243; _module_preset=&#8221;default&#8221; global_colors_info=&#8221;{}&#8221;][\/et_pb_blurb][et_pb_toggle title=&#8221;Ver&#8221; open_toggle_background_color=&#8221;RGBA(255,255,255,0)&#8221; closed_toggle_background_color=&#8221;RGBA(255,255,255,0)&#8221; module_class=&#8221;et-readmore-toggle&#8221; _builder_version=&#8221;4.14.9&#8243; _module_preset=&#8221;default&#8221; title_font=&#8221;|||on|||||&#8221; title_font_size=&#8221;16px&#8221; closed_title_font=&#8221;||||||||&#8221; body_font=&#8221;|300|||||||&#8221; custom_padding=&#8221;0px|0px|0px|0px|false|false&#8221; custom_css_main_element=&#8221;display:flex;||flex-direction: column;||align-items: flex-end;&#8221; custom_css_toggle_title=&#8221;order:2;||padding-right:25px !important;&#8221; custom_css_toggle_content=&#8221;order:1;||padding: 0px;&#8221; border_width_all=&#8221;0px&#8221; global_colors_info=&#8221;{}&#8221;]<\/p>\n<h5><a href=\"https:\/\/www.ciberer.es\/\">Centro de Investigaci\u00f3n Biom\u00e9dica en Rede de Enfermidades Raras (CIBERER)<\/a><\/h5>\n<p>O Centro de Investigaci\u00f3n Biom\u00e9dica en Rede de Enfermidades Raras (CIBERER) traballa co obxectivo fundamental de investigar para atopar respostas e soluci\u00f3ns que permitan mellorar a calidade de vida dos afectados por estas patolox\u00edas.<\/p>\n<p>O CIBERER \u00e9 unha estrutura cooperativa en rede, con 62 grupos de investigaci\u00f3n ubicados nos principais centros de investigaci\u00f3n de toda Espa\u00f1a.[\/et_pb_toggle][et_pb_code _builder_version=&#8221;4.14.8&#8243; _module_preset=&#8221;default&#8221; locked=&#8221;on&#8221; global_colors_info=&#8221;{}&#8221;]<script><!-- [et_pb_line_break_holder] -->(function($) {<!-- [et_pb_line_break_holder] -->    $(document).ready(function(){<!-- [et_pb_line_break_holder] -->        $('.et-readmore-toggle .et_pb_toggle_title').on('click', function(e) {<!-- [et_pb_line_break_holder] -->            if ($(e.target).closest('.et-readmore-toggle').hasClass('et_pb_toggle_open')) {<!-- [et_pb_line_break_holder] -->                $(this).text('Ver');<!-- [et_pb_line_break_holder] -->            } else {<!-- [et_pb_line_break_holder] -->                $(this).text('Pechar');<!-- [et_pb_line_break_holder] -->            }<!-- [et_pb_line_break_holder] -->        });<!-- [et_pb_line_break_holder] -->    });<!-- [et_pb_line_break_holder] -->})(jQuery);<!-- [et_pb_line_break_holder] --><!-- [et_pb_line_break_holder] --><\/script>[\/et_pb_code][\/et_pb_column][et_pb_column type=&#8221;1_2&#8243; _builder_version=&#8221;4.14.8&#8243; _module_preset=&#8221;default&#8221; global_colors_info=&#8221;{}&#8221;][et_pb_blurb url_new_window=&#8221;on&#8221; image=&#8221;https:\/\/www.idisantiago.es\/wp-content\/uploads\/2022\/01\/logo-ciberobn-300&#215;53.png&#8221; admin_label=&#8221;CIBEROBN&#8221; _builder_version=&#8221;4.14.9&#8243; _module_preset=&#8221;default&#8221; global_colors_info=&#8221;{}&#8221;][\/et_pb_blurb][et_pb_toggle title=&#8221;Ver&#8221; open_toggle_background_color=&#8221;RGBA(255,255,255,0)&#8221; closed_toggle_background_color=&#8221;RGBA(255,255,255,0)&#8221; module_class=&#8221;et-readmore-toggle&#8221; _builder_version=&#8221;4.14.9&#8243; _module_preset=&#8221;default&#8221; title_font=&#8221;|||on|||||&#8221; title_font_size=&#8221;15px&#8221; body_font=&#8221;|300|||||||&#8221; custom_padding=&#8221;0px|0px|0px|0px|false|false&#8221; custom_css_main_element=&#8221;display:flex;||flex-direction: column;||align-items: flex-end;&#8221; custom_css_toggle_title=&#8221;order:2;||padding-right:25px !important;&#8221; custom_css_toggle_content=&#8221;order:1;||padding: 0px;&#8221; border_width_all=&#8221;0px&#8221; global_colors_info=&#8221;{}&#8221;]<\/p>\n<h5><a href=\"https:\/\/www.ciberobn.es\/\">Centro de Investigaci\u00f3n Biom\u00e9dica en Rede-Fisiopatolox\u00eda da Obesidade e Nutrici\u00f3n (CIBEROBN)<\/a><\/h5>\n<p>A misi\u00f3n do CIBEROBN \u00e9 axudar no avance do entendemento dos mecanismos que contrib\u00faen \u00f3 desenvoemento da obesidade para reducir a s\u00faa incidencia e prevalencia, as\u00ed como as s\u00faas complicaci\u00f3ns, adem\u00e1is das enfermidades relacionadas coa nutrici\u00f3n. A trav\u00e9s do seu liderado na investigaci\u00f3n biom\u00e9dica traslacional, integra a investigaci\u00f3n b\u00e1sica, cl\u00ednica, epidemiol\u00f3xica e de sa\u00fade p\u00fablica, as\u00ed como a asistencia m\u00e9dica e a educaci\u00f3n no \u00e1mbito p\u00fablico da obesidade e a nutrici\u00f3n, convert\u00edndose por todo iso nun centro de investigaci\u00f3n de referencia cun potencial competitivo de internacionalizaci\u00f3n e para prover servizos de asesor\u00eda en I+D+i a compa\u00f1\u00edas tanto farmac\u00e9uticas como da alimentaci\u00f3n, as\u00ed como \u00e1s autoridades sanitarias do pa\u00eds.<\/p>\n<p>O CIBEROBN \u00e9 unha estrutura cooperativa en rede, formada por 31 grupos ubicados nalg\u00fans dos principais centros de investigaci\u00f3n de Espa\u00f1a.[\/et_pb_toggle][et_pb_code _builder_version=&#8221;4.14.8&#8243; _module_preset=&#8221;default&#8221; locked=&#8221;on&#8221; global_colors_info=&#8221;{}&#8221;]<script><!-- [et_pb_line_break_holder] -->(function($) {<!-- [et_pb_line_break_holder] -->    $(document).ready(function(){<!-- [et_pb_line_break_holder] -->        $('.et-readmore-toggle .et_pb_toggle_title').on('click', function(e) {<!-- [et_pb_line_break_holder] -->            if ($(e.target).closest('.et-readmore-toggle').hasClass('et_pb_toggle_open')) {<!-- [et_pb_line_break_holder] -->                $(this).text('Ver');<!-- [et_pb_line_break_holder] -->            } else {<!-- [et_pb_line_break_holder] -->                $(this).text('Pechar');<!-- [et_pb_line_break_holder] -->            }<!-- [et_pb_line_break_holder] -->        });<!-- [et_pb_line_break_holder] -->    });<!-- [et_pb_line_break_holder] -->})(jQuery);<!-- [et_pb_line_break_holder] --><!-- [et_pb_line_break_holder] --><\/script>[\/et_pb_code][\/et_pb_column][\/et_pb_row][et_pb_row column_structure=&#8221;1_2,1_2&#8243; _builder_version=&#8221;4.14.8&#8243; _module_preset=&#8221;default&#8221; collapsed=&#8221;on&#8221; global_colors_info=&#8221;{}&#8221;][et_pb_column type=&#8221;1_2&#8243; _builder_version=&#8221;4.14.8&#8243; _module_preset=&#8221;default&#8221; global_colors_info=&#8221;{}&#8221;][et_pb_blurb url_new_window=&#8221;on&#8221; image=&#8221;https:\/\/www.idisantiago.es\/wp-content\/uploads\/2022\/01\/logo-ciberesp-300&#215;65.png&#8221; admin_label=&#8221;CIBERESP&#8221; _builder_version=&#8221;4.14.9&#8243; _module_preset=&#8221;default&#8221; global_colors_info=&#8221;{}&#8221;][\/et_pb_blurb][et_pb_toggle title=&#8221;Ver&#8221; open_toggle_background_color=&#8221;RGBA(255,255,255,0)&#8221; closed_toggle_background_color=&#8221;RGBA(255,255,255,0)&#8221; module_class=&#8221;et-readmore-toggle&#8221; _builder_version=&#8221;4.14.9&#8243; _module_preset=&#8221;default&#8221; title_font=&#8221;|||on|||||&#8221; title_font_size=&#8221;16px&#8221; closed_title_font=&#8221;||||||||&#8221; body_font=&#8221;|300|||||||&#8221; custom_padding=&#8221;0px|0px|0px|0px|false|false&#8221; custom_css_main_element=&#8221;display:flex;||flex-direction: column;||align-items: flex-end;&#8221; custom_css_toggle_title=&#8221;order:2;||padding-right:25px !important;&#8221; custom_css_toggle_content=&#8221;order:1;||padding: 0px;&#8221; border_width_all=&#8221;0px&#8221; global_colors_info=&#8221;{}&#8221;]<\/p>\n<h5><a href=\"https:\/\/www.ciberesp.es\/\">Centro de Investigaci\u00f3n Biom\u00e9dica en Rede de Epidemiolox\u00eda e Sa\u00fade P\u00fablica (CIBERESP)<\/a><\/h5>\n<p>O Centro de Investigaci\u00f3n Biom\u00e9dica en Rede de Epidemiolox\u00eda e Sa\u00fade P\u00fablica (CIBERESP) \u00e9 un centro de excelencia en investigaci\u00f3n epidemiol\u00f3xica no que colaboran profesionais do \u00e1mbito acad\u00e9mico, das administraci\u00f3ns p\u00fablicas e de centros de investigaci\u00f3n con obxecto de proporcionar informaci\u00f3n actualizada sobre a situaci\u00f3n da sa\u00fade no noso contexto, os principais determinantes biol\u00f3xicos, ambientais e sociais implicados nas enfermidades m\u00e1is frecuentes e o estudo das desigualdades. A s\u00faa misi\u00f3n \u00e9 xerar co\u00f1ecemento relevante para a toma de decisi\u00f3ns, con vistas \u00e1 prevenci\u00f3n, tanto da enfermidade como das s\u00faas secuelas.[\/et_pb_toggle][et_pb_code _builder_version=&#8221;4.14.8&#8243; _module_preset=&#8221;default&#8221; locked=&#8221;on&#8221; global_colors_info=&#8221;{}&#8221;]<script><!-- [et_pb_line_break_holder] -->(function($) {<!-- [et_pb_line_break_holder] -->    $(document).ready(function(){<!-- [et_pb_line_break_holder] -->        $('.et-readmore-toggle .et_pb_toggle_title').on('click', function(e) {<!-- [et_pb_line_break_holder] -->            if ($(e.target).closest('.et-readmore-toggle').hasClass('et_pb_toggle_open')) {<!-- [et_pb_line_break_holder] -->                $(this).text('Ver');<!-- [et_pb_line_break_holder] -->            } else {<!-- [et_pb_line_break_holder] -->                $(this).text('Pechar');<!-- [et_pb_line_break_holder] -->            }<!-- [et_pb_line_break_holder] -->        });<!-- [et_pb_line_break_holder] -->    });<!-- [et_pb_line_break_holder] -->})(jQuery);<!-- [et_pb_line_break_holder] --><!-- [et_pb_line_break_holder] --><\/script>[\/et_pb_code][\/et_pb_column][et_pb_column type=&#8221;1_2&#8243; _builder_version=&#8221;4.14.8&#8243; _module_preset=&#8221;default&#8221; global_colors_info=&#8221;{}&#8221;][et_pb_blurb url_new_window=&#8221;on&#8221; image=&#8221;https:\/\/www.idisantiago.es\/wp-content\/uploads\/2022\/01\/logo-ciberonc-300&#215;53.png&#8221; admin_label=&#8221;CIBERONC&#8221; _builder_version=&#8221;4.14.9&#8243; _module_preset=&#8221;default&#8221; global_colors_info=&#8221;{}&#8221;][\/et_pb_blurb][et_pb_toggle title=&#8221;Ver&#8221; open_toggle_background_color=&#8221;RGBA(255,255,255,0)&#8221; closed_toggle_background_color=&#8221;RGBA(255,255,255,0)&#8221; module_class=&#8221;et-readmore-toggle&#8221; _builder_version=&#8221;4.14.9&#8243; _module_preset=&#8221;default&#8221; title_font=&#8221;|||on|||||&#8221; title_font_size=&#8221;15px&#8221; body_font=&#8221;|300|||||||&#8221; custom_padding=&#8221;0px|0px|0px|0px|false|false&#8221; custom_css_main_element=&#8221;display:flex;||flex-direction: column;||align-items: flex-end;&#8221; custom_css_toggle_title=&#8221;order:2;||padding-right:25px !important;&#8221; custom_css_toggle_content=&#8221;order:1;||padding: 0px;&#8221; border_width_all=&#8221;0px&#8221; global_colors_info=&#8221;{}&#8221;]<\/p>\n<h5><a href=\"https:\/\/www.ciberonc.es\/\">Centro de Investigaci\u00f3n Biom\u00e9dica en Rede de Cancro (CIBERONC)<\/a><\/h5>\n<p>O obxectivo principal do Centro de Investigaci\u00f3n Biom\u00e9dica en Rede de Cancro (CIBERONC) \u00e9 a promoci\u00f3n da excelencia na investigaci\u00f3n oncol\u00f3xica en Espa\u00f1a, as\u00ed como a incorporaci\u00f3n dos novos achados \u00e1 pr\u00e1ctica cl\u00ednica.<\/p>\n<p>CIBERONC conta con 50 grupos de investigaci\u00f3n ubicados nos principais centros de toda Espa\u00f1a. Estos grupos estrut\u00faranse en 6 programas cient\u00edficos, 5 enfocados nos grandes retos na prevenci\u00f3n, diagn\u00f3stico e tratamento das tipolox\u00edas neopl\u00e1sicas m\u00e1is prevalentes. O sexto est\u00e1 centrado en comprender mellor o funcionamento das c\u00e9lulas malignas para as\u00ed usar as s\u00faas debilidades no desenvolvemento de novas terapias de precisi\u00f3n.[\/et_pb_toggle][et_pb_code _builder_version=&#8221;4.14.8&#8243; _module_preset=&#8221;default&#8221; locked=&#8221;on&#8221; global_colors_info=&#8221;{}&#8221;]<script><!-- [et_pb_line_break_holder] -->(function($) {<!-- [et_pb_line_break_holder] -->    $(document).ready(function(){<!-- [et_pb_line_break_holder] -->        $('.et-readmore-toggle .et_pb_toggle_title').on('click', function(e) {<!-- [et_pb_line_break_holder] -->            if ($(e.target).closest('.et-readmore-toggle').hasClass('et_pb_toggle_open')) {<!-- [et_pb_line_break_holder] -->                $(this).text('Ver');<!-- [et_pb_line_break_holder] -->            } else {<!-- [et_pb_line_break_holder] -->                $(this).text('Pechar');<!-- [et_pb_line_break_holder] -->            }<!-- [et_pb_line_break_holder] -->        });<!-- [et_pb_line_break_holder] -->    });<!-- [et_pb_line_break_holder] -->})(jQuery);<!-- [et_pb_line_break_holder] --><!-- [et_pb_line_break_holder] --><\/script>[\/et_pb_code][\/et_pb_column][\/et_pb_row][et_pb_row admin_label=&#8221;Plataformas ISCIII&#8221; _builder_version=&#8221;4.14.1&#8243; _module_preset=&#8221;default&#8221; custom_margin=&#8221;24px||||false|false&#8221; collapsed=&#8221;on&#8221; global_colors_info=&#8221;{}&#8221;][et_pb_column type=&#8221;4_4&#8243; _builder_version=&#8221;4.14.1&#8243; _module_preset=&#8221;default&#8221; global_colors_info=&#8221;{}&#8221;][et_pb_text admin_label=&#8221;Plataformas ISCIII&#8221; _builder_version=&#8221;4.14.7&#8243; _module_preset=&#8221;default&#8221; global_colors_info=&#8221;{}&#8221;]<\/p>\n<h2>Plataformas do ISCIII<\/h2>\n<p>[\/et_pb_text][\/et_pb_column][\/et_pb_row][et_pb_row column_structure=&#8221;1_2,1_2&#8243; _builder_version=&#8221;4.14.8&#8243; _module_preset=&#8221;default&#8221; collapsed=&#8221;on&#8221; global_colors_info=&#8221;{}&#8221;][et_pb_column type=&#8221;1_2&#8243; _builder_version=&#8221;4.14.8&#8243; _module_preset=&#8221;default&#8221; global_colors_info=&#8221;{}&#8221;][et_pb_blurb url_new_window=&#8221;on&#8221; image=&#8221;https:\/\/www.idisantiago.es\/wp-content\/uploads\/2022\/01\/biobancos-logo-300&#215;92.png&#8221; admin_label=&#8221;Biobancos&#8221; _builder_version=&#8221;4.14.9&#8243; _module_preset=&#8221;default&#8221; global_colors_info=&#8221;{}&#8221;][\/et_pb_blurb][et_pb_toggle title=&#8221;Ver&#8221; open_toggle_background_color=&#8221;RGBA(255,255,255,0)&#8221; closed_toggle_background_color=&#8221;RGBA(255,255,255,0)&#8221; module_class=&#8221;et-readmore-toggle&#8221; _builder_version=&#8221;4.14.9&#8243; _module_preset=&#8221;default&#8221; title_font=&#8221;|||on|||||&#8221; title_font_size=&#8221;16px&#8221; closed_title_font=&#8221;||||||||&#8221; body_font=&#8221;|300|||||||&#8221; custom_padding=&#8221;0px|0px|0px|0px|false|false&#8221; custom_css_main_element=&#8221;display:flex;||flex-direction: column;||align-items: flex-end;&#8221; custom_css_toggle_title=&#8221;order:2;||padding-right:25px !important;&#8221; custom_css_toggle_content=&#8221;order:1;||padding: 0px;&#8221; border_width_all=&#8221;0px&#8221; global_colors_info=&#8221;{}&#8221;]<\/p>\n<h5><a href=\"https:\/\/redbiobancos.es\/\">Rede Nacional de Biobancos<\/a><\/h5>\n<p>A Rede Nacional de Biobancos (RNBB) \u00e9 unha iniciativa do Instituto de Sa\u00fade Carlos III que dota de valor engadido \u00f3 conxunto de biobancos espa\u00f1ois, co obxectivo de proporcionar soporte de alto nivel cient\u00edfico, t\u00e9cnico e tecnol\u00f3xico aos proxectos de I+D+i en ciencias e tecnolox\u00edas da sa\u00fade, as\u00ed como fomentar a innovaci\u00f3n en tecnolox\u00edas sanitarias, mediante o subministro de mostras biol\u00f3xicas humanas e datos asociados de excelente calidade.<\/p>\n<p>A RNBB est\u00e1 formada por 39 instituci\u00f3ns de toda Espa\u00f1a, entre os que se atopa o IDIS.[\/et_pb_toggle][et_pb_code _builder_version=&#8221;4.14.8&#8243; _module_preset=&#8221;default&#8221; locked=&#8221;on&#8221; global_colors_info=&#8221;{}&#8221;]<script><!-- [et_pb_line_break_holder] -->(function($) {<!-- [et_pb_line_break_holder] -->    $(document).ready(function(){<!-- [et_pb_line_break_holder] -->        $('.et-readmore-toggle .et_pb_toggle_title').on('click', function(e) {<!-- [et_pb_line_break_holder] -->            if ($(e.target).closest('.et-readmore-toggle').hasClass('et_pb_toggle_open')) {<!-- [et_pb_line_break_holder] -->                $(this).text('Ver');<!-- [et_pb_line_break_holder] -->            } else {<!-- [et_pb_line_break_holder] -->                $(this).text('Pechar');<!-- [et_pb_line_break_holder] -->            }<!-- [et_pb_line_break_holder] -->        });<!-- [et_pb_line_break_holder] -->    });<!-- [et_pb_line_break_holder] -->})(jQuery);<!-- [et_pb_line_break_holder] --><!-- [et_pb_line_break_holder] --><\/script>[\/et_pb_code][\/et_pb_column][et_pb_column type=&#8221;1_2&#8243; _builder_version=&#8221;4.14.8&#8243; _module_preset=&#8221;default&#8221; global_colors_info=&#8221;{}&#8221;][et_pb_blurb url_new_window=&#8221;on&#8221; image=&#8221;https:\/\/www.idisantiago.es\/wp-content\/uploads\/2022\/01\/scren-300&#215;140.jpg&#8221; admin_label=&#8221;SCReN&#8221; _builder_version=&#8221;4.14.9&#8243; _module_preset=&#8221;default&#8221; global_colors_info=&#8221;{}&#8221;][\/et_pb_blurb][et_pb_toggle title=&#8221;Ver&#8221; open_toggle_background_color=&#8221;RGBA(255,255,255,0)&#8221; closed_toggle_background_color=&#8221;RGBA(255,255,255,0)&#8221; module_class=&#8221;et-readmore-toggle&#8221; _builder_version=&#8221;4.14.9&#8243; _module_preset=&#8221;default&#8221; title_font=&#8221;|||on|||||&#8221; title_font_size=&#8221;15px&#8221; body_font=&#8221;|300|||||||&#8221; custom_padding=&#8221;0px|0px|0px|0px|false|false&#8221; custom_css_main_element=&#8221;display:flex;||flex-direction: column;||align-items: flex-end;&#8221; custom_css_toggle_title=&#8221;order:2;||padding-right:25px !important;&#8221; custom_css_toggle_content=&#8221;order:1;||padding: 0px;&#8221; border_width_all=&#8221;0px&#8221; global_colors_info=&#8221;{}&#8221;]<\/p>\n<h5><a href=\"https:\/\/scren.eu\/\">Spanish Clinical Research Network (SCReN)<\/a><\/h5>\n<p>SCReN (Spanish Clinical Research Network) \u00e9 unha estrutura de apoio \u00e1 investigaci\u00f3n cl\u00ednica e, en particular aos ensaios multic\u00e9ntricos, composta por 31 unidades de investigaci\u00f3n (UICECs) distribu\u00eddas por centros hospitalarios de todo o SNS, que presta servizos no apoio metodol\u00f3xico, farmacovixilancia, estat\u00edstica e xesti\u00f3n de datos as\u00ed como na xesti\u00f3n global de proxectos, monitorizaci\u00f3n e xesti\u00f3n administrativa.[\/et_pb_toggle][et_pb_code _builder_version=&#8221;4.14.8&#8243; _module_preset=&#8221;default&#8221; locked=&#8221;on&#8221; global_colors_info=&#8221;{}&#8221;]<script><!-- [et_pb_line_break_holder] -->(function($) {<!-- [et_pb_line_break_holder] -->    $(document).ready(function(){<!-- [et_pb_line_break_holder] -->        $('.et-readmore-toggle .et_pb_toggle_title').on('click', function(e) {<!-- [et_pb_line_break_holder] -->            if ($(e.target).closest('.et-readmore-toggle').hasClass('et_pb_toggle_open')) {<!-- [et_pb_line_break_holder] -->                $(this).text('Ver');<!-- [et_pb_line_break_holder] -->            } else {<!-- [et_pb_line_break_holder] -->                $(this).text('Pechar');<!-- [et_pb_line_break_holder] -->            }<!-- [et_pb_line_break_holder] -->        });<!-- [et_pb_line_break_holder] -->    });<!-- [et_pb_line_break_holder] -->})(jQuery);<!-- [et_pb_line_break_holder] --><!-- [et_pb_line_break_holder] --><\/script>[\/et_pb_code][\/et_pb_column][\/et_pb_row][et_pb_row column_structure=&#8221;1_2,1_2&#8243; _builder_version=&#8221;4.14.8&#8243; _module_preset=&#8221;default&#8221; collapsed=&#8221;on&#8221; global_colors_info=&#8221;{}&#8221;][et_pb_column type=&#8221;1_2&#8243; _builder_version=&#8221;4.14.8&#8243; _module_preset=&#8221;default&#8221; global_colors_info=&#8221;{}&#8221;][et_pb_blurb url_new_window=&#8221;on&#8221; image=&#8221;https:\/\/www.idisantiago.es\/wp-content\/uploads\/2022\/02\/ITEMAS_2022PNG-300&#215;101.png&#8221; admin_label=&#8221;ITEMAS&#8221; _builder_version=&#8221;4.14.9&#8243; _module_preset=&#8221;default&#8221; global_colors_info=&#8221;{}&#8221;][\/et_pb_blurb][et_pb_toggle title=&#8221;Ver&#8221; open_toggle_background_color=&#8221;RGBA(255,255,255,0)&#8221; closed_toggle_background_color=&#8221;RGBA(255,255,255,0)&#8221; module_class=&#8221;et-readmore-toggle&#8221; _builder_version=&#8221;4.14.9&#8243; _module_preset=&#8221;default&#8221; title_font=&#8221;|||on|||||&#8221; title_font_size=&#8221;16px&#8221; closed_title_font=&#8221;||||||||&#8221; body_font=&#8221;|300|||||||&#8221; custom_padding=&#8221;0px|0px|0px|0px|false|false&#8221; custom_css_main_element=&#8221;display:flex;||flex-direction: column;||align-items: flex-end;&#8221; custom_css_toggle_title=&#8221;order:2;||padding-right:25px !important;&#8221; custom_css_toggle_content=&#8221;order:1;||padding: 0px;&#8221; border_width_all=&#8221;0px&#8221; global_colors_info=&#8221;{}&#8221;]<\/p>\n<h5><a href=\"https:\/\/www.itemas.org\/es\/\">Plataforma de Innovaci\u00f3n en Tecnolox\u00edas Sanitarias (ITEMAS)<\/a><\/h5>\n<p>A Plataforma de Innovaci\u00f3n en Tecnolox\u00edas M\u00e9dicas e Sanitarias (ITEMAS) -\u00e9 unha estrutura de apoio \u00e1 innovaci\u00f3n sanitaria promovida polo Instituto de Salud Carlos III (ISCIII). O seu obxectivo \u00e9 impulsar a cultura de innovaci\u00f3n e facilitar a detecci\u00f3n, xesti\u00f3n e posta en valor do co\u00f1ecemento cient\u00edfico e asistencial no \u00e1mbito da innovaci\u00f3n en tecnolox\u00edas m\u00e9dicas e sanitarias.<\/p>\n<p>A principal ferramenta de ITEMAS \u00e9 a creaci\u00f3n de Unidades de Apoio \u00e1 Innovaci\u00f3n (UAI) en institutos de investigaci\u00f3n biom\u00e9dica, entre os que se atopa o IDIS.[\/et_pb_toggle][et_pb_code _builder_version=&#8221;4.14.8&#8243; _module_preset=&#8221;default&#8221; locked=&#8221;on&#8221; global_colors_info=&#8221;{}&#8221;]<script><!-- [et_pb_line_break_holder] -->(function($) {<!-- [et_pb_line_break_holder] -->    $(document).ready(function(){<!-- [et_pb_line_break_holder] -->        $('.et-readmore-toggle .et_pb_toggle_title').on('click', function(e) {<!-- [et_pb_line_break_holder] -->            if ($(e.target).closest('.et-readmore-toggle').hasClass('et_pb_toggle_open')) {<!-- [et_pb_line_break_holder] -->                $(this).text('Ver');<!-- [et_pb_line_break_holder] -->            } else {<!-- [et_pb_line_break_holder] -->                $(this).text('Pechar');<!-- [et_pb_line_break_holder] -->            }<!-- [et_pb_line_break_holder] -->        });<!-- [et_pb_line_break_holder] -->    });<!-- [et_pb_line_break_holder] -->})(jQuery);<!-- [et_pb_line_break_holder] --><!-- [et_pb_line_break_holder] --><\/script>[\/et_pb_code][\/et_pb_column][et_pb_column type=&#8221;1_2&#8243; _builder_version=&#8221;4.14.8&#8243; _module_preset=&#8221;default&#8221; global_colors_info=&#8221;{}&#8221;][\/et_pb_column][\/et_pb_row][et_pb_row admin_label=&#8221;Redes internacionales&#8221; _builder_version=&#8221;4.14.1&#8243; _module_preset=&#8221;default&#8221; custom_margin=&#8221;24px||||false|false&#8221; collapsed=&#8221;on&#8221; global_colors_info=&#8221;{}&#8221;][et_pb_column type=&#8221;4_4&#8243; _builder_version=&#8221;4.14.1&#8243; _module_preset=&#8221;default&#8221; global_colors_info=&#8221;{}&#8221;][et_pb_text admin_label=&#8221;Redes internacionales&#8221; _builder_version=&#8221;4.14.1&#8243; _module_preset=&#8221;default&#8221; global_colors_info=&#8221;{}&#8221;]<\/p>\n<h2>Redes internacionais<\/h2>\n<p>[\/et_pb_text][\/et_pb_column][\/et_pb_row][et_pb_row column_structure=&#8221;1_2,1_2&#8243; _builder_version=&#8221;4.14.8&#8243; _module_preset=&#8221;default&#8221; collapsed=&#8221;on&#8221; global_colors_info=&#8221;{}&#8221;][et_pb_column type=&#8221;1_2&#8243; _builder_version=&#8221;4.14.8&#8243; _module_preset=&#8221;default&#8221; global_colors_info=&#8221;{}&#8221;][et_pb_blurb url_new_window=&#8221;on&#8221; image=&#8221;https:\/\/www.idisantiago.es\/wp-content\/uploads\/2020\/03\/Logo-eatris-300&#215;175.png&#8221; admin_label=&#8221;EATRIS&#8221; _builder_version=&#8221;4.14.9&#8243; _module_preset=&#8221;default&#8221; global_colors_info=&#8221;{}&#8221;][\/et_pb_blurb][et_pb_toggle title=&#8221;Ver&#8221; open_toggle_background_color=&#8221;RGBA(255,255,255,0)&#8221; closed_toggle_background_color=&#8221;RGBA(255,255,255,0)&#8221; module_class=&#8221;et-readmore-toggle&#8221; _builder_version=&#8221;4.14.9&#8243; _module_preset=&#8221;default&#8221; title_font=&#8221;|||on|||||&#8221; title_font_size=&#8221;16px&#8221; closed_title_font=&#8221;||||||||&#8221; body_font=&#8221;|300|||||||&#8221; custom_padding=&#8221;0px|0px|0px|0px|false|false&#8221; custom_css_main_element=&#8221;display:flex;||flex-direction: column;||align-items: flex-end;&#8221; custom_css_toggle_title=&#8221;order:2;||padding-right:25px !important;&#8221; custom_css_toggle_content=&#8221;order:1;||padding: 0px;&#8221; border_width_all=&#8221;0px&#8221; global_colors_info=&#8221;{}&#8221;]<\/p>\n<h5><a href=\"https:\/\/eatris.eu\/\">European infrastructure for translational medicine (EATRIS)<\/a><\/h5>\n<p>EATRIS \u00e9 Consorcio de Infraestruturas de Investigaci\u00f3n Europeas (EATRIS) sen \u00e1nimo de lucro. EATRIS consta de cinco plataformas tem\u00e1ticas coas que pretende contribuir a mellorar a medicina traslacional as\u00ed como a productividade no desenvolvemento de f\u00e1rmacos e ferramentas de diagn\u00f3stico. Adem\u00e1is, EATRIS tam\u00e9n ofrece aos grupos de investigaci\u00f3n unha serie de servizos dirixidos \u00f3 incrementar o valor dos seus proxectos.<\/p>\n<p>Esta infraestrutura distribuida est\u00e1 composta por m\u00e1is de 80 institutos l\u00edderes.[\/et_pb_toggle][et_pb_code _builder_version=&#8221;4.14.8&#8243; _module_preset=&#8221;default&#8221; locked=&#8221;on&#8221; global_colors_info=&#8221;{}&#8221;]<script><!-- [et_pb_line_break_holder] -->(function($) {<!-- [et_pb_line_break_holder] -->    $(document).ready(function(){<!-- [et_pb_line_break_holder] -->        $('.et-readmore-toggle .et_pb_toggle_title').on('click', function(e) {<!-- [et_pb_line_break_holder] -->            if ($(e.target).closest('.et-readmore-toggle').hasClass('et_pb_toggle_open')) {<!-- [et_pb_line_break_holder] -->                $(this).text('Ver');<!-- [et_pb_line_break_holder] -->            } else {<!-- [et_pb_line_break_holder] -->                $(this).text('Pechar');<!-- [et_pb_line_break_holder] -->            }<!-- [et_pb_line_break_holder] -->        });<!-- [et_pb_line_break_holder] -->    });<!-- [et_pb_line_break_holder] -->})(jQuery);<!-- [et_pb_line_break_holder] --><!-- [et_pb_line_break_holder] --><\/script>[\/et_pb_code][\/et_pb_column][et_pb_column type=&#8221;1_2&#8243; _builder_version=&#8221;4.14.8&#8243; _module_preset=&#8221;default&#8221; global_colors_info=&#8221;{}&#8221;][et_pb_blurb url_new_window=&#8221;on&#8221; image=&#8221;https:\/\/www.idisantiago.es\/wp-content\/uploads\/2022\/01\/cost-300&#215;124.png&#8221; admin_label=&#8221;COST&#8221; _builder_version=&#8221;4.14.9&#8243; _module_preset=&#8221;default&#8221; global_colors_info=&#8221;{}&#8221;][\/et_pb_blurb][et_pb_toggle title=&#8221;Ver&#8221; open_toggle_background_color=&#8221;RGBA(255,255,255,0)&#8221; closed_toggle_background_color=&#8221;RGBA(255,255,255,0)&#8221; module_class=&#8221;et-readmore-toggle&#8221; _builder_version=&#8221;4.14.9&#8243; _module_preset=&#8221;default&#8221; title_font=&#8221;|||on|||||&#8221; title_font_size=&#8221;15px&#8221; body_font=&#8221;|300|||||||&#8221; custom_padding=&#8221;0px|0px|0px|0px|false|false&#8221; custom_css_main_element=&#8221;display:flex;||flex-direction: column;||align-items: flex-end;&#8221; custom_css_toggle_title=&#8221;order:2;||padding-right:25px !important;&#8221; custom_css_toggle_content=&#8221;order:1;||padding: 0px;&#8221; border_width_all=&#8221;0px&#8221; global_colors_info=&#8221;{}&#8221;]<\/p>\n<h5><a href=\"https:\/\/www.cost.eu\/\">COST Actions<\/a><\/h5>\n<p>As acci\u00f3ns COST son redes de investigaci\u00f3n interdisciplinar que xuntan a investigadores e innovadores para investigar un tema da s\u00faa elecci\u00f3n durante 4 anos. As acci\u00f3ns COST soen estar formadas por investigadores do mundo acad\u00e9mico, pymes, instituci\u00f3ns p\u00fablicas e outras organizaci\u00f3ns relevantes ou partes interesadas. As acci\u00f3ns COST permiten aos investigadores e innovadores facer medrar as s\u00faas ideas en calquera campo da ciencia e a tecnolox\u00eda \u00f3 compartilas cos seus pares.[\/et_pb_toggle][et_pb_code _builder_version=&#8221;4.14.8&#8243; _module_preset=&#8221;default&#8221; locked=&#8221;on&#8221; global_colors_info=&#8221;{}&#8221;]<script><!-- [et_pb_line_break_holder] -->(function($) {<!-- [et_pb_line_break_holder] -->    $(document).ready(function(){<!-- [et_pb_line_break_holder] -->        $('.et-readmore-toggle .et_pb_toggle_title').on('click', function(e) {<!-- [et_pb_line_break_holder] -->            if ($(e.target).closest('.et-readmore-toggle').hasClass('et_pb_toggle_open')) {<!-- [et_pb_line_break_holder] -->                $(this).text('Ver');<!-- [et_pb_line_break_holder] -->            } else {<!-- [et_pb_line_break_holder] -->                $(this).text('Pechar');<!-- [et_pb_line_break_holder] -->            }<!-- [et_pb_line_break_holder] -->        });<!-- [et_pb_line_break_holder] -->    });<!-- [et_pb_line_break_holder] -->})(jQuery);<!-- [et_pb_line_break_holder] --><!-- [et_pb_line_break_holder] --><\/script>[\/et_pb_code][\/et_pb_column][\/et_pb_row][et_pb_row admin_label=&#8221;Otras redes&#8221; _builder_version=&#8221;4.14.1&#8243; _module_preset=&#8221;default&#8221; custom_margin=&#8221;24px||||false|false&#8221; collapsed=&#8221;on&#8221; global_colors_info=&#8221;{}&#8221;][et_pb_column type=&#8221;4_4&#8243; _builder_version=&#8221;4.14.1&#8243; _module_preset=&#8221;default&#8221; global_colors_info=&#8221;{}&#8221;][et_pb_text admin_label=&#8221;Otras redes&#8221; _builder_version=&#8221;4.14.9&#8243; _module_preset=&#8221;default&#8221; global_colors_info=&#8221;{}&#8221;]<\/p>\n<h2>Outras redes<\/h2>\n<p>[\/et_pb_text][\/et_pb_column][\/et_pb_row][et_pb_row column_structure=&#8221;1_2,1_2&#8243; _builder_version=&#8221;4.14.8&#8243; _module_preset=&#8221;default&#8221; collapsed=&#8221;on&#8221; global_colors_info=&#8221;{}&#8221;][et_pb_column type=&#8221;1_2&#8243; _builder_version=&#8221;4.14.8&#8243; _module_preset=&#8221;default&#8221; global_colors_info=&#8221;{}&#8221;][et_pb_blurb url_new_window=&#8221;on&#8221; image=&#8221;https:\/\/www.idisantiago.es\/wp-content\/uploads\/2022\/01\/LOGO-REGIC-300&#215;105.jpg&#8221; admin_label=&#8221;REGIC&#8221; _builder_version=&#8221;4.14.9&#8243; _module_preset=&#8221;default&#8221; global_colors_info=&#8221;{}&#8221;][\/et_pb_blurb][et_pb_toggle title=&#8221;Ver&#8221; open_toggle_background_color=&#8221;RGBA(255,255,255,0)&#8221; closed_toggle_background_color=&#8221;RGBA(255,255,255,0)&#8221; module_class=&#8221;et-readmore-toggle&#8221; _builder_version=&#8221;4.14.9&#8243; _module_preset=&#8221;default&#8221; title_font=&#8221;|||on|||||&#8221; title_font_size=&#8221;16px&#8221; closed_title_font=&#8221;||||||||&#8221; body_font=&#8221;|300|||||||&#8221; custom_padding=&#8221;0px|0px|0px|0px|false|false&#8221; custom_css_main_element=&#8221;display:flex;||flex-direction: column;||align-items: flex-end;&#8221; custom_css_toggle_title=&#8221;order:2;||padding-right:25px !important;&#8221; custom_css_toggle_content=&#8221;order:1;||padding: 0px;&#8221; border_width_all=&#8221;0px&#8221; global_colors_info=&#8221;{}&#8221;]<\/p>\n<h5><a href=\"https:\/\/regic.org\/\">Rede de Entidades Xestoras de Investigaci\u00f3n Cl\u00ednica Hospitalaria e Biosanitaria (REGIC)<\/a><\/h5>\n<p>REGIC \u00e9 a primeira asociaci\u00f3n de entidades xestoras de investigaci\u00f3n cl\u00ednica creada en Espa\u00f1a a instancia dos profesionais, co fin de compartir experiencias e crear un espazo de interacci\u00f3n e formaci\u00f3n na xesti\u00f3n da I+D+i sanitaria.<\/p>\n<p>No seu conxunto, REGIC representa unha gran parte da investigaci\u00f3n cl\u00ednica de Espa\u00f1a e conta con representantes de pr\u00e1cticamente t\u00f3dalas comunidades aut\u00f3nomas.[\/et_pb_toggle][et_pb_code _builder_version=&#8221;4.14.8&#8243; _module_preset=&#8221;default&#8221; locked=&#8221;on&#8221; global_colors_info=&#8221;{}&#8221;]<script><!-- [et_pb_line_break_holder] -->(function($) {<!-- [et_pb_line_break_holder] -->    $(document).ready(function(){<!-- [et_pb_line_break_holder] -->        $('.et-readmore-toggle .et_pb_toggle_title').on('click', function(e) {<!-- [et_pb_line_break_holder] -->            if ($(e.target).closest('.et-readmore-toggle').hasClass('et_pb_toggle_open')) {<!-- [et_pb_line_break_holder] -->                $(this).text('Ver');<!-- [et_pb_line_break_holder] -->            } else {<!-- [et_pb_line_break_holder] -->                $(this).text('Pechar');<!-- [et_pb_line_break_holder] -->            }<!-- [et_pb_line_break_holder] -->        });<!-- [et_pb_line_break_holder] -->    });<!-- [et_pb_line_break_holder] -->})(jQuery);<!-- [et_pb_line_break_holder] --><!-- [et_pb_line_break_holder] --><\/script>[\/et_pb_code][\/et_pb_column][et_pb_column type=&#8221;1_2&#8243; _builder_version=&#8221;4.14.8&#8243; _module_preset=&#8221;default&#8221; global_colors_info=&#8221;{}&#8221;][\/et_pb_column][\/et_pb_row][\/et_pb_section][et_pb_section fb_built=&#8221;1&#8243; admin_label=&#8221;Logos_internas&#8221; _builder_version=&#8221;4.14.7&#8243; _module_preset=&#8221;default&#8221; background_color=&#8221;RGBA(255,255,255,0)&#8221; custom_margin=&#8221;5px|||||&#8221; custom_padding=&#8221;27px||0px|||&#8221; da_disable_devices=&#8221;off|off|off&#8221; global_module=&#8221;11879&#8243; saved_tabs=&#8221;all&#8221; locked=&#8221;off&#8221; collapsed=&#8221;on&#8221; global_colors_info=&#8221;{}&#8221; da_is_popup=&#8221;off&#8221; da_exit_intent=&#8221;off&#8221; da_has_close=&#8221;on&#8221; da_alt_close=&#8221;off&#8221; da_dark_close=&#8221;off&#8221; da_not_modal=&#8221;on&#8221; da_is_singular=&#8221;off&#8221; da_with_loader=&#8221;off&#8221; da_has_shadow=&#8221;on&#8221;][et_pb_row column_structure=&#8221;1_4,1_4,1_4,1_4&#8243; use_custom_gutter=&#8221;on&#8221; gutter_width=&#8221;1&#8243; disabled_on=&#8221;on|on|off&#8221; admin_label=&#8221;Fila escritorio&#8221; _builder_version=&#8221;4.14.8&#8243; _module_preset=&#8221;default&#8221; width=&#8221;100%&#8221; max_width=&#8221;1086px&#8221; custom_margin=&#8221;5px|auto|36px|auto||&#8221; global_colors_info=&#8221;{}&#8221;][et_pb_column type=&#8221;1_4&#8243; _builder_version=&#8221;4.14.1&#8243; _module_preset=&#8221;default&#8221; global_colors_info=&#8221;{}&#8221;][et_pb_image src=&#8221;https:\/\/www.idisantiago.es\/wp-content\/uploads\/2022\/02\/todos-1.png&#8221; title_text=&#8221;todos&#8221; url=&#8221;https:\/\/sanidade.xunta.gal\/portada&#8221; module_class=&#8221;logo1&#8243; _builder_version=&#8221;4.14.8&#8243; _module_preset=&#8221;default&#8221; custom_margin=&#8221;4%||||false|false&#8221; global_colors_info=&#8221;{}&#8221;][\/et_pb_image][\/et_pb_column][et_pb_column type=&#8221;1_4&#8243; _builder_version=&#8221;4.14.1&#8243; _module_preset=&#8221;default&#8221; global_colors_info=&#8221;{}&#8221;][et_pb_image src=&#8221;https:\/\/www.idisantiago.es\/wp-content\/uploads\/2022\/02\/sergas-1.png&#8221; title_text=&#8221;sergas&#8221; url=&#8221;https:\/\/www.sergas.es\/&#8221; align=&#8221;center&#8221; module_class=&#8221;logo2&#8243; _builder_version=&#8221;4.14.7&#8243; _module_preset=&#8221;default&#8221; custom_margin=&#8221;|||14px||&#8221; global_colors_info=&#8221;{}&#8221;][\/et_pb_image][\/et_pb_column][et_pb_column type=&#8221;1_4&#8243; _builder_version=&#8221;4.14.1&#8243; _module_preset=&#8221;default&#8221; global_colors_info=&#8221;{}&#8221;][et_pb_image src=&#8221;https:\/\/www.idisantiago.es\/wp-content\/uploads\/2022\/02\/usc-2.png&#8221; title_text=&#8221;usc&#8221; url=&#8221;https:\/\/www.usc.gal\/gl&#8221; align=&#8221;center&#8221; module_class=&#8221;logo3&#8243; _builder_version=&#8221;4.14.7&#8243; _module_preset=&#8221;default&#8221; custom_margin=&#8221;|||-2px||&#8221; custom_padding=&#8221;|||15px||&#8221; global_colors_info=&#8221;{}&#8221;][\/et_pb_image][\/et_pb_column][et_pb_column type=&#8221;1_4&#8243; _builder_version=&#8221;4.14.1&#8243; _module_preset=&#8221;default&#8221; global_colors_info=&#8221;{}&#8221;][et_pb_image src=&#8221;https:\/\/www.idisantiago.es\/wp-content\/uploads\/2022\/02\/idis-2.png&#8221; title_text=&#8221;idis&#8221; module_class=&#8221;logo4&#8243; _builder_version=&#8221;4.14.7&#8243; _module_preset=&#8221;default&#8221; global_colors_info=&#8221;{}&#8221;][\/et_pb_image][\/et_pb_column][\/et_pb_row][et_pb_row column_structure=&#8221;1_4,1_4,1_4,1_4&#8243; use_custom_gutter=&#8221;on&#8221; gutter_width=&#8221;1&#8243; disabled_on=&#8221;on|off|on&#8221; admin_label=&#8221;Fila tablet&#8221; module_class=&#8221;four-columns&#8221; _builder_version=&#8221;4.14.8&#8243; _module_preset=&#8221;default&#8221; width=&#8221;95%&#8221; max_width=&#8221;1086px&#8221; custom_margin=&#8221;5px|auto|36px|auto||&#8221; global_colors_info=&#8221;{}&#8221;][et_pb_column type=&#8221;1_4&#8243; _builder_version=&#8221;4.14.1&#8243; _module_preset=&#8221;default&#8221; global_colors_info=&#8221;{}&#8221;][et_pb_image src=&#8221;https:\/\/www.idisantiago.es\/wp-content\/uploads\/2022\/02\/todos-1.png&#8221; title_text=&#8221;todos&#8221; url=&#8221;https:\/\/sanidade.xunta.gal\/portada&#8221; module_class=&#8221;logo1&#8243; _builder_version=&#8221;4.14.8&#8243; _module_preset=&#8221;default&#8221; custom_margin=&#8221;4%||||false|false&#8221; global_colors_info=&#8221;{}&#8221;][\/et_pb_image][\/et_pb_column][et_pb_column type=&#8221;1_4&#8243; _builder_version=&#8221;4.14.1&#8243; _module_preset=&#8221;default&#8221; global_colors_info=&#8221;{}&#8221;][et_pb_image src=&#8221;https:\/\/www.idisantiago.es\/wp-content\/uploads\/2022\/02\/sergas-1.png&#8221; title_text=&#8221;sergas&#8221; url=&#8221;https:\/\/www.sergas.es\/&#8221; align=&#8221;center&#8221; module_class=&#8221;logo2&#8243; _builder_version=&#8221;4.14.7&#8243; _module_preset=&#8221;default&#8221; custom_margin=&#8221;|||14px||&#8221; global_colors_info=&#8221;{}&#8221;][\/et_pb_image][\/et_pb_column][et_pb_column type=&#8221;1_4&#8243; _builder_version=&#8221;4.14.1&#8243; _module_preset=&#8221;default&#8221; global_colors_info=&#8221;{}&#8221;][et_pb_image src=&#8221;https:\/\/www.idisantiago.es\/wp-content\/uploads\/2022\/02\/usc-2.png&#8221; title_text=&#8221;usc&#8221; url=&#8221;https:\/\/www.usc.gal\/gl&#8221; align=&#8221;center&#8221; module_class=&#8221;logo3&#8243; _builder_version=&#8221;4.14.7&#8243; _module_preset=&#8221;default&#8221; custom_margin=&#8221;|||-2px||&#8221; custom_padding=&#8221;|||15px||&#8221; global_colors_info=&#8221;{}&#8221;][\/et_pb_image][\/et_pb_column][et_pb_column type=&#8221;1_4&#8243; _builder_version=&#8221;4.14.1&#8243; _module_preset=&#8221;default&#8221; global_colors_info=&#8221;{}&#8221;][et_pb_image src=&#8221;https:\/\/www.idisantiago.es\/wp-content\/uploads\/2022\/02\/idis-2.png&#8221; title_text=&#8221;idis&#8221; module_class=&#8221;logo4&#8243; _builder_version=&#8221;4.14.7&#8243; _module_preset=&#8221;default&#8221; global_colors_info=&#8221;{}&#8221;][\/et_pb_image][\/et_pb_column][\/et_pb_row][et_pb_row column_structure=&#8221;1_2,1_2&#8243; use_custom_gutter=&#8221;on&#8221; gutter_width=&#8221;1&#8243; disabled_on=&#8221;off|on|on&#8221; admin_label=&#8221;Fila m\u00f3vil&#8221; _builder_version=&#8221;4.14.8&#8243; _module_preset=&#8221;default&#8221; width=&#8221;90%&#8221; max_width=&#8221;1376px&#8221; custom_margin=&#8221;|auto||auto|false|false&#8221; custom_css_main_element=&#8221;display:flex;&#8221; locked=&#8221;off&#8221; global_colors_info=&#8221;{}&#8221;][et_pb_column type=&#8221;1_2&#8243; _builder_version=&#8221;4.14.1&#8243; _module_preset=&#8221;default&#8221; global_colors_info=&#8221;{}&#8221;][et_pb_image src=&#8221;https:\/\/www.idisantiago.es\/wp-content\/uploads\/2022\/02\/todos-1.png&#8221; title_text=&#8221;todos&#8221; url=&#8221;https:\/\/sanidade.xunta.gal\/&#8221; align=&#8221;center&#8221; module_class=&#8221;logo1&#8243; _builder_version=&#8221;4.14.8&#8243; _module_preset=&#8221;default&#8221; custom_margin=&#8221;||||false|false&#8221; custom_padding=&#8221;||||false|false&#8221; global_colors_info=&#8221;{}&#8221;][\/et_pb_image][\/et_pb_column][et_pb_column type=&#8221;1_2&#8243; _builder_version=&#8221;4.14.1&#8243; _module_preset=&#8221;default&#8221; global_colors_info=&#8221;{}&#8221;][et_pb_image src=&#8221;https:\/\/www.idisantiago.es\/wp-content\/uploads\/2022\/02\/sergas-1.png&#8221; title_text=&#8221;todos&#8221; url=&#8221;https:\/\/www.sergas.es\/&#8221; align=&#8221;center&#8221; module_class=&#8221;logo1&#8243; _builder_version=&#8221;4.14.8&#8243; _module_preset=&#8221;default&#8221; custom_margin=&#8221;||||false|false&#8221; custom_padding=&#8221;||||false|false&#8221; global_colors_info=&#8221;{}&#8221;][\/et_pb_image][\/et_pb_column][\/et_pb_row][et_pb_row column_structure=&#8221;1_2,1_2&#8243; use_custom_gutter=&#8221;on&#8221; gutter_width=&#8221;1&#8243; disabled_on=&#8221;off|on|on&#8221; admin_label=&#8221;Fila m\u00f3vil&#8221; _builder_version=&#8221;4.14.8&#8243; _module_preset=&#8221;default&#8221; width=&#8221;90%&#8221; max_width=&#8221;1376px&#8221; custom_margin=&#8221;|auto|32px|auto|false|false&#8221; custom_css_main_element=&#8221;display:flex;&#8221; locked=&#8221;off&#8221; global_colors_info=&#8221;{}&#8221;][et_pb_column type=&#8221;1_2&#8243; _builder_version=&#8221;4.14.1&#8243; _module_preset=&#8221;default&#8221; global_colors_info=&#8221;{}&#8221;][et_pb_image src=&#8221;https:\/\/www.idisantiago.es\/wp-content\/uploads\/2022\/02\/usc-2.png&#8221; title_text=&#8221;todos&#8221; url=&#8221;https:\/\/www.usc.gal\/gl&#8221; align=&#8221;center&#8221; module_class=&#8221;logo1&#8243; _builder_version=&#8221;4.14.7&#8243; _module_preset=&#8221;default&#8221; custom_margin=&#8221;||||false|false&#8221; custom_padding=&#8221;||24px||false|false&#8221; global_colors_info=&#8221;{}&#8221;][\/et_pb_image][\/et_pb_column][et_pb_column type=&#8221;1_2&#8243; _builder_version=&#8221;4.14.1&#8243; _module_preset=&#8221;default&#8221; global_colors_info=&#8221;{}&#8221;][et_pb_image src=&#8221;https:\/\/www.idisantiago.es\/wp-content\/uploads\/2022\/02\/idis-2.png&#8221; title_text=&#8221;todos&#8221; align=&#8221;center&#8221; module_class=&#8221;logo1&#8243; _builder_version=&#8221;4.14.7&#8243; _module_preset=&#8221;default&#8221; custom_margin=&#8221;||||false|false&#8221; custom_padding=&#8221;||24px||false|false&#8221; locked=&#8221;off&#8221; global_colors_info=&#8221;{}&#8221;][\/et_pb_image][\/et_pb_column][\/et_pb_row][\/et_pb_section]<\/p>\n","protected":false},"excerpt":{"rendered":"<p>Redes do ISCIIIRICORS- Redes de Investigaci\u00f3n Cooperativa Orientadas a Resultados en Sa\u00fade Persoal IDIS con financiaci\u00f3n conseguida: 1-Red de Investigaci\u00f3n en Atenci\u00f3n Primaria de Adicciones (RIAPAd) RD21\/0009\/0011-Javier Costas Costas 2.-RICORS2040 [&hellip;]<\/p>\n","protected":false},"author":11,"featured_media":0,"parent":0,"menu_order":0,"comment_status":"closed","ping_status":"closed","template":"","meta":{"_et_pb_use_builder":"on","_et_pb_old_content":"","_et_gb_content_width":"","inline_featured_image":false,"footnotes":""},"class_list":["post-16731","page","type-page","status-publish","hentry"],"publishpress_future_workflow_manual_trigger":{"enabledWorkflows":[]},"_links":{"self":[{"href":"https:\/\/www.idisantiago.es\/gl\/wp-json\/wp\/v2\/pages\/16731","targetHints":{"allow":["GET"]}}],"collection":[{"href":"https:\/\/www.idisantiago.es\/gl\/wp-json\/wp\/v2\/pages"}],"about":[{"href":"https:\/\/www.idisantiago.es\/gl\/wp-json\/wp\/v2\/types\/page"}],"author":[{"embeddable":true,"href":"https:\/\/www.idisantiago.es\/gl\/wp-json\/wp\/v2\/users\/11"}],"replies":[{"embeddable":true,"href":"https:\/\/www.idisantiago.es\/gl\/wp-json\/wp\/v2\/comments?post=16731"}],"version-history":[{"count":10,"href":"https:\/\/www.idisantiago.es\/gl\/wp-json\/wp\/v2\/pages\/16731\/revisions"}],"predecessor-version":[{"id":19659,"href":"https:\/\/www.idisantiago.es\/gl\/wp-json\/wp\/v2\/pages\/16731\/revisions\/19659"}],"wp:attachment":[{"href":"https:\/\/www.idisantiago.es\/gl\/wp-json\/wp\/v2\/media?parent=16731"}],"curies":[{"name":"wp","href":"https:\/\/api.w.org\/{rel}","templated":true}]}}