{"id":12383,"date":"2022-02-08T11:31:09","date_gmt":"2022-02-08T10:31:09","guid":{"rendered":"https:\/\/www.idisantiago.es\/?post_type=project&#038;p=12383"},"modified":"2026-09-03T10:02:37","modified_gmt":"2026-09-03T08:02:37","slug":"e020-genetica-psiquiatrica2","status":"publish","type":"project","link":"https:\/\/www.idisantiago.es\/gl\/grupo-de-investigacion\/e020-genetica-psiquiatrica2\/","title":{"rendered":"E020 &#8211; Gen\u00e9tica Psiqui\u00e1trica"},"content":{"rendered":"<p>[et_pb_section fb_built=&#8221;1&#8243; _builder_version=&#8221;4.16&#8243; _module_preset=&#8221;default&#8221; custom_padding=&#8221;0px||||false|false&#8221; da_disable_devices=&#8221;off|off|off&#8221; global_colors_info=&#8221;{}&#8221; da_is_popup=&#8221;off&#8221; da_exit_intent=&#8221;off&#8221; da_has_close=&#8221;on&#8221; da_alt_close=&#8221;off&#8221; da_dark_close=&#8221;off&#8221; da_not_modal=&#8221;on&#8221; da_is_singular=&#8221;off&#8221; da_with_loader=&#8221;off&#8221; da_has_shadow=&#8221;on&#8221;][et_pb_row _builder_version=&#8221;4.16&#8243; _module_preset=&#8221;default&#8221; width=&#8221;100%&#8221; custom_padding=&#8221;0px||||false|false&#8221; locked=&#8221;off&#8221; collapsed=&#8221;on&#8221; global_colors_info=&#8221;{}&#8221;][et_pb_column type=&#8221;4_4&#8243; _builder_version=&#8221;4.16&#8243; _module_preset=&#8221;default&#8221; global_colors_info=&#8221;{}&#8221;][et_pb_text _builder_version=&#8221;4.16&#8243; _module_preset=&#8221;default&#8221; global_colors_info=&#8221;{}&#8221;]<\/p>\n<p>\u00c1REA: \u00a0<a href=\"https:\/\/www.idisantiago.es\/areas-de-investigacion\/a002-genetica-y-biologia-de-sistemas\/\">GEN\u00c9TICA Y BIOLOG\u00cdA DE SISTEMAS<\/a><\/p>\n<p>[\/et_pb_text][\/et_pb_column][\/et_pb_row][et_pb_row column_structure=&#8221;2_3,1_3&#8243; _builder_version=&#8221;4.16&#8243; _module_preset=&#8221;default&#8221; width=&#8221;100%&#8221; global_colors_info=&#8221;{}&#8221;][et_pb_column type=&#8221;2_3&#8243; _builder_version=&#8221;4.16&#8243; _module_preset=&#8221;default&#8221; global_colors_info=&#8221;{}&#8221;][et_pb_image src=&#8221;https:\/\/www.idisantiago.es\/wp-content\/uploads\/2021\/11\/grupo_investigacion.jpg&#8221; title_text=&#8221;Corporate portrait of office workers and employees&#8221; disabled_on=&#8221;on|on|on&#8221; _builder_version=&#8221;4.16&#8243; _module_preset=&#8221;default&#8221; disabled=&#8221;on&#8221; global_colors_info=&#8221;{}&#8221;][\/et_pb_image][et_pb_toggle title=&#8221;Objetivos y l\u00edneas de investigaci\u00f3n&#8221; admin_label=&#8221;Objetivos y l\u00edneas de investigaci\u00f3n&#8221; _builder_version=&#8221;4.16&#8243; _module_preset=&#8221;default&#8221; body_font=&#8221;|300|||||||&#8221; global_colors_info=&#8221;{}&#8221;]<\/p>\n<h3>Objetivos<\/h3>\n<p>Los trastornos mentales son muy frecuentes en la poblaci\u00f3n y representan una importante carga persoal y familiar. Nuestro grupo est\u00e1 centrado en el estudio de las bases gen\u00e9ticas de los trastornos mentales comunes. Como trazos complejos, los trastornos mentales surgen por una combinaci\u00f3n de m\u00faltiples factores de susceptibilidad gen\u00e9tica y ambiental. Entre los factores gen\u00e9ticos, hay multitud de variantes comunes de muy bajo efecto individual pero considerable efecto adictivo, as\u00ed como variantes raras de mayor efecto. La identificaci\u00f3n de factores gen\u00e9ticos asociados a los trastornos mentales est\u00e1 llevando a una mejor comprensi\u00f3n de su base biol\u00f3gica. Adem\u00e1s, nos permite crear biomarcadores gen\u00f3micos de susceptibilidad (estimas de riesgo polig\u00e9nico) en funci\u00f3n del efecto conjunto de las diferentes variantes. Este conocimiento mejorar\u00e1 el diagn\u00f3stico progn\u00f3stico y tratamiento de los pacientes, como consecuencia da estratificaci\u00f3n en subgrupos m\u00e1s homog\u00e9neos, de cara a la Medicina de Precisi\u00f3n en Psiquiatr\u00eda.<\/p>\n<h3>L\u00edneas de investigaci\u00f3n<\/h3>\n<p>1. Identificaci\u00f3n de factores gen\u00e9ticos de predisposici\u00f3n a trastornos mentales, principalmente esquizofrenia y trastornos por uso de drogas<br \/>2. Estimaciones de puntuaciones individuales de riesgo polig\u00e9nico a sufrir trastornos mentales debido a variantes comunes a lo largo del genoma<br \/>3. Asociaci\u00f3n de puntuaciones de riesgo polig\u00e9nico con caracter\u00edsticas cl\u00ednicas<br \/>4. Identificaci\u00f3n de conjuntos de genes funcionalmente relacionados implicados en la susceptibilidad a trastornos mentales<br \/>5. Identificaci\u00f3n de variantes gen\u00e9ticas raras de riesgo elevado a sufrir trastornos mentales<br \/>6. Interacci\u00f3n\/correlaci\u00f3n entre factores gen\u00e9ticos y ambientales en la susceptibilidad a trastornos mentales<br \/>7. Susceptibilidad gen\u00e9tica compartida entre trastornos mentales y su implicaci\u00f3n en la comorbilidad, principalmente patolog\u00eda dual (presencia de una drogodependencia y otro trastorno mental)<br \/>8. Implicaciones de la susceptibilidad gen\u00e9tica compartida entre diferentes trastornos mentales en la estructura jer\u00e1rquica de la psicopatolog\u00eda<\/p>\n<p>&nbsp;<\/p>\n<p>[\/et_pb_toggle][et_pb_toggle title=&#8221;Equipo investigador&#8221; admin_label=&#8221;Equipo investigador&#8221; _builder_version=&#8221;4.21.0&#8243; _module_preset=&#8221;default&#8221; body_font=&#8221;|300|||||||&#8221; hover_enabled=&#8221;0&#8243; global_colors_info=&#8221;{}&#8221; sticky_enabled=&#8221;0&#8243;]<\/p>\n<table style=\"width: 100%; border-collapse: collapse; border-style: hidden; height: 174px;\" border=\"0\">\n<tbody>\n<tr style=\"height: 174px;\">\n<td style=\"width: 50%; height: 174px;\">\n<p><strong>L\u00edder<\/strong><br \/>Costas Costas, Javier<\/p>\n<p>&nbsp;<\/p>\n<p><strong>Miembros<\/strong><br \/>Arrojo Romero, Manuel<br \/>Facal Molina, Fernando<br \/>J\u00e1come Ferrer, Pablo<br \/>P\u00e1ramo Fern\u00e1ndez, Mario<br \/>P\u00e9rez Guti\u00e9rrez, Ana Mar\u00eda<br \/>Visos Varela, Irene<\/p>\n<p>&nbsp;<\/p>\n<p><strong>Personal Colaborador Externo<\/strong><br \/>Al-Soufi Novo, Laila<br \/>Castro Prado, Fernando<\/p>\n<\/td>\n<\/tr>\n<\/tbody>\n<\/table>\n<p>[\/et_pb_toggle][et_pb_toggle title=&#8221;Proyectos&#8221; admin_label=&#8221;Proyectos (cambiar s\u00f3 codigo IDIS)&#8221; _builder_version=&#8221;4.16&#8243; _module_preset=&#8221;default&#8221; body_font=&#8221;|300|||||||&#8221; locked=&#8221;off&#8221; global_colors_info=&#8221;{}&#8221;]<\/p>\n\n<p>[\/et_pb_toggle][et_pb_toggle title=&#8221;Publicaciones&#8221; admin_label=&#8221;Publicaciones&#8221; _builder_version=&#8221;4.16&#8243; _module_preset=&#8221;default&#8221; body_font=&#8221;|300|||||||&#8221; global_colors_info=&#8221;{}&#8221;]<\/p>\n<ul>\n<li>Andreu-Bernabeu et al. <strong>Polygenic contribution to the relationship of loneliness and social isolation with schizophrenia<\/strong>. <em>Nature Communications<\/em>, 2022 Jan 10;13(1):51. <span style=\"color: #808000;\"><strong><a style=\"color: #808000;\" href=\"https:\/\/doi.org\/10.1038\/s41467-021-27598-6\">doi: 10.1038\/s41467-021-27598-6.<\/a><\/strong><\/span><\/li>\n<li>\u00a0Al-Soufi L et al. <strong>A polygenic approach to the association between smoking and schizophrenia<\/strong>. <em>Addiction Biology,<\/em>\u00a0<strong><span style=\"color: #808000;\"><a style=\"color: #808000;\" href=\"http:\/\/doi.org\/10.1111\/adb.13104\">http:\/\/doi.org\/10.1111\/adb.13104. <\/a><\/span><\/strong>PMID: 34779080<\/li>\n<li>Facal F et al. <strong>Genetic predisposition to alcohol dependence: The combined role of polygenic risk to general psychopathology and to high alcohol consumption.<\/strong>\u00a0 <em>Drug Alcohol Depend.<\/em> 2021 <span style=\"color: #808000;\"><strong><a style=\"color: #808000;\" href=\"https:\/\/doi.org\/10.1016\/j.drugalcdep.2021.108822\">doi:10.1016\/j.drugalcdep.2021.108556.<\/a> <\/strong><\/span>PMID: 3356166<\/li>\n<li>\u00a0Al-Soufi L, Costas J.<strong> Colocalization of association signals at nicotinic acetylcholine receptor genes between schizophrenia and smoking traits.<\/strong> <em>Drug Alcohol Depend.<\/em> 2021;220:108517. <span style=\"color: #808000;\"><strong><a style=\"color: #808000;\" href=\"https:\/\/doi.org\/10.1016\/j.drugalcdep.2021.108517\">doi: 10.1016\/j.drugalcdep.2021.108517.<\/a><\/strong><\/span> PMID: 33454625<\/li>\n<li>Gonz\u00e1lez-Pe\u00f1as J et al.\u00a0 <strong>Psychiatric comorbidities in Asperger syndrome are related with polygenic overlap and differ from other Autism subtypes.<\/strong> <em>Transl Psychiatry<\/em>. 2020;10(1):258. <span style=\"color: #808000;\"><strong><a style=\"color: #808000;\" href=\"https:\/\/doi.org\/10.1038\/s41398-020-00939-7\">doi: 10.1038\/s41398-020-00939-7<\/a><\/strong><\/span>. PMID: 32732888<\/li>\n<li>Rodriguez-L\u00f3pez J et al. <strong>Identification of relevant hub genes for early intervention at gene coexpression modules with altered predicted expression in schizophrenia<\/strong>.\u00a0 <em>Prog Neuropsychopharmacol Biol Psychiatry.<\/em> 2020;98:109815. <span style=\"color: #808000;\"><strong><a style=\"color: #808000;\" href=\"https:\/\/doi.org\/10.1016\/j.pnpbp.2019.109815\">doi: 10.1016\/j.pnpbp.2019.109815<\/a><\/strong><\/span>. PMID: 31715283.<\/li>\n<li>Facal F, Costas J. <strong>Evidence of association of the DISC1 interactome gene set with schizophrenia from GWAS<\/strong>. <em>Prog Neuropsychopharmacol Biol Psychiatry.<\/em> 2019;95:109729. <span style=\"color: #808000;\"><strong><a style=\"color: #808000;\" href=\"https:\/\/doi.org\/10.1016\/j.pnpbp.2019.109729\">doi: 10.1016\/j.pnpbp.2019.109729<\/a><\/strong><\/span>. PMID: 31398428.<\/li>\n<li>Gurriar\u00e1n X et al. <strong>Relationships between substance abuse\/dependence and psychiatric disorders based on polygenic scores.<\/strong> <em>Genes Brain Behav.<\/em> 2019;18(3):e12504. <span style=\"color: #808000;\"><strong><a style=\"color: #808000;\" href=\"https:\/\/doi.org\/10.1111\/gbb.12504\">doi: 10.1111\/gbb.12504<\/a><\/strong><\/span>. PMID: 29974660.<\/li>\n<\/ul>\n<p>[\/et_pb_toggle][et_pb_toggle title=&#8221;Web del grupo&#8221; disabled_on=&#8221;off|off|off&#8221; admin_label=&#8221;Web del grupo&#8221; _builder_version=&#8221;4.21.0&#8243; _module_preset=&#8221;default&#8221; body_font=&#8221;|300|||||||&#8221; global_colors_info=&#8221;{}&#8221;]<\/p>\n<p><a href=\"https:\/\/costas.quarto.pub\/xenetica-psiquiatrica-idis\/\">https:\/\/costas.quarto.pub\/xenetica-psiquiatrica-idis\/<\/a><\/p>\n<p>[\/et_pb_toggle][\/et_pb_column][et_pb_column type=&#8221;1_3&#8243; _builder_version=&#8221;4.16&#8243; _module_preset=&#8221;default&#8221; global_colors_info=&#8221;{}&#8221;][et_pb_text admin_label=&#8221;Investigador\/a l\u00edder&#8221; _builder_version=&#8221;4.16&#8243; _module_preset=&#8221;default&#8221; text_text_color=&#8221;#FFFFFF&#8221; header_text_color=&#8221;#FFFFFF&#8221; header_2_text_align=&#8221;left&#8221; header_2_text_color=&#8221;#FFFFFF&#8221; background_color=&#8221;#10294c&#8221; custom_margin=&#8221;0px||||false|false&#8221; custom_padding=&#8221;6px||0px|6px|false|false&#8221; locked=&#8221;on&#8221; global_colors_info=&#8221;{}&#8221;]<\/p>\n<h2>Investigador l\u00edder<\/h2>\n<p>[\/et_pb_text][et_pb_text admin_label=&#8221;WP Team (cambiar s\u00f3 a ID pola do l\u00edder de equipo)&#8221; _builder_version=&#8221;4.16&#8243; _module_preset=&#8221;default&#8221; locked=&#8221;on&#8221; global_colors_info=&#8221;{}&#8221;]<\/p>\n<div class=\"sp-wp-team-pro-wrapper wp-team-pro-preloader\" >\n\n<div id=\"sptp-10267\" class=\"sp-team-pro sptp-section sptp-new_page pagination_normal sptp-even\" >\n\n\t<div class=\"sp-team-pro-page-loading-image\"><\/div>\n\t<div class=\"sptp-grid\">\n\t\t<div class=\"sptp-row  \">\n\t\t\t\t\t<div class=\"sp-team-pro-item sptp-col-lg-1 sptp-col-md-1 sptp-col-sm-1 sptp-col-xs-1\"\n\t\t\t data-member=\"18957\">\n\t\t\t\t<div class=\"sptp-member  border-bg-around-member sptp-square\">\n\t<a class=\"sptp-member-avatar \"  href=https:\/\/www.idisantiago.es\/gl\/team\/javier-costas-costas\/ target=_blank >\n\t<div class=\"sptp-member-avatar-img-area\" data-id=\"18957\">\n\t\t<div class=\"sptp-member-avatar-img sptp-square sptp-icon-on-image none \">\n\t\t\t<div class=\"sptp-overflow-h\">\n\t\t\t\t\t\t\t\t\t<div class=\"sptp-icon text-center\">\n\t\t\t\t\t<i class=\"fa fa-plus\"><\/i>\t\t\t\t\t<\/div>\n\t\t\t\t\t\t\t\t<img loading=\"lazy\" decoding=\"async\" class=\"sptp_default_img\" srcset=\"https:\/\/www.idisantiago.es\/wp-content\/uploads\/2022\/02\/Costas_GE020_web_IDIS-320x320.jpg\" src=\"https:\/\/www.idisantiago.es\/wp-content\/uploads\/2022\/02\/Costas_GE020_web_IDIS-320x320.jpg\" alt=\"Javier Costas Costas\" width=\"320\" height=\"320\">\n\t\t\t\t\t\t\t<\/div>\n\t\t<\/div>\n\t<\/div>\n<\/a>\n\t<div class=\"sptp-member-name \">\n\t\t<h2>\n\t\t\t\t\tJavier Costas Costas\t\t\t\t<\/h2>\n\t<\/div>\n<div class=\"sptp-member-email\">\n\n<i class=\"fa fa-envelope\"><\/i>\t<a href=\"#0\"  class=\"\">\n\t\t<span>javier.costas.costas@sergas.es<\/span>\n\t<\/a>\n\t<\/div>\n<div class=\"sptp-member-phone\">\n<i class=\"fa fa-phone\"><\/i>\t<a href=\"#0\"  class=\"\" >\n\t\t<span>(+34) 981 955 452<\/span>\n\t<\/a>\n\t<\/div>\n<div class=\"sptp-read-more-button\">\n\t<a class=\"sptp-member-read-more-button\" href=\"https:\/\/www.idisantiago.es\/gl\/team\/javier-costas-costas\/\"> + INFO <\/a>\n<\/div>\n<\/div>\n\t\t\t\t<\/div>\n\t\t\t\t<\/div> <!-- end row -->\n\t<\/div> <!-- end grid -->\n\t\t\t<\/div>\n<\/div>\n\n<p>[\/et_pb_text][\/et_pb_column][\/et_pb_row][\/et_pb_section]<\/p>\n","protected":false},"excerpt":{"rendered":"<p>\u00c1REA: \u00a0GEN\u00c9TICA Y BIOLOG\u00cdA DE SISTEMASObjetivos Los trastornos mentales son muy frecuentes en la poblaci\u00f3n y representan una importante carga persoal y familiar. Nuestro grupo est\u00e1 centrado en el estudio [&hellip;]<\/p>\n","protected":false},"author":12,"featured_media":12163,"comment_status":"closed","ping_status":"closed","template":"","meta":{"_et_pb_use_builder":"on","_et_pb_old_content":"","_et_gb_content_width":"","inline_featured_image":false,"footnotes":""},"project_category":[368],"project_tag":[559,566],"class_list":["post-12383","project","type-project","status-publish","has-post-thumbnail","hentry","project_category-genetica-y-biologia-de-sistemas","project_tag-genetica","project_tag-psiquiatria"],"publishpress_future_workflow_manual_trigger":{"enabledWorkflows":[]},"_links":{"self":[{"href":"https:\/\/www.idisantiago.es\/gl\/wp-json\/wp\/v2\/project\/12383","targetHints":{"allow":["GET"]}}],"collection":[{"href":"https:\/\/www.idisantiago.es\/gl\/wp-json\/wp\/v2\/project"}],"about":[{"href":"https:\/\/www.idisantiago.es\/gl\/wp-json\/wp\/v2\/types\/project"}],"author":[{"embeddable":true,"href":"https:\/\/www.idisantiago.es\/gl\/wp-json\/wp\/v2\/users\/12"}],"replies":[{"embeddable":true,"href":"https:\/\/www.idisantiago.es\/gl\/wp-json\/wp\/v2\/comments?post=12383"}],"version-history":[{"count":23,"href":"https:\/\/www.idisantiago.es\/gl\/wp-json\/wp\/v2\/project\/12383\/revisions"}],"predecessor-version":[{"id":49509,"href":"https:\/\/www.idisantiago.es\/gl\/wp-json\/wp\/v2\/project\/12383\/revisions\/49509"}],"wp:featuredmedia":[{"embeddable":true,"href":"https:\/\/www.idisantiago.es\/gl\/wp-json\/wp\/v2\/media\/12163"}],"wp:attachment":[{"href":"https:\/\/www.idisantiago.es\/gl\/wp-json\/wp\/v2\/media?parent=12383"}],"wp:term":[{"taxonomy":"project_category","embeddable":true,"href":"https:\/\/www.idisantiago.es\/gl\/wp-json\/wp\/v2\/project_category?post=12383"},{"taxonomy":"project_tag","embeddable":true,"href":"https:\/\/www.idisantiago.es\/gl\/wp-json\/wp\/v2\/project_tag?post=12383"}],"curies":[{"name":"wp","href":"https:\/\/api.w.org\/{rel}","templated":true}]}}