{"id":19221,"date":"2022-01-18T15:12:35","date_gmt":"2022-01-18T14:12:35","guid":{"rendered":"https:\/\/www.idisantiago.es\/grupo-de-investigacion\/c027-interacciones-neuroendocrinas-en-enfermedades-reumaticas-e-inflamatorias-neirid\/"},"modified":"2025-07-09T14:33:20","modified_gmt":"2025-07-09T12:33:20","slug":"c027-interacciones-neuroendocrinas-en-enfermedades-reumaticas-e-inflamatorias-neirid","status":"publish","type":"project","link":"https:\/\/www.idisantiago.es\/gl\/grupo-de-investigacion\/c027-interacciones-neuroendocrinas-en-enfermedades-reumaticas-e-inflamatorias-neirid\/","title":{"rendered":"C027 &#8211; Interacci\u00f3ns Neuroendocrinas en Enfermidades Reum\u00e1ticas e Inflamatorias (Neirid)"},"content":{"rendered":"<p>[et_pb_section fb_built=&#8221;1&#8243; _builder_version=&#8221;4.16&#8243; _module_preset=&#8221;default&#8221; custom_padding=&#8221;0px||||false|false&#8221; da_disable_devices=&#8221;off|off|off&#8221; global_colors_info=&#8221;{}&#8221; da_is_popup=&#8221;off&#8221; da_exit_intent=&#8221;off&#8221; da_has_close=&#8221;on&#8221; da_alt_close=&#8221;off&#8221; da_dark_close=&#8221;off&#8221; da_not_modal=&#8221;on&#8221; da_is_singular=&#8221;off&#8221; da_with_loader=&#8221;off&#8221; da_has_shadow=&#8221;on&#8221;][et_pb_row _builder_version=&#8221;4.16&#8243; _module_preset=&#8221;default&#8221; width=&#8221;100%&#8221; custom_padding=&#8221;0px||||false|false&#8221; locked=&#8221;off&#8221; collapsed=&#8221;on&#8221; global_colors_info=&#8221;{}&#8221;][et_pb_column type=&#8221;4_4&#8243; _builder_version=&#8221;4.16&#8243; _module_preset=&#8221;default&#8221; global_colors_info=&#8221;{}&#8221;][et_pb_text _builder_version=&#8221;4.16&#8243; _module_preset=&#8221;default&#8221; global_colors_info=&#8221;{}&#8221;]\u00c1REA: <a href=\"https:\/\/www.idisantiago.es\/areas-de-investigacion\/a006-inflamacion\/\">INFLAMACI\u00d3N<\/a>[\/et_pb_text][\/et_pb_column][\/et_pb_row][et_pb_row column_structure=&#8221;2_3,1_3&#8243; _builder_version=&#8221;4.16&#8243; _module_preset=&#8221;default&#8221; width=&#8221;100%&#8221; global_colors_info=&#8221;{}&#8221;][et_pb_column type=&#8221;2_3&#8243; _builder_version=&#8221;4.16&#8243; _module_preset=&#8221;default&#8221; global_colors_info=&#8221;{}&#8221;][et_pb_image src=&#8221;https:\/\/www.idisantiago.es\/wp-content\/uploads\/2022\/02\/C027-Inv.png&#8221; title_text=&#8221;C027 Inv&#8221; _builder_version=&#8221;4.16&#8243; _module_preset=&#8221;default&#8221; global_colors_info=&#8221;{}&#8221;][\/et_pb_image][et_pb_toggle title=&#8221;Obxectivos e li\u00f1as de investigaci\u00f3n&#8221; admin_label=&#8221;Obxectivos e li\u00f1as de investigaci\u00f3n&#8221; _builder_version=&#8221;4.16&#8243; _module_preset=&#8221;default&#8221; body_font=&#8221;|300|||||||&#8221; global_colors_info=&#8221;{}&#8221;]<\/p>\n<h3>Obxectivos<\/h3>\n<p>Dr. Gualillo\u2019s primary research focussed on the immunometabolic molecular signals triggered by adipokines and on the pathways through which these molecules are involved in rheumatic diseases and in the inflammatory response of chondrocytes, synovial cell, and immune cells in particular in osteoarthritis, rheumatoid arthritis and intravertebral disc cells degeneration. Over the past years, his group has contributed to multiple aspects of research on the roles of adipokines in inflammation in rheumatic disorders and to define the molecular basis of immunometabolic responses in chondrocytes, cartilage and intravertebral disc. Dr. Gualillo\u2019s group is also involved in pre-clinical research applications of herbs and natural products in medicine, including studies of herb-drug interactions and other aspects of the safety and pharmacological properties of herbal medicines.<br \/>Very recently, the group has focused on the critical importance of biomaterials in the creation of new devices and systems for drug delivery and cell-based regenerative medicine.<\/p>\n<h3>Li\u00f1as de investigaci\u00f3n<\/h3>\n<p>1- Identification of extracellular and intracellular signaling of novel adipokines in cartilage and other joint tissues<br \/>2- Interactions between innate and adaptive immune system and adipose tissue: role of adipokines in the modulation of T regulatory cells and other immune cells subsets<br \/>3- Adipokines and intravertebral disc pathophysiology. Effects of adipokines on cartilage relevant trandscription factors<br \/>4- Effect of micronutrients of herbal and algae extract on cartilage and disc cells pathophysiology<br \/>5- Kinase inhibitors tom target inflammatory response in cartilage<\/p>\n<p>&nbsp;<\/p>\n<p>[\/et_pb_toggle][et_pb_toggle title=&#8221;Equipo investigador&#8221; admin_label=&#8221;Equipo investigador&#8221; _builder_version=&#8221;4.21.0&#8243; _module_preset=&#8221;default&#8221; body_font=&#8221;|300|||||||&#8221; hover_enabled=&#8221;0&#8243; global_colors_info=&#8221;{}&#8221; sticky_enabled=&#8221;0&#8243;]<\/p>\n<p><strong>L\u00edder<\/strong><br \/>Gualillo, Oreste<\/p>\n<p>&nbsp;<\/p>\n<table style=\"width: 100%; border-collapse: collapse; border-style: hidden;\" border=\"0\">\n<tbody>\n<tr>\n<td style=\"width: 50%;\"><strong>Membros<\/strong><br \/>Abdelhafez, Mariam Ramadan Farrag<br \/>Campos Cabaleiro, V\u00edctor<br \/>Casado Fern\u00e1ndez, Paula<br \/>Dom\u00ednguez Gra\u00f1a, Ant\u00eda<br \/>Farrag Zakaria, Yousof<br \/>Fern\u00e1ndez Bustillo, Jos\u00e9 Manuel<br \/>Fern\u00e1ndez Rodr\u00edguez, Tania<br \/>Gallego Goyanes, Adri\u00e1n<br \/>Gon\u00e7alvez Fern\u00e1ndez, Carolina<br \/>Gonz\u00e1lez Blanco, Laura<br \/>Hermida S\u00e1nchez, Miguel<br \/>Ortiz Perojo, Paula<br \/>Pino M\u00ednguez, Jes\u00fas<br \/>Pombo Exp\u00f3sito, Sergio<\/td>\n<td style=\"width: 50%;\">Sant\u00edn Amo, Jos\u00e9 Mar\u00eda<br \/>Sant\u00edn Mon, Daniel<br \/>Serramito Garc\u00eda, Ram\u00f3n<br \/>Sineiro Torres, Jorge<br \/>Varela Garc\u00eda, Mar\u00eda<br \/>V\u00e1zquez Agra, Nerea<br \/>Villar Liste, Rosa<\/p>\n<p>&nbsp;<\/p>\n<p><strong>Persoal Colaborador Externo<\/strong><br \/>Cordero Barreal, Alfonso<br \/>Lebor\u00e1ns Eiras, Susana<br \/>Ruiz Fern\u00e1ndez, Clara<\/p>\n<\/td>\n<\/tr>\n<\/tbody>\n<\/table>\n<p>[\/et_pb_toggle][et_pb_toggle title=&#8221;Proxectos&#8221; admin_label=&#8221;Proxectos (cambiar s\u00f3 codigo IDIS)&#8221; _builder_version=&#8221;4.16&#8243; _module_preset=&#8221;default&#8221; body_font=&#8221;|300|||||||&#8221; locked=&#8221;off&#8221; global_colors_info=&#8221;{}&#8221;]<\/p>\n\n<p>[\/et_pb_toggle][et_pb_toggle title=&#8221;Publicaci\u00f3ns&#8221; admin_label=&#8221;Publicaci\u00f3ns&#8221; _builder_version=&#8221;4.16&#8243; _module_preset=&#8221;default&#8221; body_font=&#8221;|300|||||||&#8221; global_colors_info=&#8221;{}&#8221;]<\/p>\n<ul>\n<li>Francisco V, Pino J, Gonz\u00e1lez-Gay M\u00c1, Lago F, Karppinen J, Tervonen O, Mobasheri A, Gualillo O. <strong>A new immunometabolic perspective of intervertebral disc degeneration<\/strong>. <em>Nat Rev Rheumatol.<\/em> 2021 Nov 29.<span style=\"color: #808000;\"><strong><a style=\"color: #808000;\" href=\"https:\/\/doi.org\/10.1038\/s41584-021-00713-z\"> doi: 10.1038\/s41584-021-00713-z<\/a>.<\/strong><\/span> PMID: 34845360.<\/li>\n<li>Seoane-Collazo P, Rial-Pensado E, Est\u00e9vez-Salguero \u00c1, Milbank E, Garc\u00eda-Caballero L, R\u00edos M, Li\u00f1ares-Pose L, Scotece M, Gallego R, Fern\u00e1ndez-Real JM, Nogueiras R, Di\u00e9guez C, Gualillo O, L\u00f3pez M. <strong>Activation of hypothalamic AMPK ameliorates metabolic complications of experimental arthritis.<\/strong> <em>Arthritis Rheumatol.<\/em> 2021 Aug 16. <span style=\"color: #808000;\"><strong><a style=\"color: #808000;\" href=\"https:\/\/doi.org\/10.1002\/art.41950\">doi: 10.1002\/art.41950<\/a>.<\/strong><\/span> PMID: 34398520.<\/li>\n<li>Ruiz-Fern\u00e1ndez C, Gonzalez-Rodr\u00edguez M, Francisco V, Rajab IM, G\u00f3mez R, Conde J, Lago F, Pino J, Mobasheri A, Gonzalez-Gay MA, Mera A, Potempa LA, Gualillo O. <strong>Monomeric C reactive protein (mCRP) regulates inflammatory responses in human and mouse chondrocytes<\/strong>. <em>Lab Invest.<\/em> 2021 Dec;101(12):1550-1560. <span style=\"color: #808000;\"><strong><a style=\"color: #808000;\" href=\"doi: 10.1038\/s41374-021-00584-8\">doi: 10.1038\/s41374-021-00584-8<\/a><\/strong><\/span>. Epub 2021 Mar 25. PMID: 33767361<\/li>\n<li>Conde J, Ruiz-Fernandez C, Francisco V, Scotece M, G\u00f3mez R, Lago F, Gonzalez-Gay MA, Pino J, Mobasheri A, Gualillo O. <strong>Dickkopf-3 (DKK3) Signaling in IL-1\u03b1-Challenged Chondrocytes: Involvement of the NF-\u03baB Pathway.<\/strong> <em>Cartilage<\/em>. 2020 Jun 12:1947603520933328.<span style=\"color: #808000;\"><strong> <a style=\"color: #808000;\" href=\"https:\/\/doi.org\/10.1177\/1947603520933328\">doi: 10.1177\/1947603520933328<\/a><\/strong><\/span>. PMID: 32532182.<\/li>\n<li>Francisco V, Ruiz-Fern\u00e1ndez C, Pino J, Mera A, Gonz\u00e1lez-Gay MA, G\u00f3mez R, Lago F, Mobasheri A, Gualillo O. <strong>Adipokines: Linking metabolic syndrome, the immune system, and arthritic diseases.<\/strong> <em>Biochem Pharmacol.<\/em> 2019 Jul;165:196-206.<span style=\"color: #808000;\"><strong> <a style=\"color: #808000;\" href=\"https:\/\/doi.org\/10.1016\/j.bcp.2019.03.030\">doi: 10.1016\/j.bcp.2019.03.030<\/a><\/strong><\/span>. Epub 2019 Mar 22. PMID: 30910694.<\/li>\n<li>Francisco V, Ruiz-Fern\u00e1ndez C, Gonz\u00e1lez-Rodr\u00edguez M, Cordero-Barreal A, Pino J, Vi\u00f1uela JE, Lago F, Conde J, G\u00f3mez R, Carvalho GR, Costa Pereira TM, Campos-Toimil M, Gualillo O. <strong>Evaluation of Virola oleifera activity in musculoskeletal pathologies: Inhibition of human multiple myeloma cells proliferation and combination therapy with dexamethasone or bortezomib.<\/strong><em> J Ethnopharmacol<\/em>. 2021 May 23;272:113932. <span style=\"color: #808000;\"><strong><a href=\"https:\/\/pubmed.ncbi.nlm.nih.gov\/33609728\/\">doi: 10.1016\/j.jep.2021.113932<\/a><\/strong><\/span>. Epub 2021 Feb 18. PMID: 33609728.<\/li>\n<li>Francisco V, Tovar S, Conde J, Pino J, Mera A, Lago F, Gonz\u00e1lez-Gay MA, Dieguez C, Gualillo O. <strong>Levels of the Novel Endogenous Antagonist of Ghrelin Receptor, Liver-Enriched Antimicrobial Peptide-2, in Patients with Rheumatoid Arthritis.<\/strong> <em>Nutrients<\/em>. 2020 Apr 6;12(4):1006. <span style=\"color: #808000;\"><strong><a style=\"color: #808000;\" href=\"https:\/\/doi.org\/10.3390\/nu12041006\">doi: 10.3390\/nu12041006<\/a><\/strong><\/span>. PMID: 32268520; PMCID: PMC7231392.<\/li>\n<li>Francisco V, Ruiz-Fern\u00e1ndez C, Lahera V, Lago F, Pino J, Skaltsounis L, Gonz\u00e1lez-Gay MA, Mobasheri A, G\u00f3mez R, Scotece M, Gualillo O. <strong>Natural Molecules for Healthy Lifestyles: Oleocanthal from Extra Virgin Olive Oil.&lt;2Fstrong&gt; <em>J Agric Food Chem.<\/em> 2019 Apr 10;67(14):3845-3853. <a href=\"https:\/\/doi.org\/10.1021\/acs.jafc.8b06723\"><span style=\"color: #808000;\"><strong>doi: 10.1021\/acs.jafc.8b06723<\/strong><\/span>.<\/a> Epub 2019 Mar 27. PMID: 30875206.<\/strong><\/li>\n<\/ul>\n<p>[\/et_pb_toggle][et_pb_toggle title=&#8221;Web do grupo&#8221; disabled_on=&#8221;on|on|on&#8221; admin_label=&#8221;Web do grupo&#8221; _builder_version=&#8221;4.16&#8243; _module_preset=&#8221;default&#8221; body_font=&#8221;|300|||||||&#8221; disabled=&#8221;on&#8221; global_colors_info=&#8221;{}&#8221;]<\/p>\n<p>https:\/\/<\/p>\n<p>[\/et_pb_toggle][\/et_pb_column][et_pb_column type=&#8221;1_3&#8243; _builder_version=&#8221;4.16&#8243; _module_preset=&#8221;default&#8221; global_colors_info=&#8221;{}&#8221;][et_pb_text admin_label=&#8221;Investigador\/a l\u00edder&#8221; _builder_version=&#8221;4.16&#8243; _module_preset=&#8221;default&#8221; text_text_color=&#8221;#FFFFFF&#8221; header_text_color=&#8221;#FFFFFF&#8221; header_2_text_align=&#8221;left&#8221; header_2_text_color=&#8221;#FFFFFF&#8221; background_color=&#8221;#10294c&#8221; custom_margin=&#8221;0px||||false|false&#8221; custom_padding=&#8221;6px||0px|6px|false|false&#8221; locked=&#8221;on&#8221; global_colors_info=&#8221;{}&#8221;]<\/p>\n<h2>Investigador l\u00edder<\/h2>\n<p>[\/et_pb_text][et_pb_text admin_label=&#8221;WP Team (cambiar s\u00f3 a ID pola do l\u00edder de equipo)&#8221; _builder_version=&#8221;4.16&#8243; _module_preset=&#8221;default&#8221; locked=&#8221;on&#8221; global_colors_info=&#8221;{}&#8221;]<\/p>\n<div class=\"sp-wp-team-pro-wrapper wp-team-pro-preloader\" >\n\n<div id=\"sptp-11025\" class=\"sp-team-pro sptp-section sptp-new_page pagination_normal sptp-even\" >\n\n\t<div class=\"sp-team-pro-page-loading-image\"><\/div>\n\t<div class=\"sptp-grid\">\n\t\t<div class=\"sptp-row  \">\n\t\t\t\t\t<div class=\"sp-team-pro-item sptp-col-lg-1 sptp-col-md-1 sptp-col-sm-1 sptp-col-xs-1\"\n\t\t\t data-member=\"12822\">\n\t\t\t\t<div class=\"sptp-member  border-bg-around-member sptp-square\">\n\t<a class=\"sptp-member-avatar \"  href=https:\/\/www.idisantiago.es\/gl\/team\/oreste-gualillo\/ target=_blank >\n\t<div class=\"sptp-member-avatar-img-area\" data-id=\"12822\">\n\t\t<div class=\"sptp-member-avatar-img sptp-square sptp-icon-on-image none \">\n\t\t\t<div class=\"sptp-overflow-h\">\n\t\t\t\t\t\t\t\t\t<div class=\"sptp-icon text-center\">\n\t\t\t\t\t<i class=\"fa fa-plus\"><\/i>\t\t\t\t\t<\/div>\n\t\t\t\t\t\t\t\t<img loading=\"lazy\" decoding=\"async\" class=\"sptp_default_img\" srcset=\"https:\/\/www.idisantiago.es\/wp-content\/uploads\/2022\/02\/Oreste-Gualillo.png\" src=\"https:\/\/www.idisantiago.es\/wp-content\/uploads\/2022\/02\/Oreste-Gualillo.png\" alt=\"Oreste Gualillo\" width=\"207\" height=\"250\">\n\t\t\t\t\t\t\t<\/div>\n\t\t<\/div>\n\t<\/div>\n<\/a>\n\t<div class=\"sptp-member-name \">\n\t\t<h2>\n\t\t\t\t\tOreste Gualillo\t\t\t\t<\/h2>\n\t<\/div>\n<div class=\"sptp-member-email\">\n\n<i class=\"fa fa-envelope\"><\/i>\t<a href=\"#0\"  class=\"\">\n\t\t<span>oreste.gualillo@sergas.es<\/span>\n\t<\/a>\n\t<\/div>\n<div class=\"sptp-member-phone\">\n<i class=\"fa fa-phone\"><\/i>\t<a href=\"#0\"  class=\"\" >\n\t\t<span>(+34) 981 950 905<\/span>\n\t<\/a>\n\t<\/div>\n<div class=\"sptp-read-more-button\">\n\t<a class=\"sptp-member-read-more-button\" href=\"https:\/\/www.idisantiago.es\/gl\/team\/oreste-gualillo\/\"> + INFO <\/a>\n<\/div>\n<\/div>\n\t\t\t\t<\/div>\n\t\t\t\t<\/div> <!-- end row -->\n\t<\/div> <!-- end grid -->\n\t\t\t<\/div>\n<\/div>\n\n<p>[\/et_pb_text][\/et_pb_column][\/et_pb_row][\/et_pb_section]<\/p>\n","protected":false},"excerpt":{"rendered":"<p>\u00c1REA: INFLAMACI\u00d3NObxectivos Dr. Gualillo\u2019s primary research focussed on the immunometabolic molecular signals triggered by adipokines and on the pathways through which these molecules are involved in rheumatic diseases and in [&hellip;]<\/p>\n","protected":false},"author":11,"featured_media":16276,"comment_status":"closed","ping_status":"closed","template":"","meta":{"_et_pb_use_builder":"on","_et_pb_old_content":"","_et_gb_content_width":"","inline_featured_image":false,"footnotes":""},"project_category":[508],"project_tag":[],"class_list":["post-19221","project","type-project","status-publish","has-post-thumbnail","hentry","project_category-cardiovascular-gl"],"publishpress_future_workflow_manual_trigger":{"enabledWorkflows":[]},"_links":{"self":[{"href":"https:\/\/www.idisantiago.es\/gl\/wp-json\/wp\/v2\/project\/19221","targetHints":{"allow":["GET"]}}],"collection":[{"href":"https:\/\/www.idisantiago.es\/gl\/wp-json\/wp\/v2\/project"}],"about":[{"href":"https:\/\/www.idisantiago.es\/gl\/wp-json\/wp\/v2\/types\/project"}],"author":[{"embeddable":true,"href":"https:\/\/www.idisantiago.es\/gl\/wp-json\/wp\/v2\/users\/11"}],"replies":[{"embeddable":true,"href":"https:\/\/www.idisantiago.es\/gl\/wp-json\/wp\/v2\/comments?post=19221"}],"version-history":[{"count":20,"href":"https:\/\/www.idisantiago.es\/gl\/wp-json\/wp\/v2\/project\/19221\/revisions"}],"predecessor-version":[{"id":41316,"href":"https:\/\/www.idisantiago.es\/gl\/wp-json\/wp\/v2\/project\/19221\/revisions\/41316"}],"wp:featuredmedia":[{"embeddable":true,"href":"https:\/\/www.idisantiago.es\/gl\/wp-json\/wp\/v2\/media\/16276"}],"wp:attachment":[{"href":"https:\/\/www.idisantiago.es\/gl\/wp-json\/wp\/v2\/media?parent=19221"}],"wp:term":[{"taxonomy":"project_category","embeddable":true,"href":"https:\/\/www.idisantiago.es\/gl\/wp-json\/wp\/v2\/project_category?post=19221"},{"taxonomy":"project_tag","embeddable":true,"href":"https:\/\/www.idisantiago.es\/gl\/wp-json\/wp\/v2\/project_tag?post=19221"}],"curies":[{"name":"wp","href":"https:\/\/api.w.org\/{rel}","templated":true}]}}