{"id":19248,"date":"2022-01-14T13:34:00","date_gmt":"2022-01-14T12:34:00","guid":{"rendered":"https:\/\/www.idisantiago.es\/grupo-de-investigacion\/e041-epigenomica-en-endocrinologia-y-nutricion\/"},"modified":"2026-04-07T13:58:07","modified_gmt":"2026-04-07T11:58:07","slug":"e041-epigenomica-en-endocrinologia-y-nutricion","status":"publish","type":"project","link":"https:\/\/www.idisantiago.es\/gl\/grupo-de-investigacion\/e041-epigenomica-en-endocrinologia-y-nutricion\/","title":{"rendered":"E041 &#8211; Epixen\u00f3mica en Endocrinolox\u00eda e Nutrici\u00f3n"},"content":{"rendered":"<p>[et_pb_section fb_built=&#8221;1&#8243; _builder_version=&#8221;4.16&#8243; _module_preset=&#8221;default&#8221; custom_padding=&#8221;0px||||false|false&#8221; da_disable_devices=&#8221;off|off|off&#8221; global_colors_info=&#8221;{}&#8221; da_is_popup=&#8221;off&#8221; da_exit_intent=&#8221;off&#8221; da_has_close=&#8221;on&#8221; da_alt_close=&#8221;off&#8221; da_dark_close=&#8221;off&#8221; da_not_modal=&#8221;on&#8221; da_is_singular=&#8221;off&#8221; da_with_loader=&#8221;off&#8221; da_has_shadow=&#8221;on&#8221;][et_pb_row _builder_version=&#8221;4.16&#8243; _module_preset=&#8221;default&#8221; width=&#8221;100%&#8221; custom_padding=&#8221;0px||||false|false&#8221; locked=&#8221;off&#8221; collapsed=&#8221;off&#8221; global_colors_info=&#8221;{}&#8221;][et_pb_column type=&#8221;4_4&#8243; _builder_version=&#8221;4.16&#8243; _module_preset=&#8221;default&#8221; global_colors_info=&#8221;{}&#8221;][et_pb_text _builder_version=&#8221;4.16&#8243; _module_preset=&#8221;default&#8221; global_colors_info=&#8221;{}&#8221;]<\/p>\n<p>\u00c1REA: <a href=\"https:\/\/www.idisantiago.es\/gl\/areas-de-investigacion\/a003-endocrinologia\/\">ENDOCRINOLOX\u00cdA<\/a><\/p>\n<p>[\/et_pb_text][\/et_pb_column][\/et_pb_row][et_pb_row column_structure=&#8221;2_3,1_3&#8243; _builder_version=&#8221;4.16&#8243; _module_preset=&#8221;default&#8221; width=&#8221;100%&#8221; global_colors_info=&#8221;{}&#8221;][et_pb_column type=&#8221;2_3&#8243; _builder_version=&#8221;4.16&#8243; _module_preset=&#8221;default&#8221; global_colors_info=&#8221;{}&#8221;][et_pb_image src=&#8221;https:\/\/www.idisantiago.es\/wp-content\/uploads\/2022\/02\/E041-Inv.jpg&#8221; title_text=&#8221;E041 Inv&#8221; _builder_version=&#8221;4.16&#8243; _module_preset=&#8221;default&#8221; global_colors_info=&#8221;{}&#8221;][\/et_pb_image][et_pb_toggle title=&#8221;Obxectivos e li\u00f1as de investigaci\u00f3n&#8221; admin_label=&#8221;Obxectivos e li\u00f1as de investigaci\u00f3n&#8221; _builder_version=&#8221;4.16&#8243; _module_preset=&#8221;default&#8221; body_font=&#8221;|300|||||||&#8221; global_colors_info=&#8221;{}&#8221;]<\/p>\n<h3>Obxectivos<\/h3>\n<p>O grupo de Epixen\u00f3mica en Endocrinolox\u00eda e Nutrici\u00f3n \u00e9 un grupo multidisciplinar composto por bi\u00f3logos, m\u00e9dicos endocrin\u00f3logos e nutricionistas e t\u00e9cnicos de apoio \u00e1 investigaci\u00f3n. Leva a cabo investigaci\u00f3n traslacional centrando a s\u00faa investigaci\u00f3n na identificaci\u00f3n e caracterizaci\u00f3n funcional de marcas epixen\u00e9ticas implicadas na susceptibilidade, a patox\u00e9nese e o tratamento da obesidade e as enfermidades relacionadas co exceso de peso, como a diabetes, resistencia \u00e1 insulina, enfermidade cardiovascular e o cancro. O cumprimento deste obxectivo l\u00f3grase mediante a aplicaci\u00f3n de t\u00e9cnicas epixen\u00e9ticas m\u00e1is avanzadas na an\u00e1lise do ADN nuclear e mitocondrial dende unha abordaxe epixen\u00f3mica y transcript\u00f3mica en modelos animais, li\u00f1as celulares e estudos cl\u00ednicos en humanos. A investigaci\u00f3n da regulaci\u00f3n epixen\u00f3mica no campo da Endocrinolox\u00eda e a Nutrici\u00f3n \u00e9 unha \u00e1rea novidosa e xove que nos pode aportar co\u00f1ecemento relevante para implementar a medicina personalizada e de precisi\u00f3n no manexo das enfermidades metab\u00f3licas.<\/p>\n<h3>Li\u00f1as de investigaci\u00f3n<\/h3>\n<ul>\n<li>A regulaci\u00f3n epixen\u00e9tica como o nexo de uni\u00f3n entre a obesidade e o cancro.<\/li>\n<li>Papel da epixen\u00e9tica na susceptibilidade \u00e1 obesidade e a resposta \u00f3s tratamentos antiobesidade.<\/li>\n<li>Papel da epixen\u00e9tica na homeostase enerx\u00e9tica, as sinais de apetito e a regulaci\u00f3n do peso corporal.<\/li>\n<li>Identificaci\u00f3n de biomarcadores epixen\u00e9ticos de susceptibilidade \u00e1 obesidade e terapia personalizada.<\/li>\n<li>Avaliaci\u00f3n do potencial de diferentes alimentos, compostos bioactivos e patr\u00f3ns de alimentaci\u00f3n como a Dieta Atl\u00e1ntica para modular a regulaci\u00f3n epixen\u00e9tica na prevenci\u00f3n e o tratamento de enfermidades endocrinas, especialmente a obesidade.<\/li>\n<\/ul>\n<p>&nbsp;<\/p>\n<p>[\/et_pb_toggle][et_pb_toggle title=&#8221;Equipo investigador&#8221; admin_label=&#8221;Equipo investigador&#8221; _builder_version=&#8221;4.21.0&#8243; _module_preset=&#8221;default&#8221; body_font=&#8221;|300|||||||&#8221; global_colors_info=&#8221;{}&#8221;]<\/p>\n<table style=\"width: 100%; border-collapse: collapse; border-style: hidden;\" border=\"0\">\n<tbody>\n<tr>\n<td style=\"width: 50%;\"><strong>L\u00edder<\/strong><br \/>Crujeiras Mart\u00ednez, Ana Bel\u00e9n<\/p>\n<p>&nbsp;<\/p>\n<p><strong>Membros<\/strong><br \/>Fern\u00e1ndez Arg\u00fceso, Mar\u00eda<br \/>Fern\u00e1ndez D\u00edaz, Mart\u00edn<br \/>Fern\u00e1ndez Xove, Irea<br \/>Gonz\u00e1lez Izquierdo, Andrea<br \/>Mari\u00f1o Lorenzo, Paula<br \/>Penas Su\u00e1rez, Noelia<br \/>Rendo Caneda, Mar\u00eda Isabel<br \/>Rodriguez Carnero, Mar\u00eda Gemma<br \/>Solar Iglesias, Ana<br \/>Sol\u00e9 P\u00e9rez, Claudia<br \/>Torrente Estr\u00edngana, Lorena<\/p>\n<\/td>\n<td style=\"width: 50%;\"><b>Persoal colaborador externo<\/b><br \/>Bellido Guerrero, Diego<br \/>Casanueva Freijo, Felipe<br \/>Pena Dubra, Alberto<br \/>Porca Fern\u00e1ndez, Cristina<br \/>S\u00e1nchez Bao, Ana Mar\u00eda<br \/>Tejera P\u00e9rez, Cristina<\/td>\n<\/tr>\n<\/tbody>\n<\/table>\n<p>[\/et_pb_toggle][et_pb_toggle title=&#8221;Proxectos&#8221; disabled_on=&#8221;off|off|off&#8221; admin_label=&#8221;Proyectos (cambiar s\u00f3 codigo IDIS)&#8221; _builder_version=&#8221;4.21.0&#8243; _module_preset=&#8221;default&#8221; body_font=&#8221;|300|||||||&#8221; hover_enabled=&#8221;0&#8243; locked=&#8221;off&#8221; global_colors_info=&#8221;{}&#8221; sticky_enabled=&#8221;0&#8243;]<\/p>\n<strong>Biomarcadores epigen\u00e9ticos y morfofuncionales de la respuesta a Tirzepatide en pacientes con Diabetes Mellitus tipo 2: hacia una medicina de precisi\u00f3n<\/strong><br \/>C\u00f3digo do proxecto: EPITIRZE-SED2024<br \/>Entidade financiadora: Sociedad Espa\u00f1ola de Diabetes<br \/>Duraci\u00f3n: 2024-2025<br \/>Cont\u00eda: 20000 EUR<br \/>Investigador\/a principal: <a href=\"\"><\/a> Gemma Rodr\u00edguez-Carnero<br \/><\/p>\n<p><strong>Epigenetics effect of nutritional intervention to improve cachexia in head and neck cancer patients<\/strong><br \/>C\u00f3digo do proxecto: Pfizer_78434893<br \/>Entidade financiadora: Pfizer Global Medical Grants<br \/>Duraci\u00f3n: 2023-2025<br \/>Cont\u00eda: 220000 EUR<br \/>Investigador\/a principal: <a href=\"\"><\/a> <br \/><\/p>\n<p><strong>Caracterizaci\u00f3n epigen\u00e9tica y morfofuncional del efecto de una intervenci\u00f3n nutricional en la enfermedad pulmonar obstructiva cr\u00f3nica (EPOC)<\/strong><br \/>C\u00f3digo do proxecto: EPIEPOC-SEEN2023<br \/>Entidade financiadora: Fundaci\u00f3n Sociedad Espa\u00f1ola de Endocrinolog\u00eda y Nutrici\u00f3n<br \/>Duraci\u00f3n: 2023-2025<br \/>Cont\u00eda: 10000 EUR<br \/>Investigador\/a principal: <a href=\"\"><\/a> ; Gemma Rodr\u00edguez-Carnero<br \/><\/p>\n<p><strong>Evaluaci\u00f3n del efecto de la p\u00e9rdida de peso inducida por intervenci\u00f3n nutricional durante el tratamiento oncol\u00f3gico sobre las marcas epigen\u00e9ticas y el pron\u00f3stico de c\u00e1ncer de mama asociado a la obesidad<\/strong><br \/>C\u00f3digo do proxecto: PI20\/00650<br \/>Entidade financiadora: Instituto de Salud Carlos III<br \/>Duraci\u00f3n: 2021-2023<br \/>Cont\u00eda: 222640 EUR<br \/>Investigador\/a principal: <a href=\"\"><\/a> <br \/><\/p>\n<p><strong>Medicina de precisi\u00f3n basada en marcadores epigen\u00e9ticos para la suplementaci\u00f3n nutricional del embarazo<\/strong><br \/>C\u00f3digo do proxecto: EPI-DMG-SGENM<br \/>Entidade financiadora: Fundaci\u00f3n de Endocrinolog\u00eda y Nutrici\u00f3n Gallega<br \/>Duraci\u00f3n: 2021-2022<br \/>Cont\u00eda: 3000 EUR<br \/>Investigador\/a principal: <a href=\"\"><\/a> ; Gemma Rodr\u00edguez-Carnero<br \/><\/p>\n<p><strong>Efecto epigen\u00e9tico de la intervenci\u00f3n nutricional sobre la sarcopenia y el pron\u00f3stico de la enfermedad obstructiva cr\u00f3nica (EPOC)<\/strong><br \/>C\u00f3digo do proxecto: EPIEPOC-SENPE2021<br \/>Entidade financiadora: Fundaci\u00f3n SENPE<br \/>Duraci\u00f3n: 2021-2022<br \/>Cont\u00eda: 9412 EUR<br \/>Investigador\/a principal: <a href=\"\"><\/a> ; Gemma Rodr\u00edguez-Carnero<br \/><\/p>\n<p><strong>Asociaci\u00f3n entre los niveles de metilaci\u00f3n de los genes SOD1, C9orf72, TDP43 y FUS y el tratamiento cl\u00ednico nutricional en la evoluci\u00f3n de pacientes con ELA<\/strong><br \/>C\u00f3digo do proxecto: EPINUTRELA<br \/>Entidade financiadora: Fundaci\u00f3n Sociedad Espa\u00f1ola de Endocrinolog\u00eda y Nutrici\u00f3n<br \/>Duraci\u00f3n: 2020-2022<br \/>Cont\u00eda: 6000 EUR<br \/>Investigador\/a principal: <a href=\"\"><\/a> ; Ana Cant\u00f3n Blanco<br \/><\/p>\n<p><strong>Axudas para a consolidaci\u00f3n e estructuraci\u00f3n de unidades de investigaci\u00f3n competitivas e outras acci\u00f3ns de fomento nos organismos p\u00fablicos de investigaci\u00f3n de Galicia e noutras entidades do sistema galego de I+D+i &#8211; Grupos de Potencial Crecemento<\/strong><br \/>C\u00f3digo do proxecto: IN607B2020<br \/>Entidade financiadora: Axencia Galega de Innovaci\u00f3n<br \/>Duraci\u00f3n: 2020-2022<br \/>Cont\u00eda: 90000<br \/>Investigador\/a principal: <a href=\"\"><\/a> <br \/><\/p>\n<p><strong>Characterization of breast cancer in obese women as a new molecular subtype: Relevance for the application of personalized therapy<\/strong><br \/>C\u00f3digo do proxecto: CP17\/00088<br \/>Entidade financiadora: Instituto de Salud Carlos III<br \/>Duraci\u00f3n: 2018-2021<br \/>Cont\u00eda: 100000 EUR<br \/>Investigador\/a principal: <a href=\"\"><\/a> <br \/><\/p>\n<p><strong>Microbiome and methylome relationship before and after a weight loss treatment in liquid biopsia from patients with obesity-related liver disease for the identification of liver risk biomarkers<\/strong><br \/>C\u00f3digo do proxecto: ONCOHEPATOBESITY- OBN18PI04\/2019<br \/>Entidade financiadora: Instituto de Salud Carlos III<br \/>Duraci\u00f3n: 2018-2019<br \/>Cont\u00eda: 90000 EUR<br \/>Investigador\/a principal: <a href=\"\"><\/a> <br \/><\/p>\n<p>\n<p>[\/et_pb_toggle][et_pb_toggle title=&#8221;Publicaci\u00f3ns&#8221; disabled_on=&#8221;off|off|off&#8221; admin_label=&#8221;Publicaciones&#8221; _builder_version=&#8221;4.21.0&#8243; _module_preset=&#8221;default&#8221; body_font=&#8221;|300|||||||&#8221; global_colors_info=&#8221;{}&#8221;]<\/p>\n<ul>\n<li>NCD Risk Factor Collaboration (NCD-RisC).\u00a0<strong>Worldwide trends in underweight and obesity from 1990 to 2022: a pooled analysis of 3663 population-representative studies with 222 million children, adolescents, and adults<\/strong>.\u00a0<em>Lancet<\/em>. 2024 Mar 16;403(10431):1027-1050.<a href=\"https:\/\/doi.org\/10.1016\/s0140-6736(23)02750-2\"><strong>\u00a0<span style=\"color: #808000;\">doi: 10.1016\/S0140-6736(23)02750-2<\/span><\/strong><\/a><span style=\"color: #808000;\">.<\/span><\/li>\n<li>Lorenzo PM, Izquierdo AG, Rodriguez-Carnero G, Fern\u00e1ndez-Pombo A, Iglesias A, Carreira MC, Tejera C, Bellido D, Martinez-Olmos MA, Leis R, Casanueva FF, Crujeiras AB.\u00a0<strong>Epigenetic Effects of Healthy Foods and Lifestyle Habits from the Southern European Atlantic Diet Pattern: A Narrative Review.<\/strong>\u00a0<em>Adv Nutr<\/em>. 2022 Oct 2;13(5):1725-1747.\u00a0<span style=\"color: #808000;\"><a style=\"color: #808000;\" href=\"https:\/\/doi.org\/10.1093\/advances\/nmac038\"><strong>doi: 10.1093\/advances\/nmac038.<\/strong><\/a><\/span><\/li>\n<li>NCD Risk Factor Collaboration (NCD-RisC).\u00a0<strong>Diminishing benefits of urban living for children and adolescents\u2019 growth and development<\/strong>.\u00a0<em>Nature<\/em>. 2023 Mar;615(7954):874-883.<span style=\"color: #808000;\">\u00a0<a style=\"color: #808000;\" href=\"https:\/\/doi.org\/10.1038\/s41586-023-05772-8\"><strong>doi: 10.1038\/s41586-023-05772-8<\/strong><\/a><\/span><\/li>\n<li>Lorenzo PM, Sajoux I, Izquierdo AG, Gomez-Arbelaez D, Zulet MA, Abete I, Castro AI, Baltar J, Portillo MP, Tinahones FJ, Martinez JA, Casanueva FF, Crujeiras AB.\u00a0<strong>Immunomodulatory effect of a very-low-calorie ketogenic diet compared with bariatric surgery and a low-calorie diet in patients with excessive body weight<\/strong>.\u00a0<em>Clin Nutr<\/em>. 2022 Jul;41(7):1566-1577.\u00a0<span style=\"color: #808000;\"><a style=\"color: #808000;\" href=\"https:\/\/doi.org\/10.1016\/j.clnu.2022.05.007\"><strong>doi: 10.1016\/j.clnu.2022.05.007.<\/strong><\/a><\/span><\/li>\n<li>Izquierdo AG, Boughanem H, Diaz-Lagares A, Arranz-Salas I, Esteller M, Tinahones FJ, Casanueva FF, Macias-Gonzalez M, Crujeiras AB. DNA methylome in visceral adipose tissue can discriminate patients with and without colorectal cancer.\u00a0<em>Epigenetics<\/em>. 2022 Jun;17(6):665-676.<span style=\"color: #808000;\">\u00a0<a style=\"color: #808000;\" href=\"https:\/\/doi.org\/10.1080\/15592294.2021.1950991\"><strong>doi: 10.1080\/15592294.2021.1950991<\/strong><\/a><\/span><\/li>\n<li>Crujeiras AB, Izquierdo AG, Primo D, Milagro FI, Sajoux I, J\u00e1come A, Fernandez-Quintela A, Portillo MP, Mart\u00ednez JA, Martinez-Olmos MA, de Luis D, Casanueva FF.\u00a0<strong>Epigenetic landscape in blood leukocytes following ketosis and weight loss induced by a very low calorie ketogenic diet (VLCKD) in patients with obesity.<\/strong>\u00a0<em>Clin Nutr.<\/em>\u00a02021 Jun;40(6):3959-3972.\u00a0<span style=\"color: #808000;\"><a style=\"color: #808000;\" href=\"https:\/\/doi.org\/10.1016\/j.clnu.2021.05.010\"><strong>doi: 10.1016\/j.clnu.2021.05.010<\/strong><\/a><\/span><\/li>\n<li>Lorenzo PM, Izquierdo AG, Diaz-Lagares A, Carreira MC, Macias-Gonzalez M, Sandoval J, Cueva J, Lopez-Lopez R, Casanueva FF, Crujeiras AB.\u00a0<strong>ZNF577 Methylation Levels in Leukocytes From Women With Breast Cancer Is Modulated by Adiposity, Menopausal State, and the Mediterranean Diet<\/strong>.\u00a0<em>Front Endocrinol (Lausanne)<\/em>. 2020 Apr 23;11:245.<span style=\"color: #808000;\">\u00a0<a style=\"color: #808000;\" href=\"https:\/\/doi.org\/10.3389\/fendo.2020.00245\"><strong>doi: 10.3389\/fendo.2020.00245<\/strong><\/a><\/span><\/li>\n<li>Izquierdo AG, Carreira MC, Amil M, Mosteiro CS, Garcia-Caballero T, Fernandez-Quintela A, Portillo MP, Casanueva FF, Crujeiras AB.\u00a0<strong>An energy restriction-based weight loss intervention is able to reverse the effects of obesity on the expression of liver tumor-promoting genes<\/strong>.\u00a0<em>FASEB J<\/em>. 2020 Feb;34(2):2312-2325.\u00a0<span style=\"color: #808000;\"><a style=\"color: #808000;\" href=\"https:\/\/doi.org\/10.1096\/fj.201901147rr\"><strong>doi: 10.1096\/fj.201901147RR<\/strong><\/a><\/span><\/li>\n<\/ul>\n<p>[\/et_pb_toggle][et_pb_toggle title=&#8221;Web do grupo&#8221; disabled_on=&#8221;off|off|off&#8221; admin_label=&#8221;Web del grupo&#8221; _builder_version=&#8221;4.21.0&#8243; _module_preset=&#8221;default&#8221; body_font=&#8221;|300|||||||&#8221; global_colors_info=&#8221;{}&#8221;]<\/p>\n<p><a href=\"https:\/\/orcid.org\/0000-0003-4392-0301\">https:\/\/orcid.org\/0000-0003-4392-0301<\/a><\/p>\n<p>[\/et_pb_toggle][\/et_pb_column][et_pb_column type=&#8221;1_3&#8243; _builder_version=&#8221;4.16&#8243; _module_preset=&#8221;default&#8221; global_colors_info=&#8221;{}&#8221;][et_pb_text admin_label=&#8221;Investigador\/a l\u00edder&#8221; _builder_version=&#8221;4.16&#8243; _module_preset=&#8221;default&#8221; text_text_color=&#8221;#FFFFFF&#8221; header_text_color=&#8221;#FFFFFF&#8221; header_2_text_align=&#8221;left&#8221; header_2_text_color=&#8221;#FFFFFF&#8221; background_color=&#8221;#10294c&#8221; custom_margin=&#8221;0px||||false|false&#8221; custom_padding=&#8221;6px||0px|6px|false|false&#8221; locked=&#8221;on&#8221; global_colors_info=&#8221;{}&#8221;]<\/p>\n<h2>Investigadora l\u00edder<\/h2>\n<p>[\/et_pb_text][et_pb_text admin_label=&#8221;WP Team (cambiar s\u00f3 a ID pola do l\u00edder de equipo)&#8221; _builder_version=&#8221;4.16&#8243; _module_preset=&#8221;default&#8221; locked=&#8221;on&#8221; global_colors_info=&#8221;{}&#8221;]<\/p>\n<div class=\"sp-wp-team-pro-wrapper wp-team-pro-preloader\" >\n\n<div id=\"sptp-10705\" class=\"sp-team-pro sptp-section sptp-new_page pagination_normal sptp-even\" >\n\n\t<div class=\"sp-team-pro-page-loading-image\"><\/div>\n\t<div class=\"sptp-grid\">\n\t\t<div class=\"sptp-row  \">\n\t\t\t\t\t<div class=\"sp-team-pro-item sptp-col-lg-1 sptp-col-md-1 sptp-col-sm-1 sptp-col-xs-1\"\n\t\t\t data-member=\"18923\">\n\t\t\t\t<div class=\"sptp-member  border-bg-around-member sptp-square\">\n\t<a class=\"sptp-member-avatar \"  href=https:\/\/www.idisantiago.es\/gl\/team\/ana-belen-crujeiras-martinez\/ target=_blank >\n\t<div class=\"sptp-member-avatar-img-area\" data-id=\"18923\">\n\t\t<div class=\"sptp-member-avatar-img sptp-square sptp-icon-on-image none \">\n\t\t\t<div class=\"sptp-overflow-h\">\n\t\t\t\t\t\t\t\t\t<div class=\"sptp-icon text-center\">\n\t\t\t\t\t<i class=\"fa fa-plus\"><\/i>\t\t\t\t\t<\/div>\n\t\t\t\t\t\t\t\t<img loading=\"lazy\" decoding=\"async\" class=\"sptp_default_img\" srcset=\"https:\/\/www.idisantiago.es\/wp-content\/uploads\/2022\/02\/Ana-B-Crujeiras-2-320x320.jpg\" src=\"https:\/\/www.idisantiago.es\/wp-content\/uploads\/2022\/02\/Ana-B-Crujeiras-2-320x320.jpg\" alt=\"Ana Bel\u00e9n Crujeiras Mart\u00ednez\" width=\"320\" height=\"320\">\n\t\t\t\t\t\t\t<\/div>\n\t\t<\/div>\n\t<\/div>\n<\/a>\n\t<div class=\"sptp-member-name \">\n\t\t<h2>\n\t\t\t\t\tAna Bel\u00e9n Crujeiras Mart\u00ednez\t\t\t\t<\/h2>\n\t<\/div>\n<div class=\"sptp-member-email\">\n\n<i class=\"fa fa-envelope\"><\/i>\t<a href=\"#0\"  class=\"\">\n\t\t<span>ana.belen.crujeiras.martinez@sergas.es<\/span>\n\t<\/a>\n\t<\/div>\n<div class=\"sptp-member-phone\">\n<i class=\"fa fa-phone\"><\/i>\t<a href=\"#0\"  class=\"\" >\n\t\t<span>(+34) 981 955 710<\/span>\n\t<\/a>\n\t<\/div>\n<div class=\"sptp-member-website\">\n<i class=\"fa fa-globe\"><\/i>\t<a href=\"https:\/\/orcid.org\/0000-0003-4392-0301\"  class=\"\" target=\"_blank\">\n\t\t<span>https:\/\/orcid.org\/0000-0003-4392-0301<\/span>\n\t<\/a>\n\t<\/div>\n<div class=\"sptp-read-more-button\">\n\t<a class=\"sptp-member-read-more-button\" href=\"https:\/\/www.idisantiago.es\/gl\/team\/ana-belen-crujeiras-martinez\/\"> + INFO <\/a>\n<\/div>\n<\/div>\n\t\t\t\t<\/div>\n\t\t\t\t<\/div> <!-- end row -->\n\t<\/div> <!-- end grid -->\n\t\t\t<\/div>\n<\/div>\n\n<p>[\/et_pb_text][\/et_pb_column][\/et_pb_row][\/et_pb_section]<\/p>\n","protected":false},"excerpt":{"rendered":"<p>\u00c1REA: ENDOCRINOLOX\u00cdAObxectivos O grupo de Epixen\u00f3mica en Endocrinolox\u00eda e Nutrici\u00f3n \u00e9 un grupo multidisciplinar composto por bi\u00f3logos, m\u00e9dicos endocrin\u00f3logos e nutricionistas e t\u00e9cnicos de apoio \u00e1 investigaci\u00f3n. Leva a cabo [&hellip;]<\/p>\n","protected":false},"author":11,"featured_media":13757,"comment_status":"closed","ping_status":"closed","template":"","meta":{"_et_pb_use_builder":"on","_et_pb_old_content":"","_et_gb_content_width":"","inline_featured_image":false,"footnotes":""},"project_category":[505],"project_tag":[],"class_list":["post-19248","project","type-project","status-publish","has-post-thumbnail","hentry","project_category-endocrinologia-gl"],"publishpress_future_workflow_manual_trigger":{"enabledWorkflows":[]},"_links":{"self":[{"href":"https:\/\/www.idisantiago.es\/gl\/wp-json\/wp\/v2\/project\/19248","targetHints":{"allow":["GET"]}}],"collection":[{"href":"https:\/\/www.idisantiago.es\/gl\/wp-json\/wp\/v2\/project"}],"about":[{"href":"https:\/\/www.idisantiago.es\/gl\/wp-json\/wp\/v2\/types\/project"}],"author":[{"embeddable":true,"href":"https:\/\/www.idisantiago.es\/gl\/wp-json\/wp\/v2\/users\/11"}],"replies":[{"embeddable":true,"href":"https:\/\/www.idisantiago.es\/gl\/wp-json\/wp\/v2\/comments?post=19248"}],"version-history":[{"count":28,"href":"https:\/\/www.idisantiago.es\/gl\/wp-json\/wp\/v2\/project\/19248\/revisions"}],"predecessor-version":[{"id":46063,"href":"https:\/\/www.idisantiago.es\/gl\/wp-json\/wp\/v2\/project\/19248\/revisions\/46063"}],"wp:featuredmedia":[{"embeddable":true,"href":"https:\/\/www.idisantiago.es\/gl\/wp-json\/wp\/v2\/media\/13757"}],"wp:attachment":[{"href":"https:\/\/www.idisantiago.es\/gl\/wp-json\/wp\/v2\/media?parent=19248"}],"wp:term":[{"taxonomy":"project_category","embeddable":true,"href":"https:\/\/www.idisantiago.es\/gl\/wp-json\/wp\/v2\/project_category?post=19248"},{"taxonomy":"project_tag","embeddable":true,"href":"https:\/\/www.idisantiago.es\/gl\/wp-json\/wp\/v2\/project_tag?post=19248"}],"curies":[{"name":"wp","href":"https:\/\/api.w.org\/{rel}","templated":true}]}}