{"id":19266,"date":"2022-01-14T11:42:01","date_gmt":"2022-01-14T10:42:01","guid":{"rendered":"https:\/\/www.idisantiago.es\/grupo-de-investigacion\/e051-patologia-medico-quirurgica-oral-y-maxilofacial-oralres\/"},"modified":"2026-02-27T09:54:49","modified_gmt":"2026-02-27T08:54:49","slug":"e051-patologia-medico-quirurgica-oral-y-maxilofacial-oralres","status":"publish","type":"project","link":"https:\/\/www.idisantiago.es\/gl\/grupo-de-investigacion\/e051-patologia-medico-quirurgica-oral-y-maxilofacial-oralres\/","title":{"rendered":"E051 &#8211; Patolox\u00eda m\u00e9dico-quir\u00farxica oral e maxilofacial (ORALRES)"},"content":{"rendered":"<p>[et_pb_section fb_built=&#8221;1&#8243; _builder_version=&#8221;4.16&#8243; _module_preset=&#8221;default&#8221; custom_padding=&#8221;0px||||false|false&#8221; da_disable_devices=&#8221;off|off|off&#8221; global_colors_info=&#8221;{}&#8221; da_is_popup=&#8221;off&#8221; da_exit_intent=&#8221;off&#8221; da_has_close=&#8221;on&#8221; da_alt_close=&#8221;off&#8221; da_dark_close=&#8221;off&#8221; da_not_modal=&#8221;on&#8221; da_is_singular=&#8221;off&#8221; da_with_loader=&#8221;off&#8221; da_has_shadow=&#8221;on&#8221;][et_pb_row _builder_version=&#8221;4.16&#8243; _module_preset=&#8221;default&#8221; width=&#8221;100%&#8221; custom_padding=&#8221;0px||||false|false&#8221; locked=&#8221;off&#8221; collapsed=&#8221;on&#8221; global_colors_info=&#8221;{}&#8221;][et_pb_column type=&#8221;4_4&#8243; _builder_version=&#8221;4.16&#8243; _module_preset=&#8221;default&#8221; global_colors_info=&#8221;{}&#8221;][et_pb_text _builder_version=&#8221;4.16&#8243; _module_preset=&#8221;default&#8221; global_colors_info=&#8221;{}&#8221;]<\/p>\n<p>\u00c1REA: <a href=\"https:\/\/www.idisantiago.es\/gl\/areas-de-investigacion\/a001-oncoloxia\/\">ONCOLOX\u00cdA<\/a><\/p>\n<p>[\/et_pb_text][\/et_pb_column][\/et_pb_row][et_pb_row column_structure=&#8221;2_3,1_3&#8243; _builder_version=&#8221;4.16&#8243; _module_preset=&#8221;default&#8221; width=&#8221;100%&#8221; global_colors_info=&#8221;{}&#8221;][et_pb_column type=&#8221;2_3&#8243; _builder_version=&#8221;4.16&#8243; _module_preset=&#8221;default&#8221; global_colors_info=&#8221;{}&#8221;][et_pb_image src=&#8221;https:\/\/www.idisantiago.es\/wp-content\/uploads\/2022\/02\/Grupo-E051.jpg&#8221; title_text=&#8221;Grupo E051&#8243; _builder_version=&#8221;4.16&#8243; _module_preset=&#8221;default&#8221; global_colors_info=&#8221;{}&#8221;][\/et_pb_image][et_pb_toggle title=&#8221;Obxectivos e li\u00f1as de investigaci\u00f3n&#8221; admin_label=&#8221;Obxectivos e li\u00f1as de investigaci\u00f3n&#8221; _builder_version=&#8221;4.16&#8243; _module_preset=&#8221;default&#8221; body_font=&#8221;|300|||||||&#8221; global_colors_info=&#8221;{}&#8221;]<\/p>\n<h3>Obxectivos<\/h3>\n<p>Patolox\u00eda Oral M\u00e9dico Quir\u00farxica:<br \/>\u2013 Estudo do cancro oral e dos trastornos orais potencialmente malignos<br \/>\u2013 Fotobiomodulaci\u00f3n aplicada \u00e1 \u00e1rea de cabeza e pescozo<br \/>\u2013 Biomateriais e materiais de rexeneraci\u00f3n<br \/>\u2013 Xerodontolox\u00eda<br \/>\u2013 Innovaci\u00f3n tecnol\u00f3xica e odontolox\u00eda dixital<\/p>\n<h3>Li\u00f1as de investigaci\u00f3n<\/h3>\n<ul>\n<li>\n<div>Diagn\u00f3stico e tratamento da Candidiase.<\/div>\n<\/li>\n<li>\n<div>\u00a0<\/div>\n<div>Distracci\u00f3n \u00f3sea alveolar.<\/div>\n<\/li>\n<li>\n<div>\u00a0<\/div>\n<div>Estudo de alteraci\u00f3ns potencialmente malignas da mucosa oral.<\/div>\n<\/li>\n<li>\n<div>\u00a0<\/div>\n<div>Estudo integral oral e sist\u00e9mico do paciente anci\u00e1n.<\/div>\n<\/li>\n<li>\n<div>\u00a0<\/div>\n<div>Novas tecnolox\u00edas: L\u00e1ser, intelixencia artificial, dixitalizaci\u00f3n, teleodontolox\u00eda, avances tecnol\u00f3xicos no tratamento oral, odontolox\u00eda personalizada.<\/div>\n<\/li>\n<li>\n<div>\u00a0<\/div>\n<div>Novos materiais mesopor\u00f3ticos na reconstrucc\u00f3n dental e da cresta alveolar.<\/div>\n<\/li>\n<li>\n<div>\u00a0<\/div>\n<div>Prote\u00f3mica salival na osteonecrose dos maxilares.<\/div>\n<\/li>\n<li>\n<div>\u00a0<\/div>\n<div>Virus do papiloma humano e alteraci\u00f3ns potencialmente malignas.<\/div>\n<\/li>\n<\/ul>\n<p>&nbsp;<\/p>\n<p>[\/et_pb_toggle][et_pb_toggle title=&#8221;Equipo investigador&#8221; admin_label=&#8221;Equipo investigador&#8221; _builder_version=&#8221;4.21.0&#8243; _module_preset=&#8221;default&#8221; body_font=&#8221;|300|||||||&#8221; global_colors_info=&#8221;{}&#8221;]<\/p>\n<table style=\"width: 100%; border-collapse: collapse; border-style: hidden;\" border=\"0\">\n<tbody>\n<tr>\n<td style=\"width: 50%;\"><strong>L\u00edder<\/strong><br \/>P\u00e9rez-Say\u00e1ns Garc\u00eda, Mario<\/p>\n<p>&nbsp;<\/p>\n<p><strong>Membros<\/strong><br \/>Blanco Carri\u00f3n, Andr\u00e9s<br \/>Chamorro Petronacci, Cintia<br \/>Gallas Torreira, Mercedes<br \/>G\u00e1ndara Vila, Pilar<br \/>Garc\u00eda Garc\u00eda, Abel<br \/>L\u00f3pez Dur\u00e1n, Ana<br \/>Otero Casal, Mar\u00eda de la Paz<br \/>Otero Rey, Eva Mar\u00eda<br \/>Quevedo Bisonni, Miguel Ricardo<br \/>Reboiras L\u00f3pez, Mar\u00eda Dolores<br \/>Rivas Mundi\u00f1a, Berta<br \/>Rodr\u00edguez Pena, Karen<br \/>Salgado Peralvo, \u00c1ngel Ori\u00f3n<br \/>Somoza Mart\u00edn, Jos\u00e9 Manuel<br \/>Su\u00e1rez Pe\u00f1aranda, Jos\u00e9 Manuel<\/p>\n<\/td>\n<td style=\"width: 50%;\">\u00a0<\/td>\n<\/tr>\n<\/tbody>\n<\/table>\n<p>[\/et_pb_toggle][et_pb_toggle title=&#8221;Proxectos&#8221; admin_label=&#8221;Proyectos (cambiar s\u00f3 codigo IDIS)&#8221; _builder_version=&#8221;4.16&#8243; _module_preset=&#8221;default&#8221; body_font=&#8221;|300|||||||&#8221; locked=&#8221;off&#8221; global_colors_info=&#8221;{}&#8221;]<\/p>\n<strong>Desarrollo de un nuevo biomaterial de regeneraci\u00f3n \u00f3sea compuesto por una biocer\u00e1mica bif\u00e1sica de hidroxiapatita y beta-fosfato tric\u00e1lcico con Simvastatina<\/strong><br \/>C\u00f3digo do proxecto: CPP2021-008391<br \/>Entidade financiadora: Ministerio de Ciencia e Innovaci\u00f3n<br \/>Duraci\u00f3n: 2022-2025<br \/>Cont\u00eda: 353195 EUR<br \/>Investigador\/a principal: <a href=\"https:\/\/www.idisantiago.es\/gl\/team\/mario-perez-sayans-garcia\/\">Mario P\u00e9rez-Say\u00e1ns Garc\u00eda<\/a> <br \/><\/p>\n<p>\n<p>[\/et_pb_toggle][et_pb_toggle title=&#8221;Publicaci\u00f3ns&#8221; admin_label=&#8221;Publicaciones&#8221; _builder_version=&#8221;4.16&#8243; _module_preset=&#8221;default&#8221; body_font=&#8221;|300|||||||&#8221; global_colors_info=&#8221;{}&#8221;]<\/p>\n<ul>\n<li>Lorenzo-Pouso AI, Bag\u00e1n J, Bag\u00e1n L.P, P\u00e9rez-Say\u00e1ns M (CA and LA) 12\/12. <strong>Medication-Related Osteonecrosis of the Jaw: A Critical Narrative Review.<\/strong> <em>J Clin Med.<\/em> 2021 Sep 24;10(19):4367. <span style=\"color: #808000;\"><strong><a style=\"color: #808000;\" href=\"https:\/\/doi.org\/10.3390\/jcm10194367\">doi: 10.3390\/jcm10194367<\/a><\/strong><\/span><\/li>\n<li>Lafuente Ib\u00e1\u00f1ez de Mendoza I, Lorenzo Pouso AI, Aguirre Ur\u00edzar JM, Barba Montero C, Blanco Carri\u00f3n A, G\u00e1ndara Vila P, P\u00e9rez Say\u00e1ns M. <strong>Malignant development of proliferative verrucous\/multifocal leukoplakia: A critical systematic review, meta-analysis and proposal of diagnostic criteria<\/strong>. <em>J Oral Pathol Med<\/em>. 2021 Sep 24. <a href=\"https:\/\/doi.org\/10.1111\/jop.13246\"><span style=\"color: #808000;\"><strong>doi: 10.1111\/jop.13246<\/strong><\/span><\/a><\/li>\n<li>P\u00e9rez-Say\u00e1ns M (CA), Chamorro-Petronacci CM, Baltazar F, Pires FR, \u00cdnsua \u00c1, Su\u00e1rez-Quintanilla JA, Su\u00e1rez-Pe\u00f1aranda JM. <strong>Nestin Expression Is Associated with Relapses in Head and Neck Lesions<\/strong>. <em>Diagnostics (Basel)<\/em>. 2021 Mar 24;11(4):583. <a href=\"https:\/\/doi.org\/10.3390\/diagnostics11040583\"><strong><span style=\"color: #808000;\">doi: 10.3390\/diagnostics11040583<\/span><\/strong><\/a><\/li>\n<li>Mallo Magari\u00f1os M, Su\u00e1rez Ajuria M, Marichalar Mend\u00eda X, \u00c1lvarez-Calder\u00f3n Iglesias \u00d3, Chamorro Petronacci CM, Garc\u00eda Garc\u00eda A, P\u00e9rez Say\u00e1ns M (CA). <strong>Diagnostic yield of sentinel lymph node biopsy in oral squamous cell carcinoma T\/T2-N0: systematic review and meta-analysis.<\/strong> <em>Int J Oral Maxillofac Surg<\/em>. 2021 Oct;50(10):1271-1279.<a href=\"https:\/\/doi.org\/10.1016\/j.ijom.2021.01.020\"><span style=\"color: #808000;\"><strong> doi: 10.1016\/j.ijom.2021.01.020<\/strong><\/span><\/a><\/li>\n<li>P\u00e9rez-Say\u00e1ns M (CA), Gonz\u00e1lez-Juanatey JR, Lorenzo-Pouso AI, Chamorro-Petronacci CM, Blanco-Carri\u00f3n A, Marichalar-Mend\u00eda X, Somoza-Mart\u00edn JM, Su\u00e1rez-Quintanilla JA. <strong>Metabolic syndrome and masticatory hypofunction: a cross-sectional study.<\/strong> <em>Odontology<\/em>. 2021 Jul;109(3):574-584. <span style=\"color: #808000;\"><strong><a style=\"color: #808000;\" href=\"https:\/\/doi.org\/10.1007\/s10266-020-00577-x\">doi: 10.1007\/s10266-020-00577-x<\/a><\/strong><\/span><\/li>\n<li>P\u00e9rez-Say\u00e1ns M (CA), Lorenzo-Pouso AI, Chamorro-Petronacci CM, Su\u00e1rez-Pe\u00f1aranda JM, Pad\u00edn-Iruegas E, Gonz\u00e1lez-Moles MA, Marichalar-Mend\u00eda X, Garc\u00eda-Garc\u00eda A, Blanco-Carri\u00f3n A. <strong>Immunoexpression of Apoptosis and Cell-cycle Arrest Markers in Oral Lichen Planus.<\/strong> <em>Appl Immunohistochem Mol Morphol.<\/em> 2021 May-Jun 01;29(5):374-381. <span style=\"color: #808000;\"><strong><a style=\"color: #808000;\" href=\"https:\/\/doi.org\/10.1097\/pai.0000000000000876\">doi: 10.1097\/PAI.0000000000000876<\/a><\/strong><\/span><\/li>\n<li>Bo\u00f1ar-\u00c1lvarez P, Padin-Iruegas E, Chamorro-Petronacci C, Gandara-Vila P, Lorenzo-Pouso AI, Somoza-Martin M, Blanco-Carri\u00f3n A, Garc\u00eda-Garc\u00eda A, Perez-Sayans M. Assessment of saliva and oral candidiasis levels 12, 24 and 36 months after radiotherapy in patients with head and neck cancer. <em>J Stomatol Oral Maxillofac Surg.<\/em> 2020 Oct 5:S2468-7855(20)30228-7.<a href=\"https:\/\/doi.org\/10.1016\/j.jormas.2020.09.016\"><span style=\"color: #808000;\"><strong> doi: 10.1016\/j.jormas.2020.09.016<\/strong><\/span><\/a><\/li>\n<li>Lorenzo-Pouso AI, Mari\u00f1o-M\u00e9ndez H, Varela-Ponte C, P\u00e9rez-Say\u00e1ns M (CA), Palmeiro-Fern\u00e1ndez G, Gonz\u00e1lezalanca S, Daley EM. <strong>Awareness Levels of the Link Between Oropharyngeal Cancer and HPV Infection Among Spanish Women: a Hospital-Based Cross-sectional Study.<\/strong> <em>J Cancer Educ.<\/em> 2020 Jun 23. <a href=\"https:\/\/doi.org\/10.1007\/s13187-020-01811-4\"><span style=\"color: #808000;\"><strong>doi: 10.1007\/s13187-020-01811-4<\/strong><\/span><\/a><\/li>\n<\/ul>\n<p>[\/et_pb_toggle][et_pb_toggle title=&#8221;Web do grupo&#8221; admin_label=&#8221;Web del grupo&#8221; _builder_version=&#8221;4.16&#8243; _module_preset=&#8221;default&#8221; body_font=&#8221;|300|||||||&#8221; global_colors_info=&#8221;{}&#8221;]<\/p>\n<p><a href=\"https:\/\/investigacion.usc.gal\/grupos\/4550\/detalle?lang=es\">https:\/\/investigacion.usc.gal\/grupos\/4550\/detalle?lang=es<\/a><\/p>\n<p>[\/et_pb_toggle][\/et_pb_column][et_pb_column type=&#8221;1_3&#8243; _builder_version=&#8221;4.16&#8243; _module_preset=&#8221;default&#8221; global_colors_info=&#8221;{}&#8221;][et_pb_text admin_label=&#8221;Investigador\/a l\u00edder&#8221; _builder_version=&#8221;4.16&#8243; _module_preset=&#8221;default&#8221; text_text_color=&#8221;#FFFFFF&#8221; header_text_color=&#8221;#FFFFFF&#8221; header_2_text_align=&#8221;left&#8221; header_2_text_color=&#8221;#FFFFFF&#8221; background_color=&#8221;#10294c&#8221; custom_margin=&#8221;0px||||false|false&#8221; custom_padding=&#8221;6px||0px|6px|false|false&#8221; locked=&#8221;off&#8221; global_colors_info=&#8221;{}&#8221;]<\/p>\n<h2>Investigador l\u00edder<\/h2>\n<p>[\/et_pb_text][et_pb_text admin_label=&#8221;WP Team (cambiar s\u00f3 a ID pola do l\u00edder de equipo)&#8221; _builder_version=&#8221;4.21.0&#8243; _module_preset=&#8221;default&#8221; hover_enabled=&#8221;0&#8243; locked=&#8221;off&#8221; global_colors_info=&#8221;{}&#8221; sticky_enabled=&#8221;0&#8243;]<\/p>\n<div class=\"sp-wp-team-pro-wrapper wp-team-pro-preloader\" >\n\n<div id=\"sptp-26608\" class=\"sp-team-pro sptp-section sptp-new_page pagination_normal sptp-even\" >\n\n\t<div class=\"sp-team-pro-page-loading-image\"><\/div>\n\t<div class=\"sptp-grid\">\n\t\t<div class=\"sptp-row  \">\n\t\t\t\t\t<div class=\"sp-team-pro-item sptp-col-lg-1 sptp-col-md-1 sptp-col-sm-1 sptp-col-xs-1\"\n\t\t\t data-member=\"26355\">\n\t\t\t\t<div class=\"sptp-member  border-bg-around-member sptp-square\">\n\t<a class=\"sptp-member-avatar \"  href=https:\/\/www.idisantiago.es\/gl\/team\/mario-perez-sayans-garcia\/ target=_blank >\n\t<div class=\"sptp-member-avatar-img-area\" data-id=\"26355\">\n\t\t<div class=\"sptp-member-avatar-img sptp-square sptp-icon-on-image none \">\n\t\t\t<div class=\"sptp-overflow-h\">\n\t\t\t\t\t\t\t\t\t<div class=\"sptp-icon text-center\">\n\t\t\t\t\t<i class=\"fa fa-plus\"><\/i>\t\t\t\t\t<\/div>\n\t\t\t\t\t\t\t\t<img loading=\"lazy\" decoding=\"async\" class=\"sptp_default_img\" srcset=\"https:\/\/www.idisantiago.es\/wp-content\/uploads\/2023\/01\/MarioPerezSayans-320x320.jpg\" src=\"https:\/\/www.idisantiago.es\/wp-content\/uploads\/2023\/01\/MarioPerezSayans-320x320.jpg\" alt=\"Mario P\u00e9rez-Say\u00e1ns Garc\u00eda\" width=\"320\" height=\"320\">\n\t\t\t\t\t\t\t<\/div>\n\t\t<\/div>\n\t<\/div>\n<\/a>\n\t<div class=\"sptp-member-name \">\n\t\t<h2>\n\t\t\t\t\tMario P\u00e9rez-Say\u00e1ns Garc\u00eda\t\t\t\t<\/h2>\n\t<\/div>\n<div class=\"sptp-member-email\">\n\n<i class=\"fa fa-envelope\"><\/i>\t<a href=\"#0\"  class=\"\">\n\t\t<span>mario.perez@usc.es<\/span>\n\t<\/a>\n\t<\/div>\n<div class=\"sptp-member-website\">\n<i class=\"fa fa-globe\"><\/i>\t<a href=\"https:\/\/orcid.org\/0000-0003-2196-9868\"  class=\"\" target=\"_blank\">\n\t\t<span>https:\/\/orcid.org\/0000-0003-2196-9868<\/span>\n\t<\/a>\n\t<\/div>\n<div class=\"sptp-read-more-button\">\n\t<a class=\"sptp-member-read-more-button\" href=\"https:\/\/www.idisantiago.es\/gl\/team\/mario-perez-sayans-garcia\/\"> + INFO <\/a>\n<\/div>\n<\/div>\n\t\t\t\t<\/div>\n\t\t\t\t<\/div> <!-- end row -->\n\t<\/div> <!-- end grid -->\n\t\t\t<\/div>\n<\/div>\n\n<p>[\/et_pb_text][\/et_pb_column][\/et_pb_row][\/et_pb_section]<\/p>\n","protected":false},"excerpt":{"rendered":"<p>\u00c1REA: ONCOLOX\u00cdAObxectivos Patolox\u00eda Oral M\u00e9dico Quir\u00farxica:\u2013 Estudo do cancro oral e dos trastornos orais potencialmente malignos\u2013 Fotobiomodulaci\u00f3n aplicada \u00e1 \u00e1rea de cabeza e pescozo\u2013 Biomateriais e materiais de rexeneraci\u00f3n\u2013 Xerodontolox\u00eda\u2013 [&hellip;]<\/p>\n","protected":false},"author":11,"featured_media":13305,"comment_status":"closed","ping_status":"closed","template":"","meta":{"_et_pb_use_builder":"on","_et_pb_old_content":"","_et_gb_content_width":"","inline_featured_image":false,"footnotes":""},"project_category":[513],"project_tag":[],"class_list":["post-19266","project","type-project","status-publish","has-post-thumbnail","hentry","project_category-oncologia-gl"],"publishpress_future_workflow_manual_trigger":{"enabledWorkflows":[]},"_links":{"self":[{"href":"https:\/\/www.idisantiago.es\/gl\/wp-json\/wp\/v2\/project\/19266","targetHints":{"allow":["GET"]}}],"collection":[{"href":"https:\/\/www.idisantiago.es\/gl\/wp-json\/wp\/v2\/project"}],"about":[{"href":"https:\/\/www.idisantiago.es\/gl\/wp-json\/wp\/v2\/types\/project"}],"author":[{"embeddable":true,"href":"https:\/\/www.idisantiago.es\/gl\/wp-json\/wp\/v2\/users\/11"}],"replies":[{"embeddable":true,"href":"https:\/\/www.idisantiago.es\/gl\/wp-json\/wp\/v2\/comments?post=19266"}],"version-history":[{"count":25,"href":"https:\/\/www.idisantiago.es\/gl\/wp-json\/wp\/v2\/project\/19266\/revisions"}],"predecessor-version":[{"id":45292,"href":"https:\/\/www.idisantiago.es\/gl\/wp-json\/wp\/v2\/project\/19266\/revisions\/45292"}],"wp:featuredmedia":[{"embeddable":true,"href":"https:\/\/www.idisantiago.es\/gl\/wp-json\/wp\/v2\/media\/13305"}],"wp:attachment":[{"href":"https:\/\/www.idisantiago.es\/gl\/wp-json\/wp\/v2\/media?parent=19266"}],"wp:term":[{"taxonomy":"project_category","embeddable":true,"href":"https:\/\/www.idisantiago.es\/gl\/wp-json\/wp\/v2\/project_category?post=19266"},{"taxonomy":"project_tag","embeddable":true,"href":"https:\/\/www.idisantiago.es\/gl\/wp-json\/wp\/v2\/project_tag?post=19266"}],"curies":[{"name":"wp","href":"https:\/\/api.w.org\/{rel}","templated":true}]}}