{"id":19278,"date":"2022-01-14T10:40:22","date_gmt":"2022-01-14T09:40:22","guid":{"rendered":"https:\/\/www.idisantiago.es\/grupo-de-investigacion\/c010-genetica-de-enfermedades-humanas\/"},"modified":"2024-04-09T08:50:34","modified_gmt":"2024-04-09T06:50:34","slug":"c010-genetica-de-enfermedades-humanas","status":"publish","type":"project","link":"https:\/\/www.idisantiago.es\/gl\/grupo-de-investigacion\/c010-genetica-de-enfermedades-humanas\/","title":{"rendered":"C010 \u2013 Xen\u00e9tica de Enfermidades Humanas"},"content":{"rendered":"<p>[et_pb_section fb_built=&#8221;1&#8243; _builder_version=&#8221;4.16&#8243; _module_preset=&#8221;default&#8221; custom_padding=&#8221;0px||||false|false&#8221; da_disable_devices=&#8221;off|off|off&#8221; global_colors_info=&#8221;{}&#8221; da_is_popup=&#8221;off&#8221; da_exit_intent=&#8221;off&#8221; da_has_close=&#8221;on&#8221; da_alt_close=&#8221;off&#8221; da_dark_close=&#8221;off&#8221; da_not_modal=&#8221;on&#8221; da_is_singular=&#8221;off&#8221; da_with_loader=&#8221;off&#8221; da_has_shadow=&#8221;on&#8221;][et_pb_row _builder_version=&#8221;4.16&#8243; _module_preset=&#8221;default&#8221; width=&#8221;100%&#8221; custom_padding=&#8221;0px||||false|false&#8221; locked=&#8221;on&#8221; collapsed=&#8221;on&#8221; global_colors_info=&#8221;{}&#8221;][et_pb_column type=&#8221;4_4&#8243; _builder_version=&#8221;4.16&#8243; _module_preset=&#8221;default&#8221; global_colors_info=&#8221;{}&#8221;][et_pb_text _builder_version=&#8221;4.16&#8243; _module_preset=&#8221;default&#8221; global_colors_info=&#8221;{}&#8221;]<\/p>\n<p>\u00c1REA: <a href=\"https:\/\/www.idisantiago.es\/areas-de-investigacion\/a001-oncologia\/\">ONCOLOG\u00cdA<\/a><\/p>\n<p>[\/et_pb_text][\/et_pb_column][\/et_pb_row][et_pb_row column_structure=&#8221;2_3,1_3&#8243; _builder_version=&#8221;4.16&#8243; _module_preset=&#8221;default&#8221; width=&#8221;100%&#8221; global_colors_info=&#8221;{}&#8221;][et_pb_column type=&#8221;2_3&#8243; _builder_version=&#8221;4.16&#8243; _module_preset=&#8221;default&#8221; global_colors_info=&#8221;{}&#8221;][et_pb_image src=&#8221;https:\/\/www.idisantiago.es\/wp-content\/uploads\/2021\/11\/grupo_investigacion.jpg&#8221; title_text=&#8221;Corporate portrait of office workers and employees&#8221; disabled_on=&#8221;on|on|on&#8221; _builder_version=&#8221;4.16&#8243; _module_preset=&#8221;default&#8221; disabled=&#8221;on&#8221; global_colors_info=&#8221;{}&#8221;][\/et_pb_image][et_pb_toggle title=&#8221;Obxectivos e li\u00f1as de investigaci\u00f3n&#8221; admin_label=&#8221;Obxectivos e li\u00f1as de investigaci\u00f3n&#8221; _builder_version=&#8221;4.16&#8243; _module_preset=&#8221;default&#8221; body_font=&#8221;|300|||||||&#8221; global_colors_info=&#8221;{}&#8221;]<\/p>\n<h3>Obxectivos<\/h3>\n<ul>\n<li>Contribuir \u00f3 co\u00f1ecemento dos modos en que determinadas sustancias sint\u00e9ticas, contendo metais, act\u00faan fronte a mol\u00e9culas biol\u00f3xicas, caracterizar os seus mecanismos de acci\u00f3n e a s\u00faa posible traslaci\u00f3n \u00e1 pr\u00e1ctica cl\u00ednica. Este proxecto est\u00e1 financiado pola Fundaci\u00f3n La Caixa.<\/li>\n<li>Estudar a utilizaci\u00f3n de nanomateriais como veh\u00edculos para tratamentos innovadores de procesos proliferativos e o desenvolvemento e caracterizaci\u00f3n de nanomateriais e o seu potencial uso cl\u00ednico.<\/li>\n<\/ul>\n<p>&nbsp;<\/p>\n<p>[\/et_pb_toggle][et_pb_toggle title=&#8221;Equipo investigador&#8221; admin_label=&#8221;Equipo investigador&#8221; _builder_version=&#8221;4.21.0&#8243; _module_preset=&#8221;default&#8221; body_font=&#8221;|300|||||||&#8221; hover_enabled=&#8221;0&#8243; global_colors_info=&#8221;{}&#8221; sticky_enabled=&#8221;0&#8243;]<\/p>\n<table style=\"width: 100%; border-collapse: collapse; border-style: hidden;\" border=\"0\">\n<tbody>\n<tr>\n<td style=\"width: 50%;\"><strong>L\u00edder<\/strong><br \/>Dom\u00ednguez Puente, Fernando<\/p>\n<p>&nbsp;<\/p>\n<p><strong>Membros<\/strong><br \/>Carneiro Freire, Carmen<br \/>Davila Ferreira, Nerea<br \/>Loidi Fern\u00e1ndez de Troconiz, Lourdes<br \/>Porto Gonz\u00e1lez, Vanessa<br \/>Quinteiro Garc\u00eda, Celsa<\/p>\n<\/td>\n<td style=\"width: 50%;\">\u00a0<\/td>\n<\/tr>\n<\/tbody>\n<\/table>\n<p>[\/et_pb_toggle][et_pb_toggle title=&#8221;Proxectos&#8221; disabled_on=&#8221;on|on|on&#8221; admin_label=&#8221;Proyectos (cambiar s\u00f3 codigo IDIS)&#8221; _builder_version=&#8221;4.16&#8243; _module_preset=&#8221;default&#8221; body_font=&#8221;|300|||||||&#8221; disabled=&#8221;on&#8221; locked=&#8221;off&#8221; global_colors_info=&#8221;{}&#8221;]<\/p>\n\n<p>[\/et_pb_toggle][et_pb_toggle title=&#8221;Publicaci\u00f3ns&#8221; disabled_on=&#8221;on|on|on&#8221; admin_label=&#8221;Publicaciones&#8221; _builder_version=&#8221;4.16&#8243; _module_preset=&#8221;default&#8221; body_font=&#8221;|300|||||||&#8221; disabled=&#8221;on&#8221; global_colors_info=&#8221;{}&#8221;]<\/p>\n<ul>\n<li>Publicaci\u00f3n 1<\/li>\n<li>Publicaci\u00f3n 2<\/li>\n<li>Etc.<\/li>\n<\/ul>\n<p>[\/et_pb_toggle][et_pb_toggle title=&#8221;Web do grupo&#8221; disabled_on=&#8221;on|on|on&#8221; admin_label=&#8221;Web del grupo&#8221; _builder_version=&#8221;4.16&#8243; _module_preset=&#8221;default&#8221; body_font=&#8221;|300|||||||&#8221; disabled=&#8221;on&#8221; global_colors_info=&#8221;{}&#8221;]<\/p>\n<p>https:\/\/<\/p>\n<p>[\/et_pb_toggle][\/et_pb_column][et_pb_column type=&#8221;1_3&#8243; _builder_version=&#8221;4.16&#8243; _module_preset=&#8221;default&#8221; global_colors_info=&#8221;{}&#8221;][et_pb_text admin_label=&#8221;Investigador\/a l\u00edder&#8221; _builder_version=&#8221;4.16&#8243; _module_preset=&#8221;default&#8221; text_text_color=&#8221;#FFFFFF&#8221; header_text_color=&#8221;#FFFFFF&#8221; header_2_text_align=&#8221;left&#8221; header_2_text_color=&#8221;#FFFFFF&#8221; background_color=&#8221;#10294c&#8221; custom_margin=&#8221;0px||||false|false&#8221; custom_padding=&#8221;6px||0px|6px|false|false&#8221; locked=&#8221;on&#8221; global_colors_info=&#8221;{}&#8221;]<\/p>\n<h2>Investigador l\u00edder<\/h2>\n<p>[\/et_pb_text][et_pb_text admin_label=&#8221;WP Team (cambiar s\u00f3 a ID pola do l\u00edder de equipo)&#8221; _builder_version=&#8221;4.16&#8243; _module_preset=&#8221;default&#8221; locked=&#8221;on&#8221; global_colors_info=&#8221;{}&#8221;]<\/p>\n<div class=\"sp-wp-team-pro-wrapper wp-team-pro-preloader\" >\n\n<div id=\"sptp-10442\" class=\"sp-team-pro sptp-section sptp-new_page pagination_normal sptp-even\" >\n\n\t<div class=\"sp-team-pro-page-loading-image\"><\/div>\n\t<div class=\"sptp-grid\">\n\t\t<div class=\"sptp-row  \">\n\t\t\t\t\t<div class=\"sp-team-pro-item sptp-col-lg-1 sptp-col-md-1 sptp-col-sm-1 sptp-col-xs-1\"\n\t\t\t data-member=\"18953\">\n\t\t\t\t<div class=\"sptp-member  border-bg-around-member sptp-square\">\n\t<a class=\"sptp-member-avatar \"  href=https:\/\/www.idisantiago.es\/gl\/team\/fernando-dominguez-puente\/ target=_blank >\n\t<div class=\"sptp-member-avatar-img-area\" data-id=\"18953\">\n\t\t<div class=\"sptp-member-avatar-img sptp-square sptp-icon-on-image none \">\n\t\t\t<div class=\"sptp-overflow-h\">\n\t\t\t\t\t\t\t\t\t<div class=\"sptp-icon text-center\">\n\t\t\t\t\t<i class=\"fa fa-plus\"><\/i>\t\t\t\t\t<\/div>\n\t\t\t\t\t\t\t\t<img loading=\"lazy\" decoding=\"async\" class=\"sptp_default_img\" srcset=\"https:\/\/www.idisantiago.es\/wp-content\/plugins\/wp-team-pro\/src\/Frontend\/img\/Placeholder-Image.png\" src=\"https:\/\/www.idisantiago.es\/wp-content\/plugins\/wp-team-pro\/src\/Frontend\/img\/Placeholder-Image.png\" alt=\"Fernando Dom\u00ednguez Puente\" width=\"600\" height=\"450\">\n\t\t\t\t\t\t\t<\/div>\n\t\t<\/div>\n\t<\/div>\n<\/a>\n\t<div class=\"sptp-member-name \">\n\t\t<h2>\n\t\t\t\t\tFernando Dom\u00ednguez Puente\t\t\t\t<\/h2>\n\t<\/div>\n<div class=\"sptp-read-more-button\">\n\t<a class=\"sptp-member-read-more-button\" href=\"https:\/\/www.idisantiago.es\/gl\/team\/fernando-dominguez-puente\/\"> + INFO <\/a>\n<\/div>\n<\/div>\n\t\t\t\t<\/div>\n\t\t\t\t<\/div> <!-- end row -->\n\t<\/div> <!-- end grid -->\n\t\t\t<\/div>\n<\/div>\n\n<p>[\/et_pb_text][\/et_pb_column][\/et_pb_row][\/et_pb_section]<\/p>\n","protected":false},"excerpt":{"rendered":"<p>\u00c1REA: ONCOLOG\u00cdAObxectivos Contribuir \u00f3 co\u00f1ecemento dos modos en que determinadas sustancias sint\u00e9ticas, contendo metais, act\u00faan fronte a mol\u00e9culas biol\u00f3xicas, caracterizar os seus mecanismos de acci\u00f3n e a s\u00faa posible traslaci\u00f3n [&hellip;]<\/p>\n","protected":false},"author":11,"featured_media":10312,"comment_status":"closed","ping_status":"closed","template":"","meta":{"_et_pb_use_builder":"on","_et_pb_old_content":"","_et_gb_content_width":"","inline_featured_image":false,"footnotes":""},"project_category":[513],"project_tag":[],"class_list":["post-19278","project","type-project","status-publish","has-post-thumbnail","hentry","project_category-oncologia-gl"],"publishpress_future_workflow_manual_trigger":{"enabledWorkflows":[]},"_links":{"self":[{"href":"https:\/\/www.idisantiago.es\/gl\/wp-json\/wp\/v2\/project\/19278","targetHints":{"allow":["GET"]}}],"collection":[{"href":"https:\/\/www.idisantiago.es\/gl\/wp-json\/wp\/v2\/project"}],"about":[{"href":"https:\/\/www.idisantiago.es\/gl\/wp-json\/wp\/v2\/types\/project"}],"author":[{"embeddable":true,"href":"https:\/\/www.idisantiago.es\/gl\/wp-json\/wp\/v2\/users\/11"}],"replies":[{"embeddable":true,"href":"https:\/\/www.idisantiago.es\/gl\/wp-json\/wp\/v2\/comments?post=19278"}],"version-history":[{"count":9,"href":"https:\/\/www.idisantiago.es\/gl\/wp-json\/wp\/v2\/project\/19278\/revisions"}],"predecessor-version":[{"id":33226,"href":"https:\/\/www.idisantiago.es\/gl\/wp-json\/wp\/v2\/project\/19278\/revisions\/33226"}],"wp:featuredmedia":[{"embeddable":true,"href":"https:\/\/www.idisantiago.es\/gl\/wp-json\/wp\/v2\/media\/10312"}],"wp:attachment":[{"href":"https:\/\/www.idisantiago.es\/gl\/wp-json\/wp\/v2\/media?parent=19278"}],"wp:term":[{"taxonomy":"project_category","embeddable":true,"href":"https:\/\/www.idisantiago.es\/gl\/wp-json\/wp\/v2\/project_category?post=19278"},{"taxonomy":"project_tag","embeddable":true,"href":"https:\/\/www.idisantiago.es\/gl\/wp-json\/wp\/v2\/project_tag?post=19278"}],"curies":[{"name":"wp","href":"https:\/\/api.w.org\/{rel}","templated":true}]}}