{"id":12670,"date":"2022-02-11T14:48:59","date_gmt":"2022-02-11T13:48:59","guid":{"rendered":"https:\/\/www.idisantiago.es\/?post_type=tribe_events&#038;p=12670"},"modified":"2022-02-16T10:00:29","modified_gmt":"2022-02-16T09:00:29","slug":"curso-de-rcp-neonatal-basica","status":"publish","type":"tribe_events","link":"https:\/\/www.idisantiago.es\/gl\/event\/curso-de-rcp-neonatal-basica\/","title":{"rendered":"Curso de RCP Neonatal B\u00e1sica"},"content":{"rendered":"<p>La Fundaci\u00f3n Instituto de Investigaci\u00f3n Sanitaria de Santiago de Compostela (FIDIS) junto con el Servicio de Neonatolog\u00eda del Hospital Cl\u00ednico Universitario de Santiago y la Facultad de Medicina de la Universidade de Santiago de Compostela, organizan el Curso de RCP NEONATAL B\u00c1SICA, dirigido por la Dra. Natalia Mandi\u00e1 Rodr\u00edguez y la Dra. M\u00aa Luz Couce.<\/p>\n<p>Objetivos del Curso: Los objetivos del curso son conocer los conceptos claves de la asistencia y la reanimaci\u00f3n cardiopulmonar del reci\u00e9n nacido, introducir conocimientos b\u00e1sicos de anatom\u00eda y fisiolog\u00eda neonatal fomentando el aprendizaje de la anticipaci\u00f3n y de la preparaci\u00f3n, aplicar la secuencia de actuaci\u00f3n inicial en la asistencia y la reanimaci\u00f3n del reci\u00e9n nacido en sala de partos y la atenci\u00f3n inicial de las situaciones cl\u00ednicas especiales m\u00e1s frecuentes y definir y valorar aspectos \u00e9ticos de la actuaci\u00f3n en sala de partos.<\/p>\n<p>Contenido del Curso: El curso se realizar\u00e1 de forma presencial con disponibilidad previa del contenido te\u00f3rico para que los alumnos puedan aprender y familiarizarse con los algoritmos de reanimaci\u00f3n neonatal b\u00e1sica. Contar\u00e1 con un examen te\u00f3rico previo al comienzo del curso en el que se evaluar\u00e1 el nivel inicial de los alumnos y un examen te\u00f3rico y pr\u00e1ctico al finalizar el curso. Las clases te\u00f3ricas son breves, con una duraci\u00f3n estimada de 15 minutos cada una y que servir\u00e1n como repaso de la secuencia de reanimaci\u00f3n previas a la realizaci\u00f3n de las pr\u00e1cticas.<\/p>\n<p>Dirigido a: M\u00e9dicos y Especialistas en Ginecolog\u00eda y Obstetricia, Enfermer\u00eda del Servicio de Obstetricia y Matronas. Todos ellos, personal del Hospital Cl\u00ednico Universitario de Santiago.<\/p>\n<p>Lugar de celebraci\u00f3n: Aula de Simulaci\u00f3n Perinatal (Hospital Gil Casares; Complexo Hospitalario Universitario de Santiago).<\/p>\n<p>Fecha: 2 de marzo de 2022<\/p>\n<p>Horario: 16:00 \u2013 20:30<\/p>\n<p>Inscripciones:<\/p>\n<p>Cuota de inscripci\u00f3n: 70 euros (ingreso por transferencia bancaria)<\/p>\n<p>N\u00famero de alumnos: 24, repartidos en 3 grupos de 8 personas<\/p>\n<p>Las inscripciones se realizar\u00e1n exclusivamente a trav\u00e9s del siguiente <a href=\"https:\/\/forms.gle\/gzzRDh1126EUr17i6\"><span style=\"color: #808000;\"><strong>enlace<\/strong><\/span><\/a><\/p>\n<p>La reserva de plaza se realizar\u00e1 por riguroso orden de solicitud.<\/p>\n<p>Actividad acreditada por la Comisi\u00f3n Auton\u00f3mica de Formaci\u00f3n Continuada de Galicia (en tr\u00e1mites).<\/p>\n<p>Planning:<\/p>\n<p>16:00 \u2013 16:15 Introducci\u00f3n y presentaci\u00f3n del curso. Evaluaci\u00f3n te\u00f3rica inicial<\/p>\n<p>16:15 \u2013 16:30 Tema 1. Reanimaci\u00f3n del reci\u00e9n nacido. Anticipaci\u00f3n y Preparaci\u00f3n<\/p>\n<p>16:30 \u2013 16:45 Tema 2. Estabilizaci\u00f3n y reanimaci\u00f3n inicial (ventilaci\u00f3n con mascarilla y CPAP\/amb\u00fa)<\/p>\n<p>16:45 \u2013 17:00 Tema 3. Compresiones tor\u00e1cicas. Situaciones especiales (l\u00edquido amni\u00f3tico meconial y prematuridad). Consideraciones \u00e9ticas.<\/p>\n<p>17:00 \u2013 17:30 Pr\u00e1ctica 1. Pasos iniciales en la Reanimaci\u00f3n Neonatal<\/p>\n<p>17:30 \u2013 18:00 Pr\u00e1ctica 2. T\u00e9cnica de ventilaci\u00f3n y CPAP\/Amb\u00fa. T\u00e9cnica de compresiones tor\u00e1cicas<\/p>\n<p>18:00 \u2013 18:15 Descanso<\/p>\n<p>18:15 \u2013 19:00 Pr\u00e1ctica 3. Simulacros para aplicar el algoritmo general de RCP neonatal b\u00e1sica<\/p>\n<p>19:00 \u2013 20:00 Evaluaci\u00f3n pr\u00e1ctica de Reanimaci\u00f3n Neonatal inicial<\/p>\n<p>20:00 Evaluaci\u00f3n te\u00f3rica final<br \/>\nClausura<\/p>\n","protected":false},"excerpt":{"rendered":"<p>La Fundaci\u00f3n Instituto de Investigaci\u00f3n Sanitaria de Santiago de Compostela (FIDIS) junto con el Servicio de Neonatolog\u00eda del Hospital Cl\u00ednico Universitario de Santiago y la Facultad de Medicina de la [&hellip;]<\/p>\n","protected":false},"author":12,"featured_media":0,"template":"","meta":{"_et_pb_use_builder":"","_et_pb_old_content":"","_et_gb_content_width":"","inline_featured_image":false,"_tribe_events_status":"","_tribe_events_status_reason":"","footnotes":""},"tags":[],"tribe_events_cat":[495],"class_list":["post-12670","tribe_events","type-tribe_events","status-publish","hentry","tribe_events_cat-formacion","cat_formacion"],"publishpress_future_workflow_manual_trigger":{"enabledWorkflows":[]},"_links":{"self":[{"href":"https:\/\/www.idisantiago.es\/gl\/wp-json\/wp\/v2\/tribe_events\/12670","targetHints":{"allow":["GET"]}}],"collection":[{"href":"https:\/\/www.idisantiago.es\/gl\/wp-json\/wp\/v2\/tribe_events"}],"about":[{"href":"https:\/\/www.idisantiago.es\/gl\/wp-json\/wp\/v2\/types\/tribe_events"}],"author":[{"embeddable":true,"href":"https:\/\/www.idisantiago.es\/gl\/wp-json\/wp\/v2\/users\/12"}],"version-history":[{"count":2,"href":"https:\/\/www.idisantiago.es\/gl\/wp-json\/wp\/v2\/tribe_events\/12670\/revisions"}],"predecessor-version":[{"id":12871,"href":"https:\/\/www.idisantiago.es\/gl\/wp-json\/wp\/v2\/tribe_events\/12670\/revisions\/12871"}],"wp:attachment":[{"href":"https:\/\/www.idisantiago.es\/gl\/wp-json\/wp\/v2\/media?parent=12670"}],"wp:term":[{"taxonomy":"post_tag","embeddable":true,"href":"https:\/\/www.idisantiago.es\/gl\/wp-json\/wp\/v2\/tags?post=12670"},{"taxonomy":"tribe_events_cat","embeddable":true,"href":"https:\/\/www.idisantiago.es\/gl\/wp-json\/wp\/v2\/tribe_events_cat?post=12670"}],"curies":[{"name":"wp","href":"https:\/\/api.w.org\/{rel}","templated":true}]}}